{"id":16834,"date":"2022-12-09T17:17:26","date_gmt":"2022-12-09T16:17:26","guid":{"rendered":"https:\/\/www.fami2030.gov.pt\/homepage\/"},"modified":"2026-01-14T11:17:26","modified_gmt":"2026-01-14T10:17:26","slug":"homepage","status":"publish","type":"page","link":"https:\/\/www.fami2030.gov.pt\/en\/","title":{"rendered":"Homepage"},"content":{"rendered":"<p>[et_pb_section fb_built=&#8221;1&#8243; _builder_version=&#8221;4.21.0&#8243; _module_preset=&#8221;default&#8221; collapsed=&#8221;off&#8221; global_colors_info=&#8221;{}&#8221;][et_pb_row column_structure=&#8221;1_2,1_2&#8243; _builder_version=&#8221;4.21.0&#8243; _module_preset=&#8221;default&#8221; global_colors_info=&#8221;{}&#8221;][et_pb_column type=&#8221;1_2&#8243; _builder_version=&#8221;4.21.0&#8243; _module_preset=&#8221;default&#8221; global_colors_info=&#8221;{}&#8221;][et_pb_gallery gallery_ids=&#8221;18154,17703,17661,17624,17582&#8243; fullwidth=&#8221;on&#8221; disabled_on=&#8221;off|off|off&#8221; _builder_version=&#8221;4.27.4&#8243; _module_preset=&#8221;default&#8221; title_font=&#8221;||||||||&#8221; caption_text_align=&#8221;center&#8221; text_orientation=&#8221;left&#8221; background_layout=&#8221;dark&#8221; auto=&#8221;on&#8221; auto_speed=&#8221;5000&#8243; link_option_url=&#8221;https:\/\/www.fami2030.gov.pt\/en\/news&#8221; custom_css_gallery_item=&#8221;pointer-events: none;&#8221; global_colors_info=&#8221;{}&#8221;][\/et_pb_gallery][et_pb_divider show_divider=&#8221;off&#8221; disabled_on=&#8221;on|on|on&#8221; _builder_version=&#8221;4.27.4&#8243; _module_preset=&#8221;default&#8221; background_video_mp4=&#8221;https:\/\/www.fami2030.gov.pt\/wp-content\/uploads\/sites\/20\/2024\/12\/postal_natal_2024_fami2030.mp4&#8243; background_video_webm=&#8221;https:\/\/www.fami2030.gov.pt\/wp-content\/uploads\/sites\/20\/2024\/12\/postal_natal_2024_fami2030.mp4&#8243; background_video_width=&#8221;1920&#8243; background_video_height=&#8221;1080&#8243; custom_padding=&#8221;25%||30%||false|false&#8221; global_colors_info=&#8221;{}&#8221;][\/et_pb_divider][\/et_pb_column][et_pb_column type=&#8221;1_2&#8243; _builder_version=&#8221;4.21.0&#8243; _module_preset=&#8221;default&#8221; global_colors_info=&#8221;{}&#8221;][et_pb_text _builder_version=&#8221;4.27.4&#8243; _module_preset=&#8221;default&#8221; global_colors_info=&#8221;{}&#8221;]<\/p>\n<h1>AMIF 2030<\/h1>\n<p>&nbsp;<\/p>\n<p>The <strong><a href=\"https:\/\/www.fami2030.gov.pt\/wp-content\/uploads\/sites\/20\/2024\/11\/sfc2021-PRG-2021PT65AMPR001-4.0.pdf\">Asylum, Migration and Integration Fund Programme<\/a><\/strong> aims at contributing to the effective management of migration flows and strengthening asylum and immigration policies, in accordance with the relevant Union\u00a0<em>acquis<\/em>\u00a0and fully respecting the international obligations of the Union and the Member States.<\/p>\n<p>[\/et_pb_text][et_pb_button button_url=&#8221;@ET-DC@eyJkeW5hbWljIjp0cnVlLCJjb250ZW50IjoicG9zdF9saW5rX3VybF9wYWdlIiwic2V0dGluZ3MiOnsicG9zdF9pZCI6IjEyMTA0IiwiZW5hYmxlX2h0bWwiOiJvZmYifX0=@&#8221; button_text=&#8221;Read more&#8221; _builder_version=&#8221;4.21.0&#8243; _dynamic_attributes=&#8221;button_url&#8221; _module_preset=&#8221;default&#8221; global_colors_info=&#8221;{}&#8221;][\/et_pb_button][\/et_pb_column][\/et_pb_row][\/et_pb_section][et_pb_section fb_built=&#8221;1&#8243; admin_label=&#8221;Sec\u00e7\u00e3o 2 colunas&#8221; _builder_version=&#8221;4.19.4&#8243; _module_preset=&#8221;default&#8221; collapsed=&#8221;off&#8221; global_colors_info=&#8221;{}&#8221;][et_pb_row column_structure=&#8221;1_2,1_2&#8243; _builder_version=&#8221;4.19.4&#8243; _module_preset=&#8221;default&#8221; collapsed=&#8221;off&#8221; global_colors_info=&#8221;{}&#8221;][et_pb_column type=&#8221;1_2&#8243; _builder_version=&#8221;4.19.4&#8243; _module_preset=&#8221;default&#8221; global_colors_info=&#8221;{}&#8221;][et_pb_divider divider_weight=&#8221;4px&#8221; admin_label=&#8221;Divider Gradient&#8221; _builder_version=&#8221;4.20.0&#8243; _module_preset=&#8221;default&#8221; background_color_gradient_stops=&#8221;#2b87da 0%|#00a099 100%&#8221; saved_tabs=&#8221;all&#8221; global_colors_info=&#8221;{}&#8221;][\/et_pb_divider][et_pb_text module_class=&#8221;title-flex&#8221; _builder_version=&#8221;4.27.4&#8243; _module_preset=&#8221;default&#8221; global_colors_info=&#8221;{}&#8221;]<\/p>\n<h2>Events<\/h2>\n<p><a href=\"https:\/\/www.fami2030.gov.pt\/en\/events\/\">Search events &gt;<\/a><\/p>\n<p>[\/et_pb_text][events_blog_acf show_date=&#8221;on&#8221; _builder_version=&#8221;4.27.4&#8243; _module_preset=&#8221;default&#8221; global_colors_info=&#8221;{}&#8221;][\/events_blog_acf][\/et_pb_column][et_pb_column type=&#8221;1_2&#8243; _builder_version=&#8221;4.19.4&#8243; _module_preset=&#8221;default&#8221; global_colors_info=&#8221;{}&#8221;][et_pb_divider divider_weight=&#8221;4px&#8221; admin_label=&#8221;Divider Gradient&#8221; _builder_version=&#8221;4.20.0&#8243; _module_preset=&#8221;default&#8221; background_color_gradient_stops=&#8221;#2b87da 0%|#00a099 100%&#8221; saved_tabs=&#8221;all&#8221; global_colors_info=&#8221;{}&#8221;][\/et_pb_divider][et_pb_text module_class=&#8221;title-flex&#8221; _builder_version=&#8221;4.27.4&#8243; _module_preset=&#8221;default&#8221; global_colors_info=&#8221;{}&#8221;]<\/p>\n<h2>Latest news<\/h2>\n<p><a href=\"https:\/\/www.fami2030.gov.pt\/en\/news\/\">Search news &gt;<\/a><\/p>\n<p>[\/et_pb_text][et_pb_text admin_label=&#8221;Pr\u00f3ximos Eventos&#8221; _builder_version=&#8221;4.19.5&#8243; _module_preset=&#8221;default&#8221; global_colors_info=&#8221;{}&#8221;]<\/p>\n<div class=\"cl-layout-container\" style=\"--cl-layout-padding:0px;--cl-layout-margin:0px;\"><div  class=\"cl-layout cl-layout--grid cl-layout--id-9194  cl-layout--col-l-1 cl-layout--col-m-1 cl-layout--col-s-1 cl-layout--col-xs-1\"  style=\"--cl-layout-gap-c: 10px;--cl-layout-gap-r: 10px;\n\t\t\" ><div  class=\"cl-layout__item cl-layout__item--id-18229\" ><div  class=\"cl-template cl-template--post cl-template--id-9236 cl-template--image-top\" ><div class=\"cl-element cl-element-featured_media cl-element--instance-1003  cl-element-featured_media--sizing-aspect_ratio\"><a class=\"cl-element-featured_media__anchor\" href=\"https:\/\/www.fami2030.gov.pt\/en\/2025\/08\/07\/migrant-children-create-stop-motion-video-about-welcoming-with-support-from-amif-2030\/\" title=\"Migrant Children Create Stop Motion Video About Welcoming with Support from AMIF 2030\"><div class=\"cl-element-featured_media__image\" style=\"background-image: url(https:\/\/www.fami2030.gov.pt\/wp-content\/uploads\/sites\/20\/2025\/08\/papa_leguas-1024x576.jpg)\" role=\"img\"><\/div><\/a><\/div><div class=\"cl-element cl-element-section cl-element--instance-1004 \"><h3 class=\"cl-element cl-element-title cl-element--instance-1001 \"><a class=\"cl-element-title__anchor\" href=\"https:\/\/www.fami2030.gov.pt\/en\/2025\/08\/07\/migrant-children-create-stop-motion-video-about-welcoming-with-support-from-amif-2030\/\">Migrant Children Create Stop Motion Video About Welcoming with Support from AMIF 2030<\/a><\/h3><div class=\"cl-element cl-element-excerpt cl-element--instance-1002 \">As part of the Papa L\u00e9guas project, supported by AMIF 2030 and developed by the Centro Social Paroquial da Vera Cruz, a group of migrant&hellip;<\/div><\/div><\/div><\/div><\/div><\/div>\n<p>[\/et_pb_text][\/et_pb_column][\/et_pb_row][\/et_pb_section][et_pb_section fb_built=&#8221;1&#8243; admin_label=&#8221;Fundos&#8221; module_id=&#8221;funds&#8221; module_class=&#8221;bg-gray&#8221; _builder_version=&#8221;4.27.4&#8243; _module_preset=&#8221;default&#8221; background_color=&#8221;#003b4d&#8221; background_enable_color=&#8221;on&#8221; locked=&#8221;off&#8221; collapsed=&#8221;off&#8221; global_colors_info=&#8221;%91%93&#8243;][et_pb_row make_equal=&#8221;on&#8221; _builder_version=&#8221;4.19.5&#8243; _module_preset=&#8221;default&#8221; collapsed=&#8221;off&#8221; global_colors_info=&#8221;{}&#8221;][et_pb_column type=&#8221;4_4&#8243; module_class=&#8221;v-align-center&#8221; _builder_version=&#8221;4.19.4&#8243; _module_preset=&#8221;default&#8221; global_colors_info=&#8221;{}&#8221;][grdi_donut_chart title=&#8221;Financial Programming (6.0)&#8221; description=&#8221;Distribution by Specific Objectives and Technical Assistance&#8221; card_title_align=&#8221;center&#8221; card_color=&#8221;RGBA(255,255,255,0)&#8221; chart_height=&#8221;550&#8243; chart_bg_color=&#8221;RGBA(255,255,255,0)&#8221; total_title=&#8221;Total M\u20ac&#8221; label_fontsize=&#8221;16px&#8221; labelvalue_fontsize=&#8221;24px&#8221; label_color=&#8221;#FFFFFF&#8221; animation=&#8221;true&#8221; chart_title_fontsize=&#8221;0px&#8221; chart_title_color=&#8221;RGBA(255,255,255,0)&#8221; data_label=&#8221;true&#8221; datalabel_percentage=&#8221;false&#8221; datalabel_label_postfix=&#8221;  M\u20ac&#8221; datalabel_thousand_seperator_enable=&#8221;on&#8221; datalabel_decimal_point=&#8221;1&#8243; legend_position=&#8221;left&#8221; lenend_color=&#8221;#FFFFFF&#8221; element_count=&#8221;5&#8243; category=&#8221;Asylum, Legal migration and integration, Return, Solidarity, Technical assistance&#8221; data_element_name=&#8221;30, 39.8, 17.9, 14, 6.1&#8243; fill_color1=&#8221;#dddddd&#8221; fill_color2=&#8221;#3da099&#8243; fill_color3=&#8221;#ebb212&#8243; fill_color4=&#8221;#cd652c&#8221; fill_color5=&#8221;#dd3954&#8243; data_element_name_last_edited=&#8221;off|desktop&#8221; disabled_on=&#8221;on|on|off&#8221; _builder_version=&#8221;4.27.5&#8243; _module_preset=&#8221;default&#8221; _unique_id=&#8221;8b66790a-1dcd-4000-ba9f-0decc2d09d1c&#8221; module_text_color=&#8221;#FFFFFF&#8221; global_colors_info=&#8221;{}&#8221;][\/grdi_donut_chart][grdi_donut_chart title=&#8221;Financial Programming (6.0)&#8221; description=&#8221;Distribution by Specific Objectives and Technical Assistance&#8221; card_title_align=&#8221;center&#8221; card_color=&#8221;RGBA(255,255,255,0)&#8221; chart_height=&#8221;550&#8243; chart_bg_color=&#8221;RGBA(255,255,255,0)&#8221; total_title=&#8221;Total M\u20ac&#8221; label_fontsize=&#8221;16px&#8221; labelvalue_fontsize=&#8221;24px&#8221; label_color=&#8221;#FFFFFF&#8221; animation=&#8221;true&#8221; chart_title_fontsize=&#8221;0px&#8221; chart_title_color=&#8221;RGBA(255,255,255,0)&#8221; data_label=&#8221;true&#8221; datalabel_percentage=&#8221;false&#8221; datalabel_label_postfix=&#8221;  M\u20ac&#8221; datalabel_thousand_seperator_enable=&#8221;on&#8221; datalabel_decimal_point=&#8221;1&#8243; lenend_color=&#8221;#FFFFFF&#8221; element_count=&#8221;5&#8243; category=&#8221;Asylum, Legal migration and integration, Return, Solidarity, Technical assistance&#8221; data_element_name=&#8221;30, 39.8, 17.9, 14, 6.1&#8243; fill_color1=&#8221;#dddddd&#8221; fill_color2=&#8221;#3da099&#8243; fill_color3=&#8221;#ebb212&#8243; fill_color4=&#8221;#cd652c&#8221; fill_color5=&#8221;#dd3954&#8243; data_element_name_last_edited=&#8221;off|desktop&#8221; disabled_on=&#8221;off|off|on&#8221; admin_label=&#8221;Donut Chart &#8211; Mobile&#8221; _builder_version=&#8221;4.27.5&#8243; _module_preset=&#8221;default&#8221; _unique_id=&#8221;8b66790a-1dcd-4000-ba9f-0decc2d09d1c&#8221; module_text_color=&#8221;#FFFFFF&#8221; global_colors_info=&#8221;{}&#8221;][\/grdi_donut_chart][et_pb_code _builder_version=&#8221;4.27.5&#8243; _module_preset=&#8221;default&#8221; hover_enabled=&#8221;0&#8243; sticky_enabled=&#8221;0&#8243;]<script><!-- [et_pb_line_break_holder] -->(function () {<!-- [et_pb_line_break_holder] -->  function fixApexDonutTotals(root = document) {<!-- [et_pb_line_break_holder] -->    root.querySelectorAll('text.apexcharts-datalabel-value').forEach(el => {<!-- [et_pb_line_break_holder] -->      const s = (el.textContent || \"\").trim();<!-- [et_pb_line_break_holder] -->      \/\/ target the ugly float artifacts: lots of decimals<!-- [et_pb_line_break_holder] -->      if (\/^-?\\d+\\.\\d{6,}$\/.test(s)) {<!-- [et_pb_line_break_holder] -->        const n = Number(s);<!-- [et_pb_line_break_holder] -->        if (Number.isFinite(n)) el.textContent = n.toFixed(1); \/\/ <-- decimals here<!-- [et_pb_line_break_holder] -->      }<!-- [et_pb_line_break_holder] -->    });<!-- [et_pb_line_break_holder] -->  }<!-- [et_pb_line_break_holder] --><!-- [et_pb_line_break_holder] -->  \/\/ Run after initial paint and after animations<!-- [et_pb_line_break_holder] -->  document.addEventListener(\"DOMContentLoaded\", () => {<!-- [et_pb_line_break_holder] -->    fixApexDonutTotals();<!-- [et_pb_line_break_holder] -->    setTimeout(fixApexDonutTotals, 300);<!-- [et_pb_line_break_holder] -->    setTimeout(fixApexDonutTotals, 900);<!-- [et_pb_line_break_holder] -->  });<!-- [et_pb_line_break_holder] --><!-- [et_pb_line_break_holder] -->  \/\/ Catch re-renders (AJAX reload, responsive redraw, etc.)<!-- [et_pb_line_break_holder] -->  const obs = new MutationObserver(() => fixApexDonutTotals());<!-- [et_pb_line_break_holder] -->  obs.observe(document.documentElement, { childList: true, subtree: true });<!-- [et_pb_line_break_holder] -->})();<!-- [et_pb_line_break_holder] --><\/script>[\/et_pb_code][\/et_pb_column][\/et_pb_row][\/et_pb_section][et_pb_section fb_built=&#8221;1&#8243; admin_label=&#8221;Newsletter&#8221; module_id=&#8221;newsletter&#8221; _builder_version=&#8221;4.27.4&#8243; _module_preset=&#8221;default&#8221; background_image=&#8221;https:\/\/www.fami2030.gov.pt\/wp-content\/uploads\/sites\/20\/2025\/03\/imagem_newsletter-3-scaled.jpg&#8221; collapsed=&#8221;off&#8221; global_colors_info=&#8221;{}&#8221;][et_pb_row column_structure=&#8221;1_2,1_2&#8243; make_equal=&#8221;on&#8221; disabled_on=&#8221;on|on|on&#8221; _builder_version=&#8221;4.19.5&#8243; _module_preset=&#8221;default&#8221; background_enable_color=&#8221;off&#8221; disabled=&#8221;on&#8221; global_colors_info=&#8221;{}&#8221;][et_pb_column type=&#8221;1_2&#8243; _builder_version=&#8221;4.19.5&#8243; _module_preset=&#8221;default&#8221; border_width_right=&#8221;1px&#8221; border_width_right_tablet=&#8221;0px&#8221; border_width_right_phone=&#8221;0px&#8221; border_width_right_last_edited=&#8221;on|phone&#8221; global_colors_info=&#8221;{}&#8221;][et_pb_text _builder_version=&#8221;4.19.5&#8243; _module_preset=&#8221;default&#8221; text_font_size=&#8221;1.5em&#8221; global_colors_info=&#8221;{}&#8221;]<\/p>\n<h2>Newsletter<\/h2>\n<p>&nbsp;<\/p>\n<p>Subscribe to the Portugal 2030 newsletter.<\/p>\n<p>[\/et_pb_text][\/et_pb_column][et_pb_column type=&#8221;1_2&#8243; _builder_version=&#8221;4.19.2&#8243; _module_preset=&#8221;default&#8221; global_colors_info=&#8221;{}&#8221;][et_pb_text _builder_version=&#8221;4.19.5&#8243; _module_preset=&#8221;default&#8221; global_colors_info=&#8221;{}&#8221;]<\/p>\n\n<div class=\"wpcf7 no-js\" id=\"wpcf7-f353-o1\" lang=\"pt-PT\" dir=\"ltr\" data-wpcf7-id=\"353\">\n<div class=\"screen-reader-response\"><p role=\"status\" aria-live=\"polite\" aria-atomic=\"true\"><\/p> <ul><\/ul><\/div>\n<form action=\"\/en\/wp-json\/wp\/v2\/pages\/16834#wpcf7-f353-o1\" method=\"post\" class=\"wpcf7-form init\" aria-label=\"Formul\u00e1rio de contacto\" novalidate=\"novalidate\" data-status=\"init\">\n<fieldset class=\"hidden-fields-container\"><input type=\"hidden\" name=\"_wpcf7\" value=\"353\" \/><input type=\"hidden\" name=\"_wpcf7_version\" value=\"6.1.5\" \/><input type=\"hidden\" name=\"_wpcf7_locale\" value=\"pt_PT\" \/><input type=\"hidden\" name=\"_wpcf7_unit_tag\" value=\"wpcf7-f353-o1\" \/><input type=\"hidden\" name=\"_wpcf7_container_post\" value=\"0\" \/><input type=\"hidden\" name=\"_wpcf7_posted_data_hash\" value=\"\" \/>\n<\/fieldset>\n<p><span class=\"wpcf7-form-control-wrap\" data-name=\"your-name\"><input size=\"40\" maxlength=\"400\" class=\"wpcf7-form-control wpcf7-text wpcf7-validates-as-required\" aria-required=\"true\" aria-invalid=\"false\" placeholder=\"Nome\" value=\"\" type=\"text\" name=\"your-name\" \/><\/span>\n<\/p>\n<p><span class=\"wpcf7-form-control-wrap\" data-name=\"your-email\"><input size=\"40\" maxlength=\"400\" class=\"wpcf7-form-control wpcf7-email wpcf7-validates-as-required wpcf7-text wpcf7-validates-as-email\" aria-required=\"true\" aria-invalid=\"false\" placeholder=\"Email\" value=\"\" type=\"email\" name=\"your-email\" \/><\/span>\n<\/p>\n<div style=\"display:none;\">\n\t<p><span class=\"wpcf7-form-control-wrap\" data-name=\"status-egoi\"><input size=\"40\" maxlength=\"400\" class=\"wpcf7-form-control wpcf7-text\" aria-invalid=\"false\" value=\"1\" type=\"text\" name=\"status-egoi\" \/><\/span>\n\t<\/p>\n<\/div>\n<p><span class=\"wpcf7-form-control-wrap\" data-name=\"acceptance-29\"><span class=\"wpcf7-form-control wpcf7-acceptance optional\"><span class=\"wpcf7-list-item\"><label><input type=\"checkbox\" name=\"acceptance-29\" value=\"1\" aria-invalid=\"false\" \/><span class=\"wpcf7-list-item-label\">Li e aceito a <a href=\"https:\/\/centro.portugal2030.pt\/politica-de-privacidade\/\" target=\"_blank\">Pol\u00edtica de Privacidade<\/a><\/span><\/label><\/span><\/span><\/span>\n<\/p>\n<p><input class=\"wpcf7-form-control wpcf7-submit has-spinner\" type=\"submit\" value=\"Subscrever\" \/>\n<\/p><div class=\"wpcf7-response-output\" aria-hidden=\"true\"><\/div>\n<\/form>\n<\/div>\n\n<p>[\/et_pb_text][\/et_pb_column][\/et_pb_row][et_pb_row _builder_version=&#8221;4.27.0&#8243; _module_preset=&#8221;default&#8221; global_colors_info=&#8221;{}&#8221;][et_pb_column type=&#8221;4_4&#8243; _builder_version=&#8221;4.27.0&#8243; _module_preset=&#8221;default&#8221; global_colors_info=&#8221;{}&#8221;][et_pb_cta title=&#8221;AMIF 2030 NETWORK&#8221; button_url=&#8221;https:\/\/forms.gle\/sKRTgwg67RhkBbFr5&#8243; url_new_window=&#8221;on&#8221; button_text=&#8221;Sign up&#8221; _builder_version=&#8221;4.27.4&#8243; _module_preset=&#8221;default&#8221; header_level=&#8221;h1&#8243; header_font=&#8221;|800|||||||&#8221; header_text_align=&#8221;center&#8221; header_text_color=&#8221;#003b4d&#8221; header_line_height=&#8221;0.5em&#8221; body_font=&#8221;||||||||&#8221; body_text_align=&#8221;center&#8221; body_font_size=&#8221;26px&#8221; body_line_height=&#8221;1em&#8221; background_color=&#8221;RGBA(255,255,255,0)&#8221; button_alignment=&#8221;center&#8221; custom_margin=&#8221;-50px||-50px||false|false&#8221; global_colors_info=&#8221;{}&#8221;]<\/p>\n<p>&nbsp;<\/p>\n<p><strong><span style=\"color: #003b4d;\">Sign up for the AMIF 2030 newsletter<\/span><\/strong><\/p>\n<p>[\/et_pb_cta][\/et_pb_column][\/et_pb_row][\/et_pb_section]<\/p>\n","protected":false},"excerpt":{"rendered":"<p>AMIF 2030 &nbsp; The Asylum, Migration and Integration Fund Programme aims at contributing to the effective management of migration flows and strengthening asylum and immigration policies, in accordance with the relevant Union\u00a0acquis\u00a0and fully respecting the international obligations of the Union and the Member States.Events Search events &gt;<div class=\"et_pb_module events_blog_acf events_blog_acf_0\">\n\t\t\t\t\n\t\t\t\t\n\t\t\t\t\n\t\t\t\t\n\t\t\t\t\n\t\t\t\t\n\t\t\t\t<div class=\"et_pb_module_inner\">\n\t\t\t\t\t            <div class=\"events-blog-acf\">\r\n                                    <article class=\"events-blog-acf__item post-18040 events type-events status-publish has-post-thumbnail hentry\">\r\n\r\n                        <h3 class=\"events-blog-acf__title\"><a href=\"https:\/\/www.fami2030.gov.pt\/en\/eventos-arquivo\/working-session-entities-with-approved-operations-under-fami2030-2024-14-call-for-proposals\/\">Working Session: Entities with operations approved under CALL FAMI2030-2023-14<\/a><\/h3><div class=\"events-blog-acf__date\">\r\n                                        <span class=\"date-part day\">21<\/span>\r\n                                        <span class=\"date-part mon\">Jul<\/span>\r\n                                        <span class=\"date-part year\">2025<\/span>\r\n                                    <\/div>                    <\/article>\r\n                                    <article class=\"events-blog-acf__item post-18052 events type-events status-publish has-post-thumbnail hentry events_tag-contratacao-publica events_tag-fami2030\">\r\n\r\n                        <h3 class=\"events-blog-acf__title\"><a href=\"https:\/\/www.fami2030.gov.pt\/en\/eventos-arquivo\/capacity-building-workshop-on-public-procurement-coimbra\/\">Capacity-Building Workshop on Public Procurement \u2013 Coimbra<\/a><\/h3><div class=\"events-blog-acf__date\">\r\n                                        <span class=\"date-part day\">27<\/span>\r\n                                        <span class=\"date-part mon\">Feb<\/span>\r\n                                        <span class=\"date-part year\">2025<\/span>\r\n                                    <\/div>                    <\/article>\r\n                                    <article class=\"events-blog-acf__item post-18055 events type-events status-publish has-post-thumbnail hentry events_tag-contratacao-publica events_tag-fami2030\">\r\n\r\n                        <h3 class=\"events-blog-acf__title\"><a href=\"https:\/\/www.fami2030.gov.pt\/en\/eventos-arquivo\/acao-de-capacitacao-sobre-contratacao-publica-lisboa\/\">Capacity-Building Workshop on Public Procurement \u2013 Lisbon<\/a><\/h3><div class=\"events-blog-acf__date\">\r\n                                        <span class=\"date-part day\">25<\/span>\r\n                                        <span class=\"date-part mon\">Feb<\/span>\r\n                                        <span class=\"date-part year\">2025<\/span>\r\n                                    <\/div>                    <\/article>\r\n                                    <article class=\"events-blog-acf__item post-18058 events type-events status-publish has-post-thumbnail hentry\">\r\n\r\n                        <h3 class=\"events-blog-acf__title\"><a href=\"https:\/\/www.fami2030.gov.pt\/en\/eventos-arquivo\/open-day-fami-2030-sessao-de-esclarecimento-sobre-o-aviso-fami2030-2025-21\/\">Open Day FAMI 2030: Information Session on CALL FAMI2030-2025-21<\/a><\/h3><div class=\"events-blog-acf__date\">\r\n                                        <span class=\"date-part day\">17<\/span>\r\n                                        <span class=\"date-part mon\">Feb<\/span>\r\n                                        <span class=\"date-part year\">2025<\/span>\r\n                                    <\/div>                    <\/article>\r\n                                    <article class=\"events-blog-acf__item post-18061 events type-events status-publish has-post-thumbnail hentry\">\r\n\r\n                        <h3 class=\"events-blog-acf__title\"><a href=\"https:\/\/www.fami2030.gov.pt\/en\/eventos-arquivo\/sessao-de-trabalho-entidades-com-operacoes-aprovadas-nos-avisos-9-e-13\/\">Working Session: Entities with Approved Operations under Calls 9 and 13<\/a><\/h3><div class=\"events-blog-acf__date\">\r\n                                        <span class=\"date-part day\">2<\/span>\r\n                                        <span class=\"date-part mon\">May<\/span>\r\n                                        <span class=\"date-part year\">2025<\/span>\r\n                                    <\/div>                    <\/article>\r\n                            <\/div>\r\n        \n\t\t\t\t<\/div>\n\t\t\t<\/div>Latest news Search news &gt;<\/p>\n","protected":false},"author":1,"featured_media":0,"parent":0,"menu_order":0,"comment_status":"closed","ping_status":"closed","template":"","meta":{"_acf_changed":false,"_et_pb_use_builder":"on","_et_pb_old_content":"","_et_gb_content_width":"","_crosspost_to_3":false,"_crosspost_to_10":false,"_crosspost_to_13":false,"_crosspost_to_14":false,"_crosspost_to_15":false,"_crosspost_to_16":false,"_crosspost_to_17":false,"_crosspost_to_18":false,"_crosspost_to_19":false,"iawp_total_views":236,"footnotes":""},"class_list":["post-16834","page","type-page","status-publish","hentry"],"acf":[],"yoast_head":"<!-- This site is optimized with the Yoast SEO plugin v27.4 - https:\/\/yoast.com\/product\/yoast-seo-wordpress\/ -->\n<title>Homepage - Programa FAMI \u2013 Fundo para o Asilo, a Migra\u00e7\u00e3o e a Integra\u00e7\u00e3o<\/title>\n<meta name=\"robots\" content=\"index, follow, max-snippet:-1, max-image-preview:large, max-video-preview:-1\" \/>\n<link rel=\"canonical\" href=\"https:\/\/www.fami2030.gov.pt\/en\/\" \/>\n<meta property=\"og:locale\" content=\"en_US\" \/>\n<meta property=\"og:type\" content=\"article\" \/>\n<meta property=\"og:title\" content=\"Homepage - Programa FAMI \u2013 Fundo para o Asilo, a Migra\u00e7\u00e3o e a Integra\u00e7\u00e3o\" \/>\n<meta property=\"og:description\" content=\"AMIF 2030 &nbsp; The Asylum, Migration and Integration Fund Programme aims at contributing to the effective management of migration flows and strengthening asylum and immigration policies, in accordance with the relevant Union\u00a0acquis\u00a0and fully respecting the international obligations of the Union and the Member States.Events Search events &gt;Latest news Search news &gt;\" \/>\n<meta property=\"og:url\" content=\"https:\/\/www.fami2030.gov.pt\/en\/\" \/>\n<meta property=\"og:site_name\" content=\"Programa FAMI \u2013 Fundo para o Asilo, a Migra\u00e7\u00e3o e a Integra\u00e7\u00e3o\" \/>\n<meta property=\"article:modified_time\" content=\"2026-01-14T10:17:26+00:00\" \/>\n<meta name=\"twitter:card\" content=\"summary_large_image\" \/>\n<meta name=\"twitter:label1\" content=\"Est. reading time\" \/>\n\t<meta name=\"twitter:data1\" content=\"2 minutes\" \/>\n<script type=\"application\/ld+json\" class=\"yoast-schema-graph\">{\"@context\":\"https:\\\/\\\/schema.org\",\"@graph\":[{\"@type\":\"WebPage\",\"@id\":\"https:\\\/\\\/www.fami2030.gov.pt\\\/en\\\/\",\"url\":\"https:\\\/\\\/www.fami2030.gov.pt\\\/en\\\/\",\"name\":\"Homepage - Programa FAMI \u2013 Fundo para o Asilo, a Migra\u00e7\u00e3o e a Integra\u00e7\u00e3o\",\"isPartOf\":{\"@id\":\"https:\\\/\\\/www.fami2030.gov.pt\\\/#website\"},\"datePublished\":\"2022-12-09T16:17:26+00:00\",\"dateModified\":\"2026-01-14T10:17:26+00:00\",\"breadcrumb\":{\"@id\":\"https:\\\/\\\/www.fami2030.gov.pt\\\/en\\\/#breadcrumb\"},\"inLanguage\":\"en-US\",\"potentialAction\":[{\"@type\":\"ReadAction\",\"target\":[\"https:\\\/\\\/www.fami2030.gov.pt\\\/en\\\/\"]}]},{\"@type\":\"BreadcrumbList\",\"@id\":\"https:\\\/\\\/www.fami2030.gov.pt\\\/en\\\/#breadcrumb\",\"itemListElement\":[{\"@type\":\"ListItem\",\"position\":1,\"name\":\"In\u00edcio\",\"item\":\"https:\\\/\\\/www.fami2030.gov.pt\\\/en\\\/\"},{\"@type\":\"ListItem\",\"position\":2,\"name\":\"Homepage\"}]},{\"@type\":\"WebSite\",\"@id\":\"https:\\\/\\\/www.fami2030.gov.pt\\\/#website\",\"url\":\"https:\\\/\\\/www.fami2030.gov.pt\\\/\",\"name\":\"Programa FAMI \u2013 Fundo para o Asilo, a Migra\u00e7\u00e3o e a Integra\u00e7\u00e3o\",\"description\":\"\",\"potentialAction\":[{\"@type\":\"SearchAction\",\"target\":{\"@type\":\"EntryPoint\",\"urlTemplate\":\"https:\\\/\\\/www.fami2030.gov.pt\\\/?s={search_term_string}\"},\"query-input\":{\"@type\":\"PropertyValueSpecification\",\"valueRequired\":true,\"valueName\":\"search_term_string\"}}],\"inLanguage\":\"en-US\"}]}<\/script>\n<!-- \/ Yoast SEO plugin. -->","yoast_head_json":{"title":"Homepage - Programa FAMI \u2013 Fundo para o Asilo, a Migra\u00e7\u00e3o e a Integra\u00e7\u00e3o","robots":{"index":"index","follow":"follow","max-snippet":"max-snippet:-1","max-image-preview":"max-image-preview:large","max-video-preview":"max-video-preview:-1"},"canonical":"https:\/\/www.fami2030.gov.pt\/en\/","og_locale":"en_US","og_type":"article","og_title":"Homepage - Programa FAMI \u2013 Fundo para o Asilo, a Migra\u00e7\u00e3o e a Integra\u00e7\u00e3o","og_description":"AMIF 2030 &nbsp; The Asylum, Migration and Integration Fund Programme aims at contributing to the effective management of migration flows and strengthening asylum and immigration policies, in accordance with the relevant Union\u00a0acquis\u00a0and fully respecting the international obligations of the Union and the Member States.Events Search events &gt;Latest news Search news &gt;","og_url":"https:\/\/www.fami2030.gov.pt\/en\/","og_site_name":"Programa FAMI \u2013 Fundo para o Asilo, a Migra\u00e7\u00e3o e a Integra\u00e7\u00e3o","article_modified_time":"2026-01-14T10:17:26+00:00","twitter_card":"summary_large_image","twitter_misc":{"Est. reading time":"2 minutes"},"schema":{"@context":"https:\/\/schema.org","@graph":[{"@type":"WebPage","@id":"https:\/\/www.fami2030.gov.pt\/en\/","url":"https:\/\/www.fami2030.gov.pt\/en\/","name":"Homepage - Programa FAMI \u2013 Fundo para o Asilo, a Migra\u00e7\u00e3o e a Integra\u00e7\u00e3o","isPartOf":{"@id":"https:\/\/www.fami2030.gov.pt\/#website"},"datePublished":"2022-12-09T16:17:26+00:00","dateModified":"2026-01-14T10:17:26+00:00","breadcrumb":{"@id":"https:\/\/www.fami2030.gov.pt\/en\/#breadcrumb"},"inLanguage":"en-US","potentialAction":[{"@type":"ReadAction","target":["https:\/\/www.fami2030.gov.pt\/en\/"]}]},{"@type":"BreadcrumbList","@id":"https:\/\/www.fami2030.gov.pt\/en\/#breadcrumb","itemListElement":[{"@type":"ListItem","position":1,"name":"In\u00edcio","item":"https:\/\/www.fami2030.gov.pt\/en\/"},{"@type":"ListItem","position":2,"name":"Homepage"}]},{"@type":"WebSite","@id":"https:\/\/www.fami2030.gov.pt\/#website","url":"https:\/\/www.fami2030.gov.pt\/","name":"Programa FAMI \u2013 Fundo para o Asilo, a Migra\u00e7\u00e3o e a Integra\u00e7\u00e3o","description":"","potentialAction":[{"@type":"SearchAction","target":{"@type":"EntryPoint","urlTemplate":"https:\/\/www.fami2030.gov.pt\/?s={search_term_string}"},"query-input":{"@type":"PropertyValueSpecification","valueRequired":true,"valueName":"search_term_string"}}],"inLanguage":"en-US"}]}},"_links":{"self":[{"href":"https:\/\/www.fami2030.gov.pt\/en\/wp-json\/wp\/v2\/pages\/16834","targetHints":{"allow":["GET"]}}],"collection":[{"href":"https:\/\/www.fami2030.gov.pt\/en\/wp-json\/wp\/v2\/pages"}],"about":[{"href":"https:\/\/www.fami2030.gov.pt\/en\/wp-json\/wp\/v2\/types\/page"}],"author":[{"embeddable":true,"href":"https:\/\/www.fami2030.gov.pt\/en\/wp-json\/wp\/v2\/users\/1"}],"replies":[{"embeddable":true,"href":"https:\/\/www.fami2030.gov.pt\/en\/wp-json\/wp\/v2\/comments?post=16834"}],"version-history":[{"count":26,"href":"https:\/\/www.fami2030.gov.pt\/en\/wp-json\/wp\/v2\/pages\/16834\/revisions"}],"predecessor-version":[{"id":19175,"href":"https:\/\/www.fami2030.gov.pt\/en\/wp-json\/wp\/v2\/pages\/16834\/revisions\/19175"}],"wp:attachment":[{"href":"https:\/\/www.fami2030.gov.pt\/en\/wp-json\/wp\/v2\/media?parent=16834"}],"curies":[{"name":"wp","href":"https:\/\/api.w.org\/{rel}","templated":true}]}}