{"id":16844,"date":"2023-04-10T23:10:36","date_gmt":"2023-04-10T22:10:36","guid":{"rendered":"https:\/\/www.fami2030.gov.pt\/fami-2030\/"},"modified":"2026-01-05T19:23:50","modified_gmt":"2026-01-05T18:23:50","slug":"fami-2030","status":"publish","type":"page","link":"https:\/\/www.fami2030.gov.pt\/en\/fami-2030\/","title":{"rendered":"AMIF 2030"},"content":{"rendered":"<p>[et_pb_section fb_built=&#8221;1&#8243; admin_label=&#8221;Sec\u00e7\u00e3o &#8211; Header&#8221; module_class=&#8221;bg-pt2030&#8243; _builder_version=&#8221;4.20.4&#8243; _module_preset=&#8221;default&#8221; background_enable_image=&#8221;off&#8221; locked=&#8221;off&#8221; collapsed=&#8221;on&#8221; global_colors_info=&#8221;{}&#8221;][et_pb_row column_structure=&#8221;3_5,2_5&#8243; _builder_version=&#8221;4.19.2&#8243; _module_preset=&#8221;default&#8221; collapsed=&#8221;off&#8221; global_colors_info=&#8221;{}&#8221;][et_pb_column type=&#8221;3_5&#8243; _builder_version=&#8221;4.19.2&#8243; _module_preset=&#8221;default&#8221; global_colors_info=&#8221;{}&#8221;][et_pb_post_title meta=&#8221;off&#8221; featured_image=&#8221;off&#8221; _builder_version=&#8221;4.20.4&#8243; _module_preset=&#8221;default&#8221; title_font=&#8221;|700|||||||&#8221; global_colors_info=&#8221;{}&#8221;][\/et_pb_post_title][et_pb_text _builder_version=&#8221;4.27.4&#8243; _module_preset=&#8221;default&#8221; locked=&#8221;off&#8221; global_colors_info=&#8221;{}&#8221;]<\/p>\n<h3><strong>Get to know the Asylum,<br \/>Migration and Integration Fund 2030<\/strong><\/h3>\n<p>&nbsp;<\/p>\n<p><a href=\"#on\">What it is<\/a><\/p>\n<p><a href=\"#applies\">How it applies<\/a><\/p>\n<p><a href=\"#support\">AMIF Beneficiaries<\/a><\/p>\n<p><a href=\"#objectives\">Specific objectives<\/a><\/p>\n<p><a href=\"#governance\">Governance Model<\/a><\/p>\n<p><a href=\"#committee\">Monitoring Committee<\/a><\/p>\n<p><a href=\"https:\/\/www.fami2030.gov.pt\/en\/documents-and-resources\/\">Documents and Resources<\/a><\/p>\n<p><a href=\"\/legislacao\">Legislation<\/a><\/p>\n<p>[\/et_pb_text][\/et_pb_column][et_pb_column type=&#8221;2_5&#8243; _builder_version=&#8221;4.19.2&#8243; _module_preset=&#8221;default&#8221; global_colors_info=&#8221;{}&#8221;][\/et_pb_column][\/et_pb_row][\/et_pb_section][et_pb_section fb_built=&#8221;1&#8243; admin_label=&#8221;Etapas&#8221; _builder_version=&#8221;4.21.0&#8243; _module_preset=&#8221;default&#8221; background_color=&#8221;#edf0f3&#8243; background_enable_color=&#8221;on&#8221; locked=&#8221;off&#8221; collapsed=&#8221;off&#8221; global_colors_info=&#8221;{}&#8221;][et_pb_row column_structure=&#8221;1_3,1_3,1_3&#8243; use_custom_gutter=&#8221;on&#8221; gutter_width=&#8221;2&#8243; make_equal=&#8221;on&#8221; _builder_version=&#8221;4.19.4&#8243; _module_preset=&#8221;default&#8221; locked=&#8221;off&#8221; collapsed=&#8221;off&#8221; global_colors_info=&#8221;{}&#8221;][et_pb_column type=&#8221;1_3&#8243; _builder_version=&#8221;4.19.4&#8243; _module_preset=&#8221;default&#8221; global_colors_info=&#8221;{}&#8221;][et_pb_cta title=&#8221;What it is&#8221; button_text=&#8221;Click Here&#8221; module_id=&#8221;on&#8221; _builder_version=&#8221;4.27.5&#8243; _module_preset=&#8221;1ad54657-0f2e-498e-94d9-8ed8526c0096&#8243; hover_enabled=&#8221;0&#8243; global_colors_info=&#8221;{}&#8221; sticky_enabled=&#8221;0&#8243;]<\/p>\n<p>The European Commission approved the Programme of the Asylum, Migration and Integration Fund (AMIF 2030) for the programming period 2021-2027. Through this Programme, Portugal has 107.8 million Euros available to fund investments in the management of migration flows.<\/p>\n<p>The AMIF 2030 Programme aims at: strengthening the asylum and reception system; strengthening and developing legal migration and promoting the socio-economic inclusion of third-country nationals; countering irregular migration and enhancing effective, safe and dignified returns and readmissions; and enhancing solidarity and fair sharing of responsibility between the Member States.<\/p>\n<p>[\/et_pb_cta][\/et_pb_column][et_pb_column type=&#8221;1_3&#8243; _builder_version=&#8221;4.19.4&#8243; _module_preset=&#8221;default&#8221; global_colors_info=&#8221;{}&#8221;][et_pb_cta title=&#8221;How it applies&#8221; button_text=&#8221;Click Here&#8221; module_id=&#8221;applies&#8221; _builder_version=&#8221;4.27.4&#8243; _module_preset=&#8221;1ad54657-0f2e-498e-94d9-8ed8526c0096&#8243; global_colors_info=&#8221;{}&#8221;]<\/p>\n<p>The amount available in the Programme is allocated to specific objectives and technical assistance.<\/p>\n<p>The conditions to be fulfilled by those who wish to apply are established by the general provisions on the application of European funds and relevant calls for proposals.<\/p>\n<p>[\/et_pb_cta][\/et_pb_column][et_pb_column type=&#8221;1_3&#8243; _builder_version=&#8221;4.19.4&#8243; _module_preset=&#8221;default&#8221; global_colors_info=&#8221;{}&#8221;][et_pb_cta title=&#8221;AMIF beneficiaries&#8221; button_text=&#8221;Click Here&#8221; module_id=&#8221;support&#8221; _builder_version=&#8221;4.27.4&#8243; _module_preset=&#8221;1ad54657-0f2e-498e-94d9-8ed8526c0096&#8243; global_colors_info=&#8221;{}&#8221;]<\/p>\n<ul>\n<li>Public authorities (national, regional and local)<\/li>\n<li>Non-governmental organisations<\/li>\n<li>International organisations<\/li>\n<li>Refugee organisations and migrant-led organisations<\/li>\n<li>Employer or employee associations (social partners?)<\/li>\n<li>Higher education institutions and research centres<\/li>\n<\/ul>\n<p>Relevant beneficiaries will be defined in each call for proposals.<\/p>\n<p>[\/et_pb_cta][\/et_pb_column][\/et_pb_row][\/et_pb_section][et_pb_section fb_built=&#8221;1&#8243; admin_label=&#8221;Objetivos Especificos&#8221; module_id=&#8221;objectives&#8221; _builder_version=&#8221;4.27.4&#8243; _module_preset=&#8221;default&#8221; locked=&#8221;off&#8221; collapsed=&#8221;on&#8221; global_colors_info=&#8221;{}&#8221;][et_pb_row _builder_version=&#8221;4.19.2&#8243; _module_preset=&#8221;default&#8221; locked=&#8221;off&#8221; collapsed=&#8221;off&#8221; global_colors_info=&#8221;{}&#8221;][et_pb_column type=&#8221;4_4&#8243; _builder_version=&#8221;4.19.2&#8243; _module_preset=&#8221;default&#8221; global_colors_info=&#8221;{}&#8221;][et_pb_divider divider_weight=&#8221;4px&#8221; admin_label=&#8221;Divider Gradient&#8221; _builder_version=&#8221;4.20.0&#8243; _module_preset=&#8221;default&#8221; background_color_gradient_stops=&#8221;#2b87da 0%|#00a099 100%&#8221; saved_tabs=&#8221;all&#8221; global_colors_info=&#8221;{}&#8221;][\/et_pb_divider][et_pb_text admin_label=&#8221;T\u00edtulo&#8221; module_id=&#8221;objectives&#8221; _builder_version=&#8221;4.27.4&#8243; _module_preset=&#8221;default&#8221; global_colors_info=&#8221;{}&#8221;]<\/p>\n<h2><strong>Specific objectives<\/strong><\/h2>\n<p>&nbsp;<\/p>\n<p>The AMIF 2030, aligned with European Union priorities, is structured into four specific objectives<\/p>\n<p>[\/et_pb_text][\/et_pb_column][\/et_pb_row][et_pb_row column_structure=&#8221;1_2,1_2&#8243; _builder_version=&#8221;4.19.2&#8243; _module_preset=&#8221;default&#8221; background_enable_color=&#8221;off&#8221; locked=&#8221;off&#8221; collapsed=&#8221;off&#8221; global_colors_info=&#8221;{}&#8221;][et_pb_column type=&#8221;1_2&#8243; _builder_version=&#8221;4.19.2&#8243; _module_preset=&#8221;default&#8221; background_enable_color=&#8221;off&#8221; global_colors_info=&#8221;{}&#8221;][et_pb_blurb title=&#8221;Asylum&#8221; use_icon=&#8221;on&#8221; font_icon=&#8221;&#xe074;||divi||400&#8243; icon_placement=&#8221;left&#8221; admin_label=&#8221;Asilo&#8221; _builder_version=&#8221;4.27.4&#8243; _module_preset=&#8221;default&#8221; global_colors_info=&#8221;{}&#8221;]<\/p>\n<p>Investing in the efficiency of international protection procedures, in the improvement of services provided by reception facilities, in the supervised autonomy of unaccompanied minors and in alternative measures to detention.<\/p>\n<p>[\/et_pb_blurb][et_pb_blurb title=&#8221;Return&#8221; use_icon=&#8221;on&#8221; font_icon=&#8221;&#xf072;||fa||900&#8243; icon_placement=&#8221;left&#8221; admin_label=&#8221;Voltar&#8221; _builder_version=&#8221;4.27.4&#8243; _module_preset=&#8221;default&#8221; global_colors_info=&#8221;{}&#8221;]<\/p>\n<p>Investing in voluntary returns and reintegration in the countries of origin, in countering irregular migration, in the upgrade of temporary installation facilities and in the monitoring of forced returns.<\/p>\n<p>[\/et_pb_blurb][\/et_pb_column][et_pb_column type=&#8221;1_2&#8243; _builder_version=&#8221;4.19.2&#8243; _module_preset=&#8221;default&#8221; background_enable_color=&#8221;off&#8221; global_colors_info=&#8221;{}&#8221;][et_pb_blurb title=&#8221;Legal migration and integration&#8221; use_icon=&#8221;on&#8221; font_icon=&#8221;&#xf0c0;||fa||900&#8243; icon_placement=&#8221;left&#8221; admin_label=&#8221;Migra\u00e7\u00e3o legal e integra\u00e7\u00e3o&#8221; _builder_version=&#8221;4.27.4&#8243; _module_preset=&#8221;default&#8221; global_colors_info=&#8221;{}&#8221;]<\/p>\n<p>Supporting wider equity in the access to goods and services, integration and active participation in the Portuguese society, labour mobility, family reunification, Portuguese language training, acquisition of digital and other relevant skills for the integration in the national labour market.<\/p>\n<p>[\/et_pb_blurb][et_pb_blurb title=&#8221;Solidarity&#8221; use_icon=&#8221;on&#8221; font_icon=&#8221;&#x2b;||divi||400&#8243; icon_placement=&#8221;left&#8221; admin_label=&#8221;Solidariedade&#8221; _builder_version=&#8221;4.27.4&#8243; _module_preset=&#8221;default&#8221; global_colors_info=&#8221;{}&#8221;]<\/p>\n<p>Supporting cooperation with third countries, through resettlement and other legal avenues to protection, and solidarity between Member States, through the transfer of applicants or beneficiaries of international protection.<\/p>\n<p>[\/et_pb_blurb][\/et_pb_column][\/et_pb_row][\/et_pb_section][et_pb_section fb_built=&#8221;1&#8243; admin_label=&#8221;As \u00e1reas a apoiar&#8221; module_id=&#8221;supports&#8221; _builder_version=&#8221;4.21.0&#8243; _module_preset=&#8221;default&#8221; background_color=&#8221;#edf0f3&#8243; background_enable_color=&#8221;on&#8221; locked=&#8221;off&#8221; collapsed=&#8221;on&#8221; global_colors_info=&#8221;{}&#8221;][et_pb_row _builder_version=&#8221;4.19.2&#8243; _module_preset=&#8221;default&#8221; locked=&#8221;off&#8221; collapsed=&#8221;off&#8221; global_colors_info=&#8221;{}&#8221;][et_pb_column type=&#8221;4_4&#8243; _builder_version=&#8221;4.19.2&#8243; _module_preset=&#8221;default&#8221; global_colors_info=&#8221;{}&#8221;][et_pb_divider divider_weight=&#8221;4px&#8221; admin_label=&#8221;Divider Gradient&#8221; _builder_version=&#8221;4.20.0&#8243; _module_preset=&#8221;default&#8221; background_color_gradient_stops=&#8221;#2b87da 0%|#00a099 100%&#8221; saved_tabs=&#8221;all&#8221; global_colors_info=&#8221;{}&#8221;][\/et_pb_divider][et_pb_text admin_label=&#8221;T\u00edtulo&#8221; _builder_version=&#8221;4.27.4&#8243; _module_preset=&#8221;default&#8221; global_colors_info=&#8221;{}&#8221;]<\/p>\n<h2 style=\"text-align: left;\"><strong>Areas to be supported<\/strong><\/h2>\n<p>[\/et_pb_text][\/et_pb_column][\/et_pb_row][et_pb_row column_structure=&#8221;1_2,1_2&#8243; module_id=&#8221;objetivos&#8221; _builder_version=&#8221;4.27.4&#8243; _module_preset=&#8221;default&#8221; locked=&#8221;off&#8221; collapsed=&#8221;off&#8221; global_colors_info=&#8221;{}&#8221;][et_pb_column type=&#8221;1_2&#8243; _builder_version=&#8221;4.19.2&#8243; _module_preset=&#8221;default&#8221; global_colors_info=&#8221;{}&#8221;][et_pb_toggle title=&#8221;Asylum&#8221; admin_label=&#8221;Asilo&#8221; _builder_version=&#8221;4.27.4&#8243; _module_preset=&#8221;default&#8221; global_colors_info=&#8221;{}&#8221;]<\/p>\n<p>Strengthening and developing all aspects of the Common European Asylum System, including its external dimension.<\/p>\n<p>&nbsp;<\/p>\n<p><strong>Main initiative<\/strong><\/p>\n<ul>\n<li>Qualification of the national asylum service<\/li>\n<li>Reception facilities<\/li>\n<li>Legal, psychosocial, financial and medical support and access to essential goods<\/li>\n<li>Promotion of mental health<\/li>\n<li>Portuguese culture and language courses<\/li>\n<li>Access to housing<\/li>\n<li>Community centres and street teams, including supervised autonomy of unaccompanied minors<\/li>\n<li>Alternative measures to detention<\/li>\n<li>Awareness raising among the host society and increment of the reception institutional network<\/li>\n<li>Human resources development, studies and best practice sharing events<\/li>\n<\/ul>\n<p>[\/et_pb_toggle][et_pb_toggle title=&#8221;Return&#8221; admin_label=&#8221;Voltar&#8221; _builder_version=&#8221;4.27.4&#8243; _module_preset=&#8221;default&#8221; global_colors_info=&#8221;{}&#8221;]<\/p>\n<p>Contributing to countering irregular migration, enhancing effective, safe and dignified return and readmission, and promoting and contributing to effective initial reintegration in third countries.<\/p>\n<p>&nbsp;<\/p>\n<p><strong>Main initiatives<\/strong><\/p>\n<ul>\n<li>Temporary accommodation facilities or similar infrastructures<\/li>\n<li>Alternative measures to detention<\/li>\n<li>Forced return \u2013 removal measures, monitoring and information systems<\/li>\n<li>Voluntary return and reintegration in the countries of origin<\/li>\n<li>Countering irregular migration \u2013 inspection and supervision, awareness raising and information<\/li>\n<li>Victims of human trafficking<\/li>\n<li>Human resources development, studies and best practice sharing events<\/li>\n<\/ul>\n<p>[\/et_pb_toggle][\/et_pb_column][et_pb_column type=&#8221;1_2&#8243; _builder_version=&#8221;4.19.2&#8243; _module_preset=&#8221;default&#8221; global_colors_info=&#8221;{}&#8221;][et_pb_toggle title=&#8221;Legal migration and integration&#8221; admin_label=&#8221;Migra\u00e7\u00e3o legal e integra\u00e7\u00e3o&#8221; _builder_version=&#8221;4.27.4&#8243; _module_preset=&#8221;default&#8221; global_colors_info=&#8221;{}&#8221;]<\/p>\n<p>Strengthening and developing legal migration to the Member States in accordance with their economic and social needs, and promoting and contributing to the effective integration and social inclusion of <span data-olk-copy-source=\"MessageBody\">third-country nationals<\/span>.<\/p>\n<p>&nbsp;<\/p>\n<p><strong>Main iniciatives<\/strong><\/p>\n<ul>\n<li>Portuguese language training<\/li>\n<li>Non formal education<\/li>\n<li>Intercultural education in schools<\/li>\n<li>Mentoring programmes<\/li>\n<li>Employability<\/li>\n<li>Family reunification<\/li>\n<li>Contact centre<\/li>\n<li>Labour mobility<\/li>\n<li>Access to housing<\/li>\n<li>Human resources development, studies and best practice sharing events<\/li>\n<li>Local centres for migrants\u2019 integration<\/li>\n<li>Municipal plans for migrants\u2019 integration<\/li>\n<\/ul>\n<p>[\/et_pb_toggle][et_pb_toggle title=&#8221;Solidarity&#8221; admin_label=&#8221;Solidariedade&#8221; module_id=&#8221;solidariedade&#8221; _builder_version=&#8221;4.27.4&#8243; _module_preset=&#8221;default&#8221; global_colors_info=&#8221;{}&#8221;]<\/p>\n<p>Enhancing solidarity and fair sharing of responsibility among the Member States, in particular as regards those most affected by migration and asylum challenges, including through practical cooperation.<\/p>\n<p>&nbsp;<\/p>\n<p><strong>Main iniciatives<\/strong><\/p>\n<ul>\n<li>Resettlement<\/li>\n<li>Humanitarian admission<\/li>\n<li>Relocation<\/li>\n<li>Bilateral agreements<\/li>\n<li>Human resources development, studies and best practice sharing events<\/li>\n<\/ul>\n<p>[\/et_pb_toggle][\/et_pb_column][\/et_pb_row][\/et_pb_section][et_pb_section fb_built=&#8221;1&#8243; admin_label=&#8221;Fundos&#8221; module_id=&#8221;funds&#8221; module_class=&#8221;bg-gray&#8221; _builder_version=&#8221;4.27.4&#8243; _module_preset=&#8221;default&#8221; background_color=&#8221;#003b4d&#8221; background_enable_color=&#8221;on&#8221; locked=&#8221;off&#8221; collapsed=&#8221;on&#8221; global_colors_info=&#8221;%91%93&#8243;][et_pb_row make_equal=&#8221;on&#8221; _builder_version=&#8221;4.19.5&#8243; _module_preset=&#8221;default&#8221; collapsed=&#8221;off&#8221; global_colors_info=&#8221;{}&#8221;][et_pb_column type=&#8221;4_4&#8243; module_class=&#8221;v-align-center&#8221; _builder_version=&#8221;4.19.4&#8243; _module_preset=&#8221;default&#8221; global_colors_info=&#8221;{}&#8221;][grdi_donut_chart title=&#8221;Financial Programming&#8221; description=&#8221;Distribution by Specific Objectives and Technical Assistance&#8221; card_title_align=&#8221;center&#8221; card_color=&#8221;RGBA(255,255,255,0)&#8221; chart_height=&#8221;550&#8243; chart_bg_color=&#8221;RGBA(255,255,255,0)&#8221; total_title=&#8221;Total M\u20ac&#8221; label_fontsize=&#8221;16px&#8221; labelvalue_fontsize=&#8221;24px&#8221; label_color=&#8221;#FFFFFF&#8221; animation=&#8221;true&#8221; chart_title_fontsize=&#8221;0px&#8221; chart_title_color=&#8221;RGBA(255,255,255,0)&#8221; data_label=&#8221;true&#8221; datalabel_percentage=&#8221;false&#8221; datalabel_label_postfix=&#8221;  M\u20ac&#8221; datalabel_thousand_seperator_enable=&#8221;on&#8221; datalabel_decimal_point=&#8221;1&#8243; legend_position=&#8221;left&#8221; lenend_color=&#8221;#FFFFFF&#8221; element_count=&#8221;5&#8243; category=&#8221;Asylum, Legal migration and integration, Return, Solidarity, Technical assistance&#8221; data_element_name=&#8221;20.5, 22, 12, 16.3, 4.3&#8243; fill_color1=&#8221;#dddddd&#8221; fill_color2=&#8221;#3da099&#8243; fill_color3=&#8221;#ebb212&#8243; fill_color4=&#8221;#cd652c&#8221; fill_color5=&#8221;#dd3954&#8243; data_element_name_last_edited=&#8221;off|desktop&#8221; disabled_on=&#8221;on|on|off&#8221; _builder_version=&#8221;4.27.4&#8243; _module_preset=&#8221;default&#8221; _unique_id=&#8221;8b66790a-1dcd-4000-ba9f-0decc2d09d1c&#8221; module_text_color=&#8221;#FFFFFF&#8221; global_colors_info=&#8221;{}&#8221;][\/grdi_donut_chart][grdi_donut_chart title=&#8221;Financial Programming&#8221; description=&#8221;Distribui\u00e7\u00e3o por Objetivos Espec\u00edficos e Assist\u00eancia T\u00e9cnica&#8221; card_title_align=&#8221;center&#8221; card_color=&#8221;RGBA(255,255,255,0)&#8221; chart_height=&#8221;550&#8243; chart_bg_color=&#8221;RGBA(255,255,255,0)&#8221; total_title=&#8221;Total M\u20ac&#8221; label_fontsize=&#8221;16px&#8221; labelvalue_fontsize=&#8221;24px&#8221; label_color=&#8221;#FFFFFF&#8221; animation=&#8221;true&#8221; chart_title_fontsize=&#8221;0px&#8221; chart_title_color=&#8221;RGBA(255,255,255,0)&#8221; data_label=&#8221;true&#8221; datalabel_percentage=&#8221;false&#8221; datalabel_label_postfix=&#8221;  M\u20ac&#8221; datalabel_thousand_seperator_enable=&#8221;on&#8221; datalabel_decimal_point=&#8221;1&#8243; lenend_color=&#8221;#FFFFFF&#8221; element_count=&#8221;5&#8243; category=&#8221;  Asilo, Migra\u00e7\u00e3o legal e integra\u00e7\u00e3o, Voltar, Solidariedade, Assist\u00eancia t\u00e9cnica&#8221; data_element_name=&#8221;20.5, 22, 12, 16.3, 4.3&#8243; fill_color1=&#8221;#dddddd&#8221; fill_color2=&#8221;#3da099&#8243; fill_color3=&#8221;#ebb212&#8243; fill_color4=&#8221;#cd652c&#8221; fill_color5=&#8221;#dd3954&#8243; data_element_name_last_edited=&#8221;off|desktop&#8221; disabled_on=&#8221;off|off|on&#8221; admin_label=&#8221;Donut Chart &#8211; Mobile&#8221; _builder_version=&#8221;4.27.4&#8243; _module_preset=&#8221;default&#8221; _unique_id=&#8221;8b66790a-1dcd-4000-ba9f-0decc2d09d1c&#8221; module_text_color=&#8221;#FFFFFF&#8221; global_colors_info=&#8221;{}&#8221;][\/grdi_donut_chart][\/et_pb_column][\/et_pb_row][\/et_pb_section][et_pb_section fb_built=&#8221;1&#8243; disabled_on=&#8221;off|off|off&#8221; admin_label=&#8221;Modelo de Governa\u00e7\u00e3o&#8221; module_id=&#8221;governance&#8221; _builder_version=&#8221;4.21.0&#8243; _module_preset=&#8221;default&#8221; background_color=&#8221;#edf0f3&#8243; background_enable_color=&#8221;on&#8221; locked=&#8221;off&#8221; collapsed=&#8221;off&#8221; global_colors_info=&#8221;{}&#8221;][et_pb_row _builder_version=&#8221;4.19.4&#8243; _module_preset=&#8221;default&#8221; locked=&#8221;off&#8221; collapsed=&#8221;off&#8221; global_colors_info=&#8221;{}&#8221;][et_pb_column type=&#8221;4_4&#8243; _builder_version=&#8221;4.19.2&#8243; _module_preset=&#8221;default&#8221; global_colors_info=&#8221;{}&#8221;][et_pb_divider divider_weight=&#8221;4px&#8221; admin_label=&#8221;Divider Gradient&#8221; _builder_version=&#8221;4.20.0&#8243; _module_preset=&#8221;default&#8221; background_color_gradient_stops=&#8221;#2b87da 0%|#00a099 100%&#8221; saved_tabs=&#8221;all&#8221; global_colors_info=&#8221;{}&#8221;][\/et_pb_divider][et_pb_text admin_label=&#8221;T\u00edtulo&#8221; module_id=&#8221;governance&#8221; _builder_version=&#8221;4.27.4&#8243; _module_preset=&#8221;default&#8221; global_colors_info=&#8221;{}&#8221;]<\/p>\n<h2><strong>Governance Model<\/strong><\/h2>\n<p>[\/et_pb_text][\/et_pb_column][\/et_pb_row][et_pb_row _builder_version=&#8221;4.21.0&#8243; _module_preset=&#8221;default&#8221; global_colors_info=&#8221;{}&#8221;][et_pb_column type=&#8221;4_4&#8243; _builder_version=&#8221;4.21.0&#8243; _module_preset=&#8221;default&#8221; global_colors_info=&#8221;{}&#8221;][et_pb_image src=&#8221;https:\/\/www.fami2030.gov.pt\/wp-content\/uploads\/sites\/20\/2025\/08\/Governance-model-1.jpg&#8221; alt=&#8221;FAMI 2030 Governance Model&#8221; title_text=&#8221;Governance model&#8221; align=&#8221;center&#8221; _builder_version=&#8221;4.27.4&#8243; _module_preset=&#8221;default&#8221; global_colors_info=&#8221;{}&#8221;][\/et_pb_image][\/et_pb_column][\/et_pb_row][\/et_pb_section][et_pb_section fb_built=&#8221;1&#8243; disabled_on=&#8221;off|off|off&#8221; admin_label=&#8221;Sec\u00e7\u00e3o &#8211; Comit\u00e9 de Acompanhamento&#8221; module_id=&#8221;committee&#8221; _builder_version=&#8221;4.21.0&#8243; _module_preset=&#8221;a6112108-689a-4846-a750-25ee00373922&#8243; locked=&#8221;off&#8221; collapsed=&#8221;off&#8221; global_colors_info=&#8221;{}&#8221;][et_pb_row admin_label=&#8221;Row &#8211; T\u00edtulo&#8221; _builder_version=&#8221;4.19.2&#8243; _module_preset=&#8221;default&#8221; locked=&#8221;off&#8221; collapsed=&#8221;off&#8221; global_colors_info=&#8221;{}&#8221;][et_pb_column type=&#8221;4_4&#8243; _builder_version=&#8221;4.19.2&#8243; _module_preset=&#8221;default&#8221; global_colors_info=&#8221;{}&#8221;][et_pb_divider divider_weight=&#8221;4px&#8221; admin_label=&#8221;Divider Gradient&#8221; _builder_version=&#8221;4.20.0&#8243; _module_preset=&#8221;default&#8221; background_color_gradient_stops=&#8221;#2b87da 0%|#00a099 100%&#8221; saved_tabs=&#8221;all&#8221; global_colors_info=&#8221;{}&#8221;][\/et_pb_divider][et_pb_text admin_label=&#8221;T\u00edtulo&#8221; module_id=&#8221;committee&#8221; _builder_version=&#8221;4.27.4&#8243; _module_preset=&#8221;default&#8221; global_colors_info=&#8221;{}&#8221;]<\/p>\n<h2 style=\"text-align: left;\">Monitoring Committee<\/h2>\n<p>[\/et_pb_text][\/et_pb_column][\/et_pb_row][et_pb_row admin_label=&#8221;Row &#8211; Texto&#8221; _builder_version=&#8221;4.19.2&#8243; _module_preset=&#8221;default&#8221; locked=&#8221;off&#8221; collapsed=&#8221;off&#8221; global_colors_info=&#8221;{}&#8221;][et_pb_column type=&#8221;4_4&#8243; _builder_version=&#8221;4.19.2&#8243; _module_preset=&#8221;default&#8221; global_colors_info=&#8221;{}&#8221;][et_pb_text admin_label=&#8221;Texto&#8221; _builder_version=&#8221;4.27.4&#8243; _module_preset=&#8221;default&#8221; global_colors_info=&#8221;{}&#8221;]<\/p>\n<p>The Monitoring Committee is responsible for monitoring the implementation of the Programme and comprises a diversified range of public and private bodies, observing the partnership principle underlying the life cycle of AMIF 2030 Programme.<\/p>\n<p>The Committee approves the methodology and criteria used for the selection of operations, the annual performance reports, the evaluation and communication plans, as well as any proposal by the Managing Authority for the amendment of the AMIF 2030 Programme.<\/p>\n<p>The Committee examine the progress in the Programme implementation and the achievement of its <span data-olk-copy-source=\"MessageBody\">milestones and targets<\/span>, the contribution of the Programme to tackling the challenges identified in the relevant country-specific recommendations, the progress made in carrying out evaluations, the accomplishment of communication and promotion of notoriety actions and the fulfilment of enabling conditions and their application. The Committee may also address recommendations to the Managing Authority arising from the monitoring of the various measures and interventions they are responsible for, to improve the effectiveness and efficiency of the Programme.<\/p>\n<p><strong><a href=\"https:\/\/www.fami2030.gov.pt\/legislacao\/despacho-n-o-3469-2023\/\">Order No. 3469\/2023 of 17 March 2023 establishing the Monitoring Committee of the Asylum, Migration and Integration Fund Programme<\/a><\/strong><\/p>\n<p><strong><a href=\"https:\/\/www.fami2030.gov.pt\/wp-content\/uploads\/sites\/20\/2023\/06\/FAMI-2030__CA-FAMI_Aprovado-17042023_Regulamento-interno.pdf\" target=\"_blank\" rel=\"attachment noopener wp-att-13309\">Rules of Procedure of the AMIF 2030 Monitoring Committee<\/a><\/strong><\/p>\n<p><a href=\"https:\/\/www.fami2030.gov.pt\/wp-content\/uploads\/sites\/20\/2025\/01\/FAMI2030_Membros_CA_2025_01_09.pdf\"><strong>List of members of the AMIF 2030 Monitoring Committee<\/strong><\/a><\/p>\n<p>&nbsp;<\/p>\n<h4><strong>6th written consultation with the Monitoring Committee<\/strong> | 20 March 2024<\/h4>\n<ul>\n<li><a href=\"https:\/\/www.fami2030.gov.pt\/wp-content\/uploads\/sites\/20\/2024\/04\/Relatorio-de-desempenho-FAMI2030_2023.pdf\" rel=\"attachment wp-att-14271\">Annual Performance Report 2023 approved<\/a><\/li>\n<li><a href=\"https:\/\/www.fami2030.gov.pt\/wp-content\/uploads\/sites\/20\/2024\/04\/FundamentacaoAlteracaoFAMI2030.7z\" rel=\"attachment wp-att-14274\">Approval of the proposal to amend the programme approved by the European Commission in decision C(2022) 9332 final of 08\/12\/2022, as amended by decision C(2023)7348 of 23 October.<\/a><\/li>\n<\/ul>\n<h4>\u200b<strong>5th written consultation with the Monitoring Committee | 31 de janeiro de 2024<\/strong><\/h4>\n<ul>\n<li><a href=\"https:\/\/www.fami2030.gov.pt\/wp-content\/uploads\/sites\/20\/2024\/02\/FAMI-2030_CA-FAMI_Metodologia_Criterios_Selecao_v5.pdf\" rel=\"attachment wp-att-14191\">Methodology and criteria used for the selection of operations, approved version 0.5<\/a><\/li>\n<\/ul>\n<h4><strong>4th written consultation with the Monitoring Committee | 7th December 2023<\/strong><\/h4>\n<ul>\n<li><a href=\"https:\/\/www.fami2030.gov.pt\/wp-content\/uploads\/sites\/20\/2024\/02\/FAMI-2030_CA-FAMI_Metodologia_Criterios_Selecao_v4.pdf\" rel=\"attachment wp-att-14188\">Methodology and criteria used for the selection of operations, approved version 0.4<\/a><\/li>\n<li><a href=\"https:\/\/www.fami2030.gov.pt\/wp-content\/uploads\/sites\/20\/2024\/02\/FAMI2030_EstrategiaPlanoComunicacao.pdf\" rel=\"attachment wp-att-14189\">FAMI 2030 Communication Strategy and Plan approved <\/a><\/li>\n<li><a href=\"https:\/\/www.fami2030.gov.pt\/wp-content\/uploads\/sites\/20\/2024\/02\/FAMI2030_Plano-de-Avaliacao_v1.pdf\" rel=\"attachment wp-att-14190\">FAMI 2030 Evaluation Plan approved <\/a><\/li>\n<\/ul>\n<h4><strong>2nd Meeting of the Monitoring Committee | 2nd October 2023<\/strong><\/h4>\n<ul>\n<li><a href=\"https:\/\/www.fami2030.gov.pt\/wp-content\/uploads\/sites\/20\/2024\/02\/2a_reuniao_CA_SINOPSE.pdf\" rel=\"attachment wp-att-14166\">Summary of the 2nd Monitoring Committee meeting<\/a><\/li>\n<li><a href=\"https:\/\/www.fami2030.gov.pt\/wp-content\/uploads\/sites\/20\/2024\/02\/2.a-reuniao-CA-FAMI-2030_02102023_apresentacao.pdf\" rel=\"attachment wp-att-14165\">Presentation of the 2nd meeting of the Monitoring Committee<\/a><\/li>\n<li><a href=\"https:\/\/www.fami2030.gov.pt\/wp-content\/uploads\/sites\/20\/2024\/02\/FAMI-2030_CA-FAMI_Metodologia_Criterios_Selecao_v3_Final.pdf\" rel=\"attachment wp-att-14167\">ApplicationMethodology and criteria used for the selection of operations, approved version 0.3<\/a><\/li>\n<\/ul>\n<h4><strong>3rd written consultation with the Monitoring Committee | 28 July 2023<\/strong><\/h4>\n<ul>\n<li><a href=\"https:\/\/www.fami2030.gov.pt\/wp-content\/uploads\/sites\/20\/2024\/02\/FAMI2030_PrimeiraAlteracaoPrograma.7z\" rel=\"attachment wp-att-14164\">Proposal to amend the programme approved by the European Commission through decision c(2022) 9332 final of 08\/12\/2022<\/a><\/li>\n<\/ul>\n<h4><strong>2nd written consultation with the Monitoring Committee | 21 June 2023<\/strong><\/h4>\n<ul>\n<li><a href=\"https:\/\/www.fami2030.gov.pt\/wp-content\/uploads\/sites\/20\/2024\/02\/FAMI-2030_CA-FAMI_Metodologia_Criterios_Selecao_v02.pdf\" rel=\"attachment wp-att-14163\">Methodology and criteria used for the selection of operations, approved version 0.2<\/a><\/li>\n<\/ul>\n<h4><strong>1st written consultation with the Monitoring Committee | 19th May 2023<\/strong><\/h4>\n<ul>\n<li><a href=\"https:\/\/www.fami2030.gov.pt\/wp-content\/uploads\/sites\/20\/2024\/02\/FAMI2030_RelatorioAnualDesempenho2022.zip\" rel=\"attachment wp-att-14162\">Annual Performance Report 2022 approved<\/a><\/li>\n<\/ul>\n<h4><strong>1st Meeting of the Monitoring Committee | 17th April 2023<\/strong><\/h4>\n<ul>\n<li><a href=\"https:\/\/www.fami2030.gov.pt\/wp-content\/uploads\/sites\/20\/2023\/06\/1a_reuniao_CA_SINOPSE.pdf\" target=\"_blank\" rel=\"attachment noopener wp-att-13308\">Overview of the 1st meeting of the Monitoring Committee<\/a><\/li>\n<li><a href=\"https:\/\/www.fami2030.gov.pt\/wp-content\/uploads\/sites\/20\/2023\/06\/1.a-reuniao_apresentacao-CA-FAMI-2030_17042023.pdf\" target=\"_blank\" rel=\"attachment noopener wp-att-13307\">Presentation of the 1st meeting of the Monitoring Committee<\/a><\/li>\n<li><a href=\"https:\/\/www.fami2030.gov.pt\/wp-content\/uploads\/sites\/20\/2024\/02\/FAMI-2030_CA-FAMI_Aprovado-17042023_Metodologia-e-Criterios-de-selecao-das-candidaturas_V01.pdf\" rel=\"attachment wp-att-14161\">Methodology and criteria used for the selection of operations, approved version 0.1<\/a><\/li>\n<\/ul>\n<p>[\/et_pb_text][\/et_pb_column][\/et_pb_row][\/et_pb_section]<\/p>\n","protected":false},"excerpt":{"rendered":"<p>Get to know the Asylum,Migration and Integration Fund 2030 &nbsp; What it is How it applies AMIF Beneficiaries Specific objectives Governance Model Monitoring Committee Documents and Resources LegislationThe European Commission approved the Programme of the Asylum, Migration and Integration Fund (AMIF 2030) for the programming period 2021-2027. Through this Programme, Portugal has 107.8 million Euros [&hellip;]<\/p>\n","protected":false},"author":1,"featured_media":0,"parent":0,"menu_order":1,"comment_status":"closed","ping_status":"closed","template":"","meta":{"_acf_changed":false,"_et_pb_use_builder":"on","_et_pb_old_content":"","_et_gb_content_width":"","_crosspost_to_3":false,"_crosspost_to_10":false,"_crosspost_to_13":false,"_crosspost_to_14":false,"_crosspost_to_15":false,"_crosspost_to_16":false,"_crosspost_to_17":false,"_crosspost_to_18":false,"_crosspost_to_19":false,"iawp_total_views":326,"footnotes":""},"class_list":["post-16844","page","type-page","status-publish","hentry"],"acf":[],"yoast_head":"<!-- This site is optimized with the Yoast SEO plugin v27.4 - https:\/\/yoast.com\/product\/yoast-seo-wordpress\/ -->\n<title>AMIF 2030 - Programa FAMI \u2013 Fundo para o Asilo, a Migra\u00e7\u00e3o e a Integra\u00e7\u00e3o<\/title>\n<meta name=\"description\" content=\"The aim of the AMIF 2030 Programme is to contribute to the effective management of migration flows and the strengthening of asylum and immigration policies, in line with the Union collection and in full respect of the international obligations of the Union and the Member States.\" \/>\n<meta name=\"robots\" content=\"index, follow, max-snippet:-1, max-image-preview:large, max-video-preview:-1\" \/>\n<link rel=\"canonical\" href=\"https:\/\/www.fami2030.gov.pt\/en\/fami-2030\/\" \/>\n<meta property=\"og:locale\" content=\"en_US\" \/>\n<meta property=\"og:type\" content=\"article\" \/>\n<meta property=\"og:title\" content=\"AMIF 2030 - Programa FAMI \u2013 Fundo para o Asilo, a Migra\u00e7\u00e3o e a Integra\u00e7\u00e3o\" \/>\n<meta property=\"og:description\" content=\"The aim of the AMIF 2030 Programme is to contribute to the effective management of migration flows and the strengthening of asylum and immigration policies, in line with the Union collection and in full respect of the international obligations of the Union and the Member States.\" \/>\n<meta property=\"og:url\" content=\"https:\/\/www.fami2030.gov.pt\/en\/fami-2030\/\" \/>\n<meta property=\"og:site_name\" content=\"Programa FAMI \u2013 Fundo para o Asilo, a Migra\u00e7\u00e3o e a Integra\u00e7\u00e3o\" \/>\n<meta property=\"article:modified_time\" content=\"2026-01-05T18:23:50+00:00\" \/>\n<meta property=\"og:image\" content=\"https:\/\/www.fami2030.gov.pt\/wp-content\/uploads\/sites\/20\/2023\/07\/FAMI_logo_h_c_s-1024x591.jpg\" \/>\n<meta name=\"twitter:card\" content=\"summary_large_image\" \/>\n<meta name=\"twitter:image\" content=\"https:\/\/www.fami2030.gov.pt\/wp-content\/uploads\/sites\/20\/2023\/07\/FAMI_logo_h_c_s-1024x591.jpg\" \/>\n<meta name=\"twitter:label1\" content=\"Est. reading time\" \/>\n\t<meta name=\"twitter:data1\" content=\"7 minutes\" \/>\n<script type=\"application\/ld+json\" class=\"yoast-schema-graph\">{\"@context\":\"https:\\\/\\\/schema.org\",\"@graph\":[{\"@type\":\"WebPage\",\"@id\":\"https:\\\/\\\/www.fami2030.gov.pt\\\/en\\\/fami-2030\\\/\",\"url\":\"https:\\\/\\\/www.fami2030.gov.pt\\\/en\\\/fami-2030\\\/\",\"name\":\"AMIF 2030 - Programa FAMI \u2013 Fundo para o Asilo, a Migra\u00e7\u00e3o e a Integra\u00e7\u00e3o\",\"isPartOf\":{\"@id\":\"https:\\\/\\\/www.fami2030.gov.pt\\\/#website\"},\"datePublished\":\"2023-04-10T22:10:36+00:00\",\"dateModified\":\"2026-01-05T18:23:50+00:00\",\"description\":\"The aim of the AMIF 2030 Programme is to contribute to the effective management of migration flows and the strengthening of asylum and immigration policies, in line with the Union collection and in full respect of the international obligations of the Union and the Member States.\",\"breadcrumb\":{\"@id\":\"https:\\\/\\\/www.fami2030.gov.pt\\\/en\\\/fami-2030\\\/#breadcrumb\"},\"inLanguage\":\"en-US\",\"potentialAction\":[{\"@type\":\"ReadAction\",\"target\":[\"https:\\\/\\\/www.fami2030.gov.pt\\\/en\\\/fami-2030\\\/\"]}]},{\"@type\":\"BreadcrumbList\",\"@id\":\"https:\\\/\\\/www.fami2030.gov.pt\\\/en\\\/fami-2030\\\/#breadcrumb\",\"itemListElement\":[{\"@type\":\"ListItem\",\"position\":1,\"name\":\"In\u00edcio\",\"item\":\"https:\\\/\\\/www.fami2030.gov.pt\\\/en\\\/\"},{\"@type\":\"ListItem\",\"position\":2,\"name\":\"AMIF 2030\"}]},{\"@type\":\"WebSite\",\"@id\":\"https:\\\/\\\/www.fami2030.gov.pt\\\/#website\",\"url\":\"https:\\\/\\\/www.fami2030.gov.pt\\\/\",\"name\":\"Programa FAMI \u2013 Fundo para o Asilo, a Migra\u00e7\u00e3o e a Integra\u00e7\u00e3o\",\"description\":\"\",\"potentialAction\":[{\"@type\":\"SearchAction\",\"target\":{\"@type\":\"EntryPoint\",\"urlTemplate\":\"https:\\\/\\\/www.fami2030.gov.pt\\\/?s={search_term_string}\"},\"query-input\":{\"@type\":\"PropertyValueSpecification\",\"valueRequired\":true,\"valueName\":\"search_term_string\"}}],\"inLanguage\":\"en-US\"}]}<\/script>\n<!-- \/ Yoast SEO plugin. -->","yoast_head_json":{"title":"AMIF 2030 - Programa FAMI \u2013 Fundo para o Asilo, a Migra\u00e7\u00e3o e a Integra\u00e7\u00e3o","description":"The aim of the AMIF 2030 Programme is to contribute to the effective management of migration flows and the strengthening of asylum and immigration policies, in line with the Union collection and in full respect of the international obligations of the Union and the Member States.","robots":{"index":"index","follow":"follow","max-snippet":"max-snippet:-1","max-image-preview":"max-image-preview:large","max-video-preview":"max-video-preview:-1"},"canonical":"https:\/\/www.fami2030.gov.pt\/en\/fami-2030\/","og_locale":"en_US","og_type":"article","og_title":"AMIF 2030 - Programa FAMI \u2013 Fundo para o Asilo, a Migra\u00e7\u00e3o e a Integra\u00e7\u00e3o","og_description":"The aim of the AMIF 2030 Programme is to contribute to the effective management of migration flows and the strengthening of asylum and immigration policies, in line with the Union collection and in full respect of the international obligations of the Union and the Member States.","og_url":"https:\/\/www.fami2030.gov.pt\/en\/fami-2030\/","og_site_name":"Programa FAMI \u2013 Fundo para o Asilo, a Migra\u00e7\u00e3o e a Integra\u00e7\u00e3o","article_modified_time":"2026-01-05T18:23:50+00:00","og_image":[{"url":"https:\/\/www.fami2030.gov.pt\/wp-content\/uploads\/sites\/20\/2023\/07\/FAMI_logo_h_c_s-1024x591.jpg","type":"","width":"","height":""}],"twitter_card":"summary_large_image","twitter_image":"https:\/\/www.fami2030.gov.pt\/wp-content\/uploads\/sites\/20\/2023\/07\/FAMI_logo_h_c_s-1024x591.jpg","twitter_misc":{"Est. reading time":"7 minutes"},"schema":{"@context":"https:\/\/schema.org","@graph":[{"@type":"WebPage","@id":"https:\/\/www.fami2030.gov.pt\/en\/fami-2030\/","url":"https:\/\/www.fami2030.gov.pt\/en\/fami-2030\/","name":"AMIF 2030 - Programa FAMI \u2013 Fundo para o Asilo, a Migra\u00e7\u00e3o e a Integra\u00e7\u00e3o","isPartOf":{"@id":"https:\/\/www.fami2030.gov.pt\/#website"},"datePublished":"2023-04-10T22:10:36+00:00","dateModified":"2026-01-05T18:23:50+00:00","description":"The aim of the AMIF 2030 Programme is to contribute to the effective management of migration flows and the strengthening of asylum and immigration policies, in line with the Union collection and in full respect of the international obligations of the Union and the Member States.","breadcrumb":{"@id":"https:\/\/www.fami2030.gov.pt\/en\/fami-2030\/#breadcrumb"},"inLanguage":"en-US","potentialAction":[{"@type":"ReadAction","target":["https:\/\/www.fami2030.gov.pt\/en\/fami-2030\/"]}]},{"@type":"BreadcrumbList","@id":"https:\/\/www.fami2030.gov.pt\/en\/fami-2030\/#breadcrumb","itemListElement":[{"@type":"ListItem","position":1,"name":"In\u00edcio","item":"https:\/\/www.fami2030.gov.pt\/en\/"},{"@type":"ListItem","position":2,"name":"AMIF 2030"}]},{"@type":"WebSite","@id":"https:\/\/www.fami2030.gov.pt\/#website","url":"https:\/\/www.fami2030.gov.pt\/","name":"Programa FAMI \u2013 Fundo para o Asilo, a Migra\u00e7\u00e3o e a Integra\u00e7\u00e3o","description":"","potentialAction":[{"@type":"SearchAction","target":{"@type":"EntryPoint","urlTemplate":"https:\/\/www.fami2030.gov.pt\/?s={search_term_string}"},"query-input":{"@type":"PropertyValueSpecification","valueRequired":true,"valueName":"search_term_string"}}],"inLanguage":"en-US"}]}},"_links":{"self":[{"href":"https:\/\/www.fami2030.gov.pt\/en\/wp-json\/wp\/v2\/pages\/16844","targetHints":{"allow":["GET"]}}],"collection":[{"href":"https:\/\/www.fami2030.gov.pt\/en\/wp-json\/wp\/v2\/pages"}],"about":[{"href":"https:\/\/www.fami2030.gov.pt\/en\/wp-json\/wp\/v2\/types\/page"}],"author":[{"embeddable":true,"href":"https:\/\/www.fami2030.gov.pt\/en\/wp-json\/wp\/v2\/users\/1"}],"replies":[{"embeddable":true,"href":"https:\/\/www.fami2030.gov.pt\/en\/wp-json\/wp\/v2\/comments?post=16844"}],"version-history":[{"count":31,"href":"https:\/\/www.fami2030.gov.pt\/en\/wp-json\/wp\/v2\/pages\/16844\/revisions"}],"predecessor-version":[{"id":19046,"href":"https:\/\/www.fami2030.gov.pt\/en\/wp-json\/wp\/v2\/pages\/16844\/revisions\/19046"}],"wp:attachment":[{"href":"https:\/\/www.fami2030.gov.pt\/en\/wp-json\/wp\/v2\/media?parent=16844"}],"curies":[{"name":"wp","href":"https:\/\/api.w.org\/{rel}","templated":true}]}}