{"id":17782,"date":"2023-04-14T12:13:06","date_gmt":"2023-04-14T11:13:06","guid":{"rendered":"https:\/\/www.fami2030.gov.pt\/documents-and-resources\/"},"modified":"2025-12-11T18:28:17","modified_gmt":"2025-12-11T17:28:17","slug":"documents-and-resources","status":"publish","type":"page","link":"https:\/\/www.fami2030.gov.pt\/en\/documents-and-resources\/","title":{"rendered":"Documents and Resources"},"content":{"rendered":"<p>[et_pb_section fb_built=&#8221;1&#8243; admin_label=&#8221;Cabe\u00e7alho&#8221; module_class=&#8221;bg-pt2030&#8243; _builder_version=&#8221;4.27.4&#8243; _module_preset=&#8221;default&#8221; background_color=&#8221;#003b4d&#8221; background_enable_color=&#8221;on&#8221; background_enable_image=&#8221;off&#8221; locked=&#8221;off&#8221; collapsed=&#8221;on&#8221; global_colors_info=&#8221;{}&#8221;][et_pb_row _builder_version=&#8221;4.19.2&#8243; _module_preset=&#8221;default&#8221; collapsed=&#8221;off&#8221; global_colors_info=&#8221;{}&#8221;][et_pb_column type=&#8221;4_4&#8243; _builder_version=&#8221;4.19.2&#8243; _module_preset=&#8221;default&#8221; global_colors_info=&#8221;{}&#8221;][et_pb_post_title meta=&#8221;off&#8221; featured_image=&#8221;off&#8221; text_color=&#8221;light&#8221; _builder_version=&#8221;4.20.4&#8243; _module_preset=&#8221;default&#8221; global_colors_info=&#8221;{}&#8221;][\/et_pb_post_title][\/et_pb_column][\/et_pb_row][\/et_pb_section][et_pb_section fb_built=&#8221;1&#8243; admin_label=&#8221;Comunica\u00e7\u00e3o e Visibilidade&#8221; module_id=&#8221;resources&#8221; _builder_version=&#8221;4.27.4&#8243; _module_preset=&#8221;default&#8221; background_color=&#8221;#edf0f3&#8243; background_enable_color=&#8221;on&#8221; custom_margin=&#8221;||||false|false&#8221; custom_padding=&#8221;|||6px|false|false&#8221; locked=&#8221;off&#8221; collapsed=&#8221;on&#8221; global_colors_info=&#8221;{}&#8221;][et_pb_row admin_label=&#8221;Row &#8211; Title&#8221; _builder_version=&#8221;4.27.4&#8243; _module_preset=&#8221;default&#8221; custom_margin=&#8221;||||false|false&#8221; custom_padding=&#8221;||||false|false&#8221; collapsed=&#8221;off&#8221; global_colors_info=&#8221;{}&#8221;][et_pb_column type=&#8221;4_4&#8243; _builder_version=&#8221;4.16&#8243; _module_preset=&#8221;default&#8221; global_colors_info=&#8221;{}&#8221;][et_pb_text admin_label=&#8221;Comunica\u00e7\u00e3o e Visibilidade&#8221; _builder_version=&#8221;4.27.4&#8243; _module_preset=&#8221;default&#8221; custom_margin=&#8221;||||false|false&#8221; custom_padding=&#8221;||||false|false&#8221; global_colors_info=&#8221;{}&#8221;]<\/p>\n<h3>Communication and Visibility<\/h3>\n<p>[\/et_pb_text][\/et_pb_column][\/et_pb_row][et_pb_row column_structure=&#8221;1_2,1_2&#8243; admin_label=&#8221;Row &#8211; Docs&#8221; _builder_version=&#8221;4.27.4&#8243; _module_preset=&#8221;default&#8221; custom_margin=&#8221;||||false|false&#8221; custom_padding=&#8221;||||false|false&#8221; collapsed=&#8221;off&#8221; global_colors_info=&#8221;{}&#8221;][et_pb_column type=&#8221;1_2&#8243; _builder_version=&#8221;4.16&#8243; _module_preset=&#8221;default&#8221; global_colors_info=&#8221;{}&#8221;][et_pb_divider divider_weight=&#8221;4px&#8221; admin_label=&#8221;Divider Gradient&#8221; _builder_version=&#8221;4.20.0&#8243; _module_preset=&#8221;default&#8221; background_color_gradient_stops=&#8221;#2b87da 0%|#00a099 100%&#8221; saved_tabs=&#8221;all&#8221; global_colors_info=&#8221;{}&#8221;][\/et_pb_divider][et_pb_text admin_label=&#8221;Documento&#8221; _builder_version=&#8221;4.27.4&#8243; _module_preset=&#8221;default&#8221; custom_margin=&#8221;||||false|false&#8221; custom_padding=&#8221;||||false|false&#8221; global_colors_info=&#8221;{}&#8221;]<\/p>\n<p><a href=\"https:\/\/www.fami2030.gov.pt\/wp-content\/uploads\/sites\/20\/2024\/06\/FAMI2030_Guia_Regras_Comunicacao_para_Beneficiarios.pdf\" target=\"_blank\" rel=\"noopener\">Guide to Communication Rules for Beneficiaries of the AMIF 2030 Programme<\/a><\/p>\n<p><a href=\"https:\/\/www.fami2030.gov.pt\/wp-content\/uploads\/sites\/20\/2024\/09\/ficha_operacao.zip\">Models Operation sheet<\/a><\/p>\n<p><a href=\"https:\/\/www.fami2030.gov.pt\/wp-content\/uploads\/sites\/20\/2024\/06\/Placas-Operacao.7z\" rel=\"noopener\">Templates for posters, signs, billboards<\/a><\/p>\n<p><a href=\"https:\/\/www.fami2030.gov.pt\/wp-content\/uploads\/sites\/20\/2023\/06\/Logotipo_FAMI2030-1.zip\" rel=\"attachment wp-att-13031\">AMIF 2030 Logo<\/a><\/p>\n<p><a href=\"https:\/\/www.fami2030.gov.pt\/wp-content\/uploads\/sites\/20\/2024\/01\/FAMI2030_BarraCofinanciamento.7z\" rel=\"attachment wp-att-14059\">Cofinancing Bar<\/a><\/p>\n<p><a href=\"https:\/\/www.fami2030.gov.pt\/wp-content\/uploads\/sites\/20\/2024\/01\/FAMI2030_BarraFinanciado.7z\" rel=\"attachment wp-att-14060\">Financing Bar<\/a><\/p>\n<p>Abusive use of symbols, insignia and references to support from the European Union, Portugal 2030 and the respective programmes is liable to prosecution. (Article 15(3) of Decree-Law no. 20-A\/2023 of 22 March) <\/p>\n<p><a href=\"https:\/\/www.fami2030.gov.pt\/wp-content\/uploads\/sites\/20\/2023\/10\/FAMI2030_Manual_Normas_Graficas.pdf\" rel=\"attachment wp-att-13654\">AMIF 2030 Graphic Standards Manual<\/a><\/p>\n<p>[\/et_pb_text][\/et_pb_column][et_pb_column type=&#8221;1_2&#8243; _builder_version=&#8221;4.16&#8243; _module_preset=&#8221;default&#8221; global_colors_info=&#8221;{}&#8221;][\/et_pb_column][\/et_pb_row][\/et_pb_section][et_pb_section fb_built=&#8221;1&#8243; admin_label=&#8221;Open data&#8221; module_id=&#8221;data&#8221; _builder_version=&#8221;4.27.4&#8243; _module_preset=&#8221;default&#8221; background_color=&#8221;#FFFFFF&#8221; background_enable_color=&#8221;on&#8221; custom_margin=&#8221;||||false|false&#8221; custom_padding=&#8221;||||false|false&#8221; locked=&#8221;off&#8221; collapsed=&#8221;on&#8221; global_colors_info=&#8221;{}&#8221;][et_pb_row admin_label=&#8221;Row &#8211; Title&#8221; _builder_version=&#8221;4.27.4&#8243; _module_preset=&#8221;default&#8221; custom_margin=&#8221;||||false|false&#8221; custom_padding=&#8221;||||false|false&#8221; collapsed=&#8221;off&#8221; global_colors_info=&#8221;{}&#8221;][et_pb_column type=&#8221;4_4&#8243; _builder_version=&#8221;4.16&#8243; _module_preset=&#8221;default&#8221; global_colors_info=&#8221;{}&#8221;][et_pb_text admin_label=&#8221;Open data&#8221; _builder_version=&#8221;4.27.4&#8243; _module_preset=&#8221;default&#8221; global_colors_info=&#8221;{}&#8221;]<\/p>\n<h3>Open data<\/h3>\n<p>[\/et_pb_text][\/et_pb_column][\/et_pb_row][et_pb_row column_structure=&#8221;1_2,1_2&#8243; admin_label=&#8221;Row &#8211; Docs&#8221; _builder_version=&#8221;4.27.4&#8243; _module_preset=&#8221;default&#8221; custom_margin=&#8221;||||false|false&#8221; custom_padding=&#8221;||||false|false&#8221; collapsed=&#8221;off&#8221; global_colors_info=&#8221;{}&#8221;][et_pb_column type=&#8221;1_2&#8243; _builder_version=&#8221;4.16&#8243; _module_preset=&#8221;default&#8221; global_colors_info=&#8221;{}&#8221;][et_pb_divider divider_weight=&#8221;4px&#8221; admin_label=&#8221;Divider Gradient&#8221; _builder_version=&#8221;4.20.0&#8243; _module_preset=&#8221;default&#8221; background_color_gradient_stops=&#8221;#2b87da 0%|#00a099 100%&#8221; saved_tabs=&#8221;all&#8221; global_colors_info=&#8221;{}&#8221;][\/et_pb_divider][et_pb_text admin_label=&#8221;Docs&#8221; _builder_version=&#8221;4.27.4&#8243; _module_preset=&#8221;default&#8221; custom_margin=&#8221;||||false|false&#8221; custom_padding=&#8221;||||false|false&#8221; global_colors_info=&#8221;{}&#8221;]<\/p>\n<p><strong>List of approved AMIF 2030 operations<\/strong>, as of <span class=\"HwtZe\" lang=\"en\"><span class=\"jCAhz ChMk0b\"><span class=\"ryNqvb\">August<\/span><\/span><\/span> 5, 2025, version in <a href=\"https:\/\/www.fami2030.gov.pt\/wp-content\/uploads\/sites\/20\/2025\/08\/FAMI2030_Lista_Operacoes_Selecionadas_05082025.xlsx\" target=\"_blank\" rel=\"noopener\"><strong>EXCEL<\/strong><\/a> e <a href=\"https:\/\/www.fami2030.gov.pt\/wp-content\/uploads\/sites\/20\/2025\/08\/FAMI2030_Lista_Operacoes_Selecionadas_05082025.zip\"><strong>CSV <\/strong><\/a>for download.<\/p>\n<p><strong>AMIF 2030 annual calls plan<\/strong>, version <a href=\"https:\/\/www.fami2030.gov.pt\/wp-content\/uploads\/sites\/20\/2024\/09\/FAMI2030_PlanoAvisos_ficheiro_download_Setembro_2024_Agosto_2025.xlsx\"><strong>EXCEL<\/strong><\/a> e <a href=\"https:\/\/www.fami2030.gov.pt\/wp-content\/uploads\/sites\/20\/2024\/09\/FAMI2030_PlanoAvisos_ficheiro_download_Setembro_2024_Agosto_2025.csv_.zip\"><strong>CSV <\/strong><\/a>for download.<\/p>\n<p>[\/et_pb_text][\/et_pb_column][et_pb_column type=&#8221;1_2&#8243; _builder_version=&#8221;4.16&#8243; _module_preset=&#8221;default&#8221; global_colors_info=&#8221;{}&#8221;][\/et_pb_column][\/et_pb_row][\/et_pb_section][et_pb_section fb_built=&#8221;1&#8243; admin_label=&#8221;Div &#8211; Delibera\u00e7\u00f5es&#8221; module_id=&#8221;deliberations&#8221; _builder_version=&#8221;4.27.4&#8243; _module_preset=&#8221;default&#8221; background_color=&#8221;#EDF0F3&#8243; background_enable_color=&#8221;on&#8221; custom_margin=&#8221;||||false|false&#8221; custom_padding=&#8221;|||6px|false|false&#8221; locked=&#8221;off&#8221; collapsed=&#8221;on&#8221; global_colors_info=&#8221;{}&#8221;][et_pb_row admin_label=&#8221;Row &#8211; Title&#8221; _builder_version=&#8221;4.27.4&#8243; _module_preset=&#8221;default&#8221; custom_padding=&#8221;||||false|false&#8221; collapsed=&#8221;off&#8221; global_colors_info=&#8221;{}&#8221;][et_pb_column type=&#8221;4_4&#8243; _builder_version=&#8221;4.16&#8243; _module_preset=&#8221;default&#8221; global_colors_info=&#8221;{}&#8221;][et_pb_text admin_label=&#8221;Delibera\u00e7\u00f5es&#8221; _builder_version=&#8221;4.27.4&#8243; _module_preset=&#8221;default&#8221; global_colors_info=&#8221;{}&#8221;]<\/p>\n<h3>Resolutions<\/h3>\n<p>[\/et_pb_text][\/et_pb_column][\/et_pb_row][et_pb_row column_structure=&#8221;1_2,1_2&#8243; admin_label=&#8221;Row &#8211; Docs&#8221; _builder_version=&#8221;4.27.4&#8243; _module_preset=&#8221;default&#8221; custom_margin=&#8221;||||false|false&#8221; custom_padding=&#8221;||||false|false&#8221; collapsed=&#8221;off&#8221; global_colors_info=&#8221;{}&#8221;][et_pb_column type=&#8221;1_2&#8243; _builder_version=&#8221;4.16&#8243; _module_preset=&#8221;default&#8221; global_colors_info=&#8221;{}&#8221;][et_pb_divider divider_weight=&#8221;4px&#8221; admin_label=&#8221;Divider Gradient&#8221; _builder_version=&#8221;4.20.0&#8243; _module_preset=&#8221;default&#8221; background_color_gradient_stops=&#8221;#2b87da 0%|#00a099 100%&#8221; saved_tabs=&#8221;all&#8221; global_colors_info=&#8221;{}&#8221;][\/et_pb_divider][et_pb_text admin_label=&#8221;Documentos&#8221; _builder_version=&#8221;4.27.4&#8243; _module_preset=&#8221;default&#8221; custom_margin=&#8221;||||false|false&#8221; custom_padding=&#8221;||||false|false&#8221; global_colors_info=&#8221;{}&#8221;]<\/p>\n<p class=\"x_MsoNormal\"><span data-ogsc=\"rgb(0, 54, 77)\" data-olk-copy-source=\"MessageBody\"><strong>Specific Subcommittee<\/strong> <a href=\"https:\/\/www.fami2030.gov.pt\/wp-content\/uploads\/sites\/20\/2025\/05\/Deb_02.2025_CIC_FAMI_PAA_Revisao-CJ.pdf\" target=\"_blank\" rel=\"noopener\">Decision no. 02\/2025\/SEFAMI &#8211; Approval of the Annual Calls Plan (May 2025 to April 2026)<\/a><\/span><\/p>\n<p class=\"x_MsoNormal\"><span data-ogsc=\"rgb(0, 54, 77)\"><strong>CIC |<\/strong> <a href=\"https:\/\/www.fami2030.gov.pt\/wp-content\/uploads\/sites\/20\/2025\/05\/DLB-11_-PAA_abr2025.pdf\" target=\"_blank\" rel=\"noopener\">Resolution no. 11\/2025\/PL &#8211; Approval of the Annual Calls Plan (May 2025 to April 2026)<\/a><\/span><\/p>\n<p><b><span data-ogsc=\"rgb(51, 51, 51)\" data-ogsb=\"rgb(237, 240, 243)\">Specific Subcommittee |<\/span><\/b> <a href=\"https:\/\/www.fami2030.gov.pt\/wp-content\/uploads\/sites\/20\/2025\/01\/Deb_CIC_FAMI_PAA_1_2025.pdf\" target=\"_blank\" rel=\"noopener\">Resolution no. 01\/2025\/SEFAMI &#8211; Approval of the Annual Calls Plan (January to December 2025)<\/a><\/p>\n<p><span data-olk-copy-source=\"MessageBody\"><strong>CIC |<\/strong> <a href=\"https:\/\/www.fami2030.gov.pt\/wp-content\/uploads\/sites\/20\/2025\/01\/46_24_PL_PAA_202501_Dez-2024_concursos_convites_VF_CIC_assMACT.pdf\" target=\"_blank\" rel=\"noopener\">Resolution no. 46\/2024\/PL &#8211; Approval of the Annual Calls Plan (January to December 2025)<\/a><\/span><\/p>\n<p><b><span data-ogsc=\"rgb(51, 51, 51)\" data-ogsb=\"rgb(237, 240, 243)\">Specific Subcommittee |<\/span><\/b> <a href=\"https:\/\/www.fami2030.gov.pt\/wp-content\/uploads\/sites\/20\/2024\/09\/Deb_CIC_reprog_FAMI_20240903_SEAP.pdf\" target=\"_blank\" rel=\"noopener\">Deliberation no. 04\/2024\/SEFAMI &#8211; Amendment of the Asylum, Migration and Integration Fund Programme (FAMI)<\/a><\/p>\n<p><strong>Specific Subcommittee <\/strong><a href=\"https:\/\/www.fami2030.gov.pt\/wp-content\/uploads\/sites\/20\/2024\/09\/Deb_CIC_FAMI_PAA_27082024.pdf\" target=\"_blank\" rel=\"noopener\">Decision no. 03\/2024\/SEFAMI &#8211; Approval of the Annual Calls Plan (September 2024 to August 2025)<\/a><\/p>\n<p><strong>CIC | <\/strong><a href=\"https:\/\/www.fami2030.gov.pt\/wp-content\/uploads\/sites\/20\/2024\/04\/10_2024_PL_PAA05240425.pdf\" target=\"_blank\" rel=\"attachment noopener wp-att-14263\">Resolution no. 10\/2024\/PL &#8211; Approval of the Annual Calls Plan (May 2024\/Apr.2025)<\/a><\/p>\n<p><strong>Specific Subcommittee <\/strong><a href=\"https:\/\/www.fami2030.gov.pt\/wp-content\/uploads\/sites\/20\/2024\/04\/Deb_CIC_FAMI_PAA_1_mai24_abr_2025.pdf\" target=\"_blank\" rel=\"attachment noopener wp-att-14262\">Decision no. 02\/2024\/SEFAMI &#8211; Approval of the Calls Notice Plan (May 2024 to April 2025)<\/a><\/p>\n<p><strong>Specific Subcommittee | <\/strong><a href=\"https:\/\/www.fami2030.gov.pt\/wp-content\/uploads\/sites\/20\/2024\/04\/Deb_CIC_2a-Reprogramacao_FAMI.pdf\" target=\"_blank\" rel=\"attachment noopener wp-att-14261\">Deliberation no. 01\/2024\/SEFAMI &#8211; Amendment of the Asylum, Migration and Integration Fund Programme (FAMI)<\/a><\/p>\n<p><strong>CIC<\/strong> | <a href=\"https:\/\/www.fami2030.gov.pt\/wp-content\/uploads\/sites\/20\/2024\/01\/01_2024_PL_PAA0112.pdf\" target=\"_blank\" rel=\"attachment noopener wp-att-14120\">Resolution no. 01\/2024\/PL &#8211; Approval of the Annual Calls Plan (Jan.2024\/Dec.2024)<\/a><\/p>\n<p><strong>Specific Subcommittee<\/strong> | <a href=\"https:\/\/www.fami2030.gov.pt\/wp-content\/uploads\/sites\/20\/2024\/01\/Deb_CIC_FAMI_PAA.pdf\" target=\"_blank\" rel=\"attachment noopener wp-att-14121\">Deliberation no. 03\/2023\/SEFAMI &#8211; Approval of the Annual Calls Plan (Jan.2024 to Dec. 2024)<\/a><\/p>\n<p><strong>CIC<\/strong> | <a href=\"https:\/\/portugal2030.pt\/legislacao\/deliberacao-n-o-39-2023-pl-3\/\" target=\"_blank\" rel=\"noopener\">Resolution no. 41\/2023\/PL &#8211; Approval of the Global Communication Plan<\/a><\/p>\n<p><strong>CIC<\/strong> | <a href=\"https:\/\/portugal2030.pt\/legislacao\/deliberacao-n-o-39-2023-pl-4\/\" target=\"_blank\" rel=\"noopener\">Resolution no. 42\/2023\/PL &#8211; Approval of the Global Evaluation Plan<\/a><\/p>\n<p><strong>Specific Subcommittee<\/strong> | <a href=\"https:\/\/www.fami2030.gov.pt\/wp-content\/uploads\/sites\/20\/2023\/12\/02_2023_SEFAMI_PAA.pdf\" target=\"_blank\" rel=\"attachment noopener wp-att-14041\">Deliberation no. 02\/2023\/SEFAMI &#8211; Approval of the Annual Calls Plan<\/a><\/p>\n<p><strong>CIC<\/strong> | <a href=\"https:\/\/portugal2030.pt\/legislacao\/deliberacao-n-o-29-2023-pl\/\" target=\"_blank\" rel=\"noopener\">Resolution no. 29\/2023\/PL &#8211; Approval of the Annual Calls Plan (Sept.23\/Aug.24)<\/a><\/p>\n<p><strong>Specific Subcommittee<\/strong> | <a href=\"https:\/\/www.fami2030.gov.pt\/wp-content\/uploads\/sites\/20\/2023\/12\/01_2023_SEFAMI_Reprogr_FAMI.pdf\" target=\"_blank\" rel=\"attachment noopener wp-att-14040\">Deliberation no. 01\/2023\/SEFAMI &#8211; Amendment of the Asylum, Migration and Integration Fund Programme (FAMI)<\/a><\/p>\n<p><strong>CIC<\/strong> | <a href=\"https:\/\/portugal2030.pt\/legislacao\/deliberacao-n-o-01-2023-pl\/\">Deliberation no. 01\/2023\/PL &#8211; Approval of the Rules of procedure of the Interministerial Coordination Committee<\/a><\/p>\n<p>[\/et_pb_text][\/et_pb_column][et_pb_column type=&#8221;1_2&#8243; _builder_version=&#8221;4.16&#8243; _module_preset=&#8221;default&#8221; global_colors_info=&#8221;{}&#8221;][\/et_pb_column][\/et_pb_row][\/et_pb_section][et_pb_section fb_built=&#8221;1&#8243; admin_label=&#8221;DIV &#8211; Programa FAMI 2030&#8243; module_id=&#8221;family&#8221; _builder_version=&#8221;4.27.4&#8243; _module_preset=&#8221;default&#8221; background_color=&#8221;#FFFFFF&#8221; background_enable_color=&#8221;on&#8221; custom_margin=&#8221;||||false|false&#8221; custom_padding=&#8221;||60px||false|false&#8221; locked=&#8221;off&#8221; collapsed=&#8221;on&#8221; global_colors_info=&#8221;{}&#8221;][et_pb_row admin_label=&#8221;Row &#8211; Title&#8221; _builder_version=&#8221;4.27.4&#8243; _module_preset=&#8221;default&#8221; custom_margin=&#8221;||||false|false&#8221; collapsed=&#8221;on&#8221; global_colors_info=&#8221;{}&#8221;][et_pb_column type=&#8221;4_4&#8243; _builder_version=&#8221;4.16&#8243; _module_preset=&#8221;default&#8221; global_colors_info=&#8221;{}&#8221;][et_pb_text admin_label=&#8221;Programa FAMI 2030&#8243; _builder_version=&#8221;4.27.4&#8243; _module_preset=&#8221;default&#8221; custom_margin=&#8221;||||false|false&#8221; global_colors_info=&#8221;{}&#8221;]<\/p>\n<h3><strong>AMIF 2030 Programme<\/strong><\/h3>\n<p>[\/et_pb_text][\/et_pb_column][\/et_pb_row][et_pb_row column_structure=&#8221;1_2,1_2&#8243; admin_label=&#8221;Row &#8211; Docs&#8221; _builder_version=&#8221;4.27.4&#8243; _module_preset=&#8221;default&#8221; custom_padding=&#8221;||||false|false&#8221; collapsed=&#8221;on&#8221; global_colors_info=&#8221;{}&#8221;][et_pb_column type=&#8221;1_2&#8243; _builder_version=&#8221;4.16&#8243; _module_preset=&#8221;default&#8221; global_colors_info=&#8221;{}&#8221;][et_pb_divider divider_weight=&#8221;4px&#8221; admin_label=&#8221;Divider Gradient&#8221; _builder_version=&#8221;4.20.0&#8243; _module_preset=&#8221;default&#8221; background_color_gradient_stops=&#8221;#2b87da 0%|#00a099 100%&#8221; saved_tabs=&#8221;all&#8221; global_colors_info=&#8221;{}&#8221;][\/et_pb_divider][et_pb_text admin_label=&#8221;Programa&#8221; module_id=&#8221;programafami2030&#8243; _builder_version=&#8221;4.27.4&#8243; _module_preset=&#8221;default&#8221; custom_padding=&#8221;||||false|false&#8221; global_colors_info=&#8221;{}&#8221;]<\/p>\n<p><strong>Program<br \/><\/strong><\/p>\n<p><a href=\"https:\/\/www.fami2030.gov.pt\/wp-content\/uploads\/sites\/20\/2025\/06\/sfc2021-PRG-2021PT65AMPR001-5.0.pdf\" target=\"_blank\" rel=\"noopener\">AMIF 2030 Programme (V.05)<\/a>, approved by the European Commission through Decision C(2022)9332, of December 8, amended by Decisions C(2023)7348, of October 23, C(2024)3259, of May 24, by Member State Decision 04\/2024\/SEFAMI, of September 19, and <a href=\"https:\/\/www.fami2030.gov.pt\/wp-content\/uploads\/sites\/20\/2025\/06\/C_2025_4145_1_PT_ACT.pdf\" target=\"_blank\" rel=\"noopener\">C(2025)4145, of June 22.<\/a><\/p>\n<p><a href=\"https:\/\/www.fami2030.gov.pt\/wp-content\/uploads\/sites\/20\/2024\/11\/sfc2021-PRG-2021PT65AMPR001-4.0.pdf\">AMIF 2030 Programme (v.04)<\/a>, approved by the European Commission through Decision C(2022)9332, of December 8, amended by Decisions C(2023)7348, of October 23, and C(2024)3259, of May 24, as well as by <a href=\"https:\/\/www.fami2030.gov.pt\/wp-content\/uploads\/sites\/20\/2024\/09\/Deb_CIC_reprog_FAMI_20240903_SEAP.pdf\">Member State Decision 04\/2024\/SEFAMI, of September 19<\/a>.<\/p>\n<p><a href=\"https:\/\/www.fami2030.gov.pt\/wp-content\/uploads\/sites\/20\/2024\/05\/Programme_snapshot_2021PT65AMPR001_3.0_pt.pdf\" target=\"_blank\" rel=\"noopener noreferrer\" data-auth=\"NotApplicable\" data-linkindex=\"8\">AMIF 2030 Programme (v.03)<\/a> approved by the European Commission through <a href=\"https:\/\/www.fami2030.gov.pt\/wp-content\/uploads\/sites\/20\/2024\/05\/C_2024_3259_1_PT_annexe_acte_autonome_part1_v3-1.pdf\">Decision C(2024) 3259<span class=\"x_MsoHyperlink\"> of May 24<\/span><\/a><span class=\"x_MsoHyperlink\">,<\/span> amending Implementing Decisions C(2023) 7348 of October 23 and C(2022)9332 of December 8.<\/p>\n<p><a href=\"https:\/\/www.fami2030.gov.pt\/wp-content\/uploads\/sites\/20\/2023\/11\/sfc2021-PRG-2021PT65AMPR001-2.0.pdf\" target=\"_blank\" rel=\"noopener noreferrer\" data-auth=\"NotApplicable\" data-linkindex=\"10\">AMIF 2030 Programme (v.02)<\/a> approved by the European Commission through <a href=\"https:\/\/www.fami2030.gov.pt\/wp-content\/uploads\/sites\/20\/2023\/11\/Decisao_C_2023_7348_1_PT_ACT_part1_v2.pdf\" target=\"_blank\" rel=\"noopener noreferrer\" data-auth=\"NotApplicable\" data-linkindex=\"11\">Decision C(2023) 7348 of October 23<\/a>, amending Implementing Decision C(2022)9332 of December 8.<\/p>\n<p><a href=\"https:\/\/www.fami2030.gov.pt\/wp-content\/uploads\/sites\/20\/2023\/05\/PRG-2021PT65AMPR001-1.3.pdf\" target=\"_blank\" rel=\"noopener noreferrer\" data-auth=\"NotApplicable\" data-linkindex=\"12\">AMIF 2030 programme <\/a>approved by the European Commission through <a href=\"https:\/\/www.fami2030.gov.pt\/wp-content\/uploads\/sites\/20\/2023\/11\/Decisao_C_2022_9332_1_PT_ACT.pdf\" target=\"_blank\" rel=\"noopener noreferrer\" data-auth=\"NotApplicable\" data-linkindex=\"13\">Decision C(2022) 9332 of December 8<\/a><\/p>\n<p>[\/et_pb_text][et_pb_divider divider_weight=&#8221;4px&#8221; admin_label=&#8221;Divider Gradient&#8221; _builder_version=&#8221;4.20.0&#8243; _module_preset=&#8221;default&#8221; background_color_gradient_stops=&#8221;#2b87da 0%|#00a099 100%&#8221; saved_tabs=&#8221;all&#8221; global_colors_info=&#8221;{}&#8221;][\/et_pb_divider][et_pb_text admin_label=&#8221;Planos&#8221; module_id=&#8221;planos&#8221; _builder_version=&#8221;4.27.4&#8243; _module_preset=&#8221;default&#8221; custom_padding=&#8221;||||false|false&#8221; global_colors_info=&#8221;{}&#8221;]<\/p>\n<p><strong>Plans<\/strong><\/p>\n<p><a href=\"https:\/\/www.fami2030.gov.pt\/wp-content\/uploads\/sites\/20\/2025\/04\/PlanoGlobalComunicacaoPT2030_20231110.pdf\" target=\"_blank\" rel=\"noopener\">Global Communication Plan<\/a><\/p>\n<p><a href=\"https:\/\/www.fami2030.gov.pt\/wp-content\/uploads\/sites\/20\/2025\/04\/FAMI2030_EstrategiaPlanoComunicacao.pdf\" target=\"_blank\" rel=\"noopener\"><span data-olk-copy-source=\"MessageBody\">AMIF 2030 Communication Strategy and Plan<\/span><\/a><\/p>\n<p><a href=\"https:\/\/www.fami2030.gov.pt\/wp-content\/uploads\/sites\/20\/2025\/04\/PGA_PT2030_nov2023.pdf\" target=\"_blank\" rel=\"noopener\">Global Evaluation Plan<\/a><\/p>\n<p><a href=\"https:\/\/www.fami2030.gov.pt\/wp-content\/uploads\/sites\/20\/2025\/04\/FAMI2030_PlanodeAvaliacao_v1.pdf\" target=\"_blank\" rel=\"noopener\"><span data-olk-copy-source=\"MessageBody\">AMIF 2030 Evaluation Plan<\/span><\/a><\/p>\n<p>[\/et_pb_text][et_pb_divider divider_weight=&#8221;4px&#8221; admin_label=&#8221;Divider Gradient&#8221; _builder_version=&#8221;4.20.0&#8243; _module_preset=&#8221;default&#8221; background_color_gradient_stops=&#8221;#2b87da 0%|#00a099 100%&#8221; saved_tabs=&#8221;all&#8221; global_colors_info=&#8221;{}&#8221;][\/et_pb_divider][et_pb_text admin_label=&#8221;Transmiss\u00e3o de dados \u00e0 Comiss\u00e3o Europeia&#8221; module_id=&#8221;transmissao&#8221; _builder_version=&#8221;4.27.4&#8243; _module_preset=&#8221;default&#8221; custom_padding=&#8221;||||false|false&#8221; global_colors_info=&#8221;{}&#8221;]<\/p>\n<p><strong>Transmission of data to the European Commission<\/strong><\/p>\n<ul>\n<li><a href=\"https:\/\/www.fami2030.gov.pt\/wp-content\/uploads\/sites\/20\/2025\/07\/sfc2021-TOD-2021PT65AMPR001-202506.0.pdf\" target=\"_blank\" rel=\"noopener\">June 2025<\/a><\/li>\n<li><a href=\"https:\/\/www.fami2030.gov.pt\/wp-content\/uploads\/sites\/20\/2025\/04\/sfc2021-TOD-202503.0.pdf\" target=\"_blank\" rel=\"noopener\">April 2025<\/a><\/li>\n<li><a href=\"https:\/\/www.fami2030.gov.pt\/wp-content\/uploads\/sites\/20\/2025\/04\/sfc2021-TOD-202412.0.pdf\" target=\"_blank\" rel=\"noopener\">January 2025<\/a><\/li>\n<li><a href=\"https:\/\/www.fami2030.gov.pt\/wp-content\/uploads\/sites\/20\/2025\/04\/sfc2021-TOD-202410.0.pdf\" target=\"_blank\" rel=\"noopener\">November 2024<\/a><\/li>\n<li><a href=\"https:\/\/www.fami2030.gov.pt\/wp-content\/uploads\/sites\/20\/2025\/04\/sfc2021-TOD-202408.0.pdf\" target=\"_blank\" rel=\"noopener\">September 2024<\/a><\/li>\n<li><a href=\"https:\/\/www.fami2030.gov.pt\/wp-content\/uploads\/sites\/20\/2025\/04\/sfc2021-TOD-202406.0.pdf\" target=\"_blank\" rel=\"noopener\">July 2024<\/a><\/li>\n<li><a href=\"https:\/\/www.fami2030.gov.pt\/wp-content\/uploads\/sites\/20\/2025\/04\/sfc2021-TOD-202403.0.pdf\" target=\"_blank\" rel=\"noopener\">April 2024<\/a><\/li>\n<li><a href=\"https:\/\/www.fami2030.gov.pt\/wp-content\/uploads\/sites\/20\/2025\/04\/sfc2021-TOD-202312.0.pdf\" target=\"_blank\" rel=\"noopener\">January 2024<\/a><\/li>\n<li><a href=\"https:\/\/www.fami2030.gov.pt\/wp-content\/uploads\/sites\/20\/2025\/04\/sfc2021-TOD-202310.0.pdf\" target=\"_blank\" rel=\"noopener\">November 2023<\/a><\/li>\n<li><a href=\"https:\/\/www.fami2030.gov.pt\/wp-content\/uploads\/sites\/20\/2025\/04\/sfc2021-TOD-202308.0.pdf\" target=\"_blank\" rel=\"noopener\">September 2023<\/a><\/li>\n<li><a href=\"https:\/\/www.fami2030.gov.pt\/wp-content\/uploads\/sites\/20\/2025\/04\/sfc2021-TOD-202306.0.pdf\" target=\"_blank\" rel=\"noopener\">July 2023<\/a><\/li>\n<li><a href=\"https:\/\/www.fami2030.gov.pt\/wp-content\/uploads\/sites\/20\/2025\/04\/sfc2021-TOD-202303.0.pdf\" target=\"_blank\" rel=\"noopener\">April 2023<\/a><\/li>\n<\/ul>\n<p>[\/et_pb_text][\/et_pb_column][et_pb_column type=&#8221;1_2&#8243; _builder_version=&#8221;4.16&#8243; _module_preset=&#8221;default&#8221; global_colors_info=&#8221;{}&#8221;][et_pb_divider divider_weight=&#8221;4px&#8221; admin_label=&#8221;Divider Gradient&#8221; _builder_version=&#8221;4.20.0&#8243; _module_preset=&#8221;default&#8221; background_color_gradient_stops=&#8221;#2b87da 0%|#00a099 100%&#8221; saved_tabs=&#8221;all&#8221; global_colors_info=&#8221;{}&#8221;][\/et_pb_divider][et_pb_text admin_label=&#8221;Avalia\u00e7\u00e3o Intercalar&#8221; _builder_version=&#8221;4.27.4&#8243; _module_preset=&#8221;default&#8221; custom_padding=&#8221;||||false|false&#8221; global_colors_info=&#8221;{}&#8221;]<\/p>\n<p><strong>Mid-term review<\/strong><\/p>\n<p><a href=\"https:\/\/www.fami2030.gov.pt\/wp-content\/uploads\/sites\/20\/2024\/06\/Avaliacao-Intercalar_FAMI-2030_Sintese-Grafica.pdf\" target=\"_blank\" rel=\"noopener\">S\u00edntese gr\u00e1fica<\/a> (PT) and <a href=\"https:\/\/www.fami2030.gov.pt\/wp-content\/uploads\/sites\/20\/2024\/06\/Avaliacao-Intercalar_FAMI-2030_Sintese-Grafica-en-GB.pdf\" target=\"_blank\" rel=\"noopener\">Graphic Synthesis<\/a> (EN)<\/p>\n<p><a href=\"https:\/\/www.fami2030.gov.pt\/wp-content\/uploads\/sites\/20\/2024\/06\/Avaliacao-Intercalar_FAMI-2030_Sumario-Executivo.pdf\" target=\"_blank\" rel=\"noopener\">Sum\u00e1rio Executivo<\/a> (PT) e <a href=\"https:\/\/www.fami2030.gov.pt\/wp-content\/uploads\/sites\/20\/2024\/06\/Avaliacao-Intercalar_FAMI-2030_Sumario-Executivo-en-GB.pdf\" target=\"_blank\" rel=\"noopener\">Executive Summary<\/a> (EN)<\/p>\n<p><a href=\"https:\/\/www.fami2030.gov.pt\/wp-content\/uploads\/sites\/20\/2024\/06\/Avaliacao-Intercalar_FAMI-2030_Relatorio-Final.pdf\" target=\"_blank\" rel=\"noopener\">Final Report<\/a><\/p>\n<p>[\/et_pb_text][et_pb_divider divider_weight=&#8221;4px&#8221; admin_label=&#8221;Divider Gradient&#8221; _builder_version=&#8221;4.20.0&#8243; _module_preset=&#8221;default&#8221; background_color_gradient_stops=&#8221;#2b87da 0%|#00a099 100%&#8221; saved_tabs=&#8221;all&#8221; global_colors_info=&#8221;{}&#8221;][\/et_pb_divider][et_pb_text admin_label=&#8221;Avalia\u00e7\u00e3o Ambiental Estrat\u00e9gica&#8221; module_id=&#8221;ambiental&#8221; _builder_version=&#8221;4.27.4&#8243; _module_preset=&#8221;default&#8221; custom_padding=&#8221;||||false|false&#8221; global_colors_info=&#8221;{}&#8221;]<\/p>\n<p><strong>Strategic Environmental Assessment<\/strong><\/p>\n<p>According to the Portuguese Environment Agency, the AMIF 2030 Programme does not fall within the scope of the SEA legal regime defined by article 3 of Decree-Law no. 232\/2007, of June 15, which transposes article 3 of Directive 2011\/42\/EC, of June 25, on the assessment of the effects of certain plans and programme on the environment. <a href=\"https:\/\/www.fami2030.gov.pt\/wp-content\/uploads\/sites\/20\/2025\/04\/S034831-202205-DAIA_DAP_Avaliacao-Ambiental-Estrategica.pdf\" target=\"_blank\" rel=\"noopener\">Consult the document<\/a>.<\/p>\n<p>[\/et_pb_text][\/et_pb_column][\/et_pb_row][\/et_pb_section][et_pb_section fb_built=&#8221;1&#8243; admin_label=&#8221;DIV &#8211; Nacional&#8221; module_id=&#8221;national&#8221; _builder_version=&#8221;4.27.4&#8243; _module_preset=&#8221;default&#8221; background_color=&#8221;#edf0f3&#8243; background_enable_color=&#8221;on&#8221; custom_margin=&#8221;||||false|false&#8221; custom_padding=&#8221;||60px||false|false&#8221; locked=&#8221;off&#8221; collapsed=&#8221;on&#8221; global_colors_info=&#8221;{}&#8221;][et_pb_row admin_label=&#8221;Row &#8211; Title&#8221; _builder_version=&#8221;4.27.4&#8243; _module_preset=&#8221;default&#8221; custom_margin=&#8221;||||false|false&#8221; collapsed=&#8221;off&#8221; global_colors_info=&#8221;{}&#8221;][et_pb_column type=&#8221;4_4&#8243; _builder_version=&#8221;4.16&#8243; _module_preset=&#8221;default&#8221; global_colors_info=&#8221;{}&#8221;][et_pb_text admin_label=&#8221;Nacional&#8221; _builder_version=&#8221;4.27.4&#8243; _module_preset=&#8221;default&#8221; custom_margin=&#8221;||||false|false&#8221; global_colors_info=&#8221;{}&#8221;]<\/p>\n<h3><strong>National<\/strong><\/h3>\n<p>[\/et_pb_text][\/et_pb_column][\/et_pb_row][et_pb_row column_structure=&#8221;1_2,1_2&#8243; admin_label=&#8221;Row &#8211; Docs&#8221; _builder_version=&#8221;4.27.4&#8243; _module_preset=&#8221;default&#8221; custom_padding=&#8221;||||false|false&#8221; collapsed=&#8221;off&#8221; global_colors_info=&#8221;{}&#8221;][et_pb_column type=&#8221;1_2&#8243; _builder_version=&#8221;4.16&#8243; _module_preset=&#8221;default&#8221; global_colors_info=&#8221;{}&#8221;][et_pb_divider divider_weight=&#8221;4px&#8221; admin_label=&#8221;Divider Gradient&#8221; _builder_version=&#8221;4.20.0&#8243; _module_preset=&#8221;default&#8221; background_color_gradient_stops=&#8221;#2b87da 0%|#00a099 100%&#8221; saved_tabs=&#8221;all&#8221; global_colors_info=&#8221;{}&#8221;][\/et_pb_divider][et_pb_text admin_label=&#8221;Estrat\u00e9gia e Planeamento&#8221; _builder_version=&#8221;4.27.4&#8243; _module_preset=&#8221;default&#8221; custom_padding=&#8221;||||false|false&#8221; global_colors_info=&#8221;{}&#8221;]<\/p>\n<p><strong>Strategy and Planning<\/strong><\/p>\n<p><a href=\"https:\/\/www.fami2030.gov.pt\/wp-content\/uploads\/sites\/20\/2024\/01\/RCM_126_2023_Plano-de-Acao-da-Estrategia-Nacional-de-Combate-a-Pobreza-2022-2025.pdf\" rel=\"attachment wp-att-14074\">Plano de A\u00e7\u00e3o da Estrat\u00e9gia Nacional de Combate \u00e0 Pobreza 2022-2025<\/a><\/p>\n<p><a href=\"https:\/\/files.dre.pt\/1s\/2023\/01\/01200\/0000200039.pdf\">Child Guarantee Action Plan 2022-2030<\/a><\/p>\n<p><a href=\"https:\/\/files.dre.pt\/1s\/2021\/12\/25200\/0005200062.pdf\">National Plan for the Implementation of a Youth Guarantee<\/a><\/p>\n<p><a href=\"https:\/\/files.dre.pt\/1s\/2021\/12\/25100\/0001900030.pdf\">National Strategy to Combat Poverty 2021-2030<\/a><\/p>\n<p><a href=\"https:\/\/files.dre.pt\/1s\/2021\/07\/14500\/0002000072.pdf\">National Plan to Combat Racism and Discrimination 2021-2025<\/a><\/p>\n<p><a href=\"https:\/\/diariodarepublica.pt\/dr\/detalhe\/resolucao-conselho-ministros\/34-2025-909307237\"><span data-olk-copy-source=\"MessageBody\">Single Strategy on the Rights of Children and Young People 2025-2035<\/span><\/a><\/p>\n<p><a href=\"https:\/\/files.dre.pt\/1s\/2020\/11\/22200\/0001200061.pdf\">Portugal 2030 Strategy<\/a><\/p>\n<p><a href=\"https:\/\/files.dre.pt\/1s\/2019\/08\/15800\/0004500054.pdf\">National Implementation Plan for the Global Pact on Migration<\/a><\/p>\n<p><a href=\"https:\/\/files.dre.pt\/1s\/2018\/05\/09700\/0222002245.pdf\">National Strategy for Equality and Non-Discrimination 2018-2030<\/a><\/p>\n<p><a href=\"https:\/\/files.dre.pt\/1s\/2018\/05\/08401\/0000200018.pdf\">New Generation of Housing Policies<\/a><\/p>\n<p><a href=\"https:\/\/diariodarepublica.pt\/dr\/detalhe\/resolucao-conselho-ministros\/61-2024-858576211\">National Strategy for the Integration of People Experiencing Homelessness 2017-2023<\/a><\/p>\n<p>[\/et_pb_text][\/et_pb_column][et_pb_column type=&#8221;1_2&#8243; _builder_version=&#8221;4.16&#8243; _module_preset=&#8221;default&#8221; global_colors_info=&#8221;{}&#8221;][et_pb_divider divider_weight=&#8221;4px&#8221; admin_label=&#8221;Divider Gradient&#8221; _builder_version=&#8221;4.20.0&#8243; _module_preset=&#8221;default&#8221; background_color_gradient_stops=&#8221;#2b87da 0%|#00a099 100%&#8221; saved_tabs=&#8221;all&#8221; global_colors_info=&#8221;{}&#8221;][\/et_pb_divider][et_pb_text admin_label=&#8221;Acompanhamento e Avalia\u00e7\u00e3o&#8221; _builder_version=&#8221;4.27.4&#8243; _module_preset=&#8221;default&#8221; custom_padding=&#8221;||||false|false&#8221; global_colors_info=&#8221;{}&#8221;]<\/p>\n<p><strong>Monitoring and Evaluation<\/strong><\/p>\n<p><a href=\"https:\/\/wwwcdn.dges.gov.pt\/sites\/default\/files\/cies-iul_eurostudentviii_sumarioexec_junho2024_1.pdf\">Survey on the Socioeconomic and Academic Conditions of Higher Education Students 2023 | National Report &#8211; Executive Summary (CIES-Iscte, 2024)<\/a><\/p>\n<p><a href=\"https:\/\/wwwcdn.dges.gov.pt\/sites\/default\/files\/cies-iul_eurostudentviii_relatorio_junho2024.pdf\">Survey on the Socioeconomic and Academic Conditions of Higher Education Students 2023 | National Report &#8211; Final Report (CIES-Iscte, 2024)<\/a><\/p>\n<p><a href=\"https:\/\/obsempregojovem.com\/p\/667af38c83d9b2242988e579\">Young jobseekers registered with the IEFP: Characteristics, trajectories and placements | Annual Report (OEJ, 2024)<\/a><\/p>\n<p>[\/et_pb_text][\/et_pb_column][\/et_pb_row][\/et_pb_section][et_pb_section fb_built=&#8221;1&#8243; admin_label=&#8221;Div &#8211; Europeu&#8221; module_id=&#8221;european&#8221; _builder_version=&#8221;4.27.4&#8243; _module_preset=&#8221;default&#8221; background_color=&#8221;#FFFFFF&#8221; background_enable_color=&#8221;on&#8221; custom_margin=&#8221;||||false|false&#8221; custom_padding=&#8221;||||false|false&#8221; locked=&#8221;off&#8221; collapsed=&#8221;on&#8221; global_colors_info=&#8221;{}&#8221;][et_pb_row admin_label=&#8221;Row &#8211; Title&#8221; _builder_version=&#8221;4.27.4&#8243; _module_preset=&#8221;default&#8221; custom_margin=&#8221;||||false|false&#8221; custom_padding=&#8221;||||false|false&#8221; collapsed=&#8221;off&#8221; global_colors_info=&#8221;{}&#8221;][et_pb_column type=&#8221;4_4&#8243; _builder_version=&#8221;4.16&#8243; _module_preset=&#8221;default&#8221; global_colors_info=&#8221;{}&#8221;][et_pb_text admin_label=&#8221;Europeu&#8221; _builder_version=&#8221;4.27.4&#8243; _module_preset=&#8221;default&#8221; custom_padding=&#8221;||||false|false&#8221; global_colors_info=&#8221;{}&#8221;]<\/p>\n<h3><strong>European<\/strong><\/h3>\n<p>[\/et_pb_text][\/et_pb_column][\/et_pb_row][et_pb_row column_structure=&#8221;1_2,1_2&#8243; admin_label=&#8221;Row &#8211; Docs&#8221; _builder_version=&#8221;4.21.0&#8243; _module_preset=&#8221;default&#8221; collapsed=&#8221;off&#8221; global_colors_info=&#8221;{}&#8221;][et_pb_column type=&#8221;1_2&#8243; _builder_version=&#8221;4.16&#8243; _module_preset=&#8221;default&#8221; global_colors_info=&#8221;{}&#8221;][et_pb_divider divider_weight=&#8221;4px&#8221; admin_label=&#8221;Divider Gradient&#8221; _builder_version=&#8221;4.20.0&#8243; _module_preset=&#8221;default&#8221; background_color_gradient_stops=&#8221;#2b87da 0%|#00a099 100%&#8221; saved_tabs=&#8221;all&#8221; global_colors_info=&#8221;{}&#8221;][\/et_pb_divider][et_pb_text admin_label=&#8221;Estrat\u00e9gia e planeamento&#8221; _builder_version=&#8221;4.27.4&#8243; _module_preset=&#8221;default&#8221; custom_margin=&#8221;||||false|false&#8221; custom_padding=&#8221;||0px||false|false&#8221; global_colors_info=&#8221;{}&#8221;]<\/p>\n<p><strong>Strategy and planning<\/strong><\/p>\n<p><a href=\"https:\/\/www.fami2030.gov.pt\/wp-content\/uploads\/sites\/20\/2025\/06\/JRC142039_01.pdf\" target=\"_blank\" rel=\"noopener\">Navigating Migration Narratives (European Union, 2025)<\/a><\/p>\n<p><a href=\"https:\/\/www.cnpdpcj.gov.pt\/documents\/10182\/14804\/Recomenda%C3%A7%C3%A3o+do+Conselho+relativa+%C3%A0+cria%C3%A7%C3%A3o+de+uma+Garantia+Europeia+para+a+Inf%C3%A2ncia\/6a6c9035-5ebc-4827-9dbc-206b8610468e\">European Child Guarantee 2021 (CUE, 2021)<\/a><\/p>\n<p><a href=\"https:\/\/eur-lex.europa.eu\/legal-content\/PT\/TXT\/PDF\/?uri=CELEX:52021DC0171\">Strategy to Combat Trafficking in Human Beings 2021-2025 (EC, 2021)<\/a><\/p>\n<p><a href=\"https:\/\/eur-lex.europa.eu\/resource.html?uri=cellar:e769a102-8d88-11eb-b85c-01aa75ed71a1.0021.02\/DOC_1&amp;format=PDF\">EU Strategy on the Rights of the Child (EC, 2021)<\/a><\/p>\n<p><a href=\"https:\/\/eur-lex.europa.eu\/resource.html?uri=cellar:b7c08d86-7cd5-11eb-9ac9-01aa75ed71a1.0023.02\/DOC_1&amp;format=PDF\">Action Plan on the European Pillar of Social Rights (EC, 2021)<\/a><\/p>\n<p><a href=\"https:\/\/eur-lex.europa.eu\/legal-content\/PT\/TXT\/PDF\/?uri=CELEX:52020DC0758&amp;from=IT\">Action Plan on Integration and Inclusion for 2021-2027 (EC, 2020)<\/a><\/p>\n<p><a href=\"https:\/\/eur-lex.europa.eu\/legal-content\/PT\/TXT\/PDF\/?uri=CELEX:32020H1104(01)\">Reinforced Youth Guarantee (EUC, 2020)<\/a><\/p>\n<p><a href=\"https:\/\/eur-lex.europa.eu\/legal-content\/PT\/TXT\/PDF\/?uri=CELEX:52020DC0565\">EU Action Plan against Racism 2020-2025 (EC, 2020)<\/a><\/p>\n<p><a href=\"blank\">Partnership for the Inclusion of Migrants and Refugees of the Urban Agenda for the EU<\/a><\/p>\n<p><a href=\"https:\/\/eur-lex.europa.eu\/legal-content\/PT\/TXT\/PDF\/?uri=CELEX:12016P\/TXT&amp;from=FR\">Charter of Fundamental Rights of the European Union (EU, 2016)<\/a><\/p>\n<p>[\/et_pb_text][et_pb_divider divider_weight=&#8221;4px&#8221; admin_label=&#8221;Divider Gradient&#8221; _builder_version=&#8221;4.20.0&#8243; _module_preset=&#8221;default&#8221; background_color_gradient_stops=&#8221;#2b87da 0%|#00a099 100%&#8221; saved_tabs=&#8221;all&#8221; global_colors_info=&#8221;{}&#8221;][\/et_pb_divider][et_pb_text admin_label=&#8221;Recomenda\u00e7\u00f5es e boas pr\u00e1ticas&#8221; _builder_version=&#8221;4.27.4&#8243; _module_preset=&#8221;default&#8221; custom_margin=&#8221;||||false|false&#8221; custom_padding=&#8221;||0px||false|false&#8221; global_colors_info=&#8221;{}&#8221;]<\/p>\n<p><strong>Recommendations and good practices<\/strong><\/p>\n<p><a href=\"https:\/\/euaa.europa.eu\/sites\/default\/files\/publications\/2023-04\/Recommendations-Dublin-transfers.pdf\">Recommendations on Dublin Transfers (EUAA, 2023)<\/a><\/p>\n<p><a href=\"https:\/\/euaa.europa.eu\/sites\/default\/files\/Occupational_Standards_EN.pdf\">European Sectoral Qualifications Framework for Asylum and Reception Officials (EUAA, 2022)<\/a><\/p>\n<p><a href=\"https:\/\/euaa.europa.eu\/sites\/default\/files\/publications\/2023-02\/2022_12_EUAA_Scenarios_Analysis_Comprehensive_Report_EN.pdf\">Scenario Analysis for the Future of International Protection in the EU+ in the Next 10 Years (EUAA, 2022)<\/a><\/p>\n<p><a href=\"https:\/\/fra.europa.eu\/sites\/default\/files\/fra_uploads\/fra-2020-handbook-law-asylum-migration-borders-2020-ed_en.pdf\">Handbook on European law relating to asylum, borders and immigration 2020 (FRA, 2020)<\/a><\/p>\n<p>[\/et_pb_text][\/et_pb_column][et_pb_column type=&#8221;1_2&#8243; _builder_version=&#8221;4.16&#8243; _module_preset=&#8221;default&#8221; global_colors_info=&#8221;{}&#8221;][et_pb_divider divider_weight=&#8221;4px&#8221; admin_label=&#8221;Divider Gradient&#8221; _builder_version=&#8221;4.20.0&#8243; _module_preset=&#8221;default&#8221; background_color_gradient_stops=&#8221;#2b87da 0%|#00a099 100%&#8221; saved_tabs=&#8221;all&#8221; global_colors_info=&#8221;{}&#8221;][\/et_pb_divider][et_pb_text admin_label=&#8221;Acompanhamento e avalia\u00e7\u00e3o&#8221; _builder_version=&#8221;4.27.4&#8243; _module_preset=&#8221;default&#8221; custom_margin=&#8221;||||false|false&#8221; custom_padding=&#8221;||||false|false&#8221; global_colors_info=&#8221;{}&#8221;]<\/p>\n<p><b>Monitoring and evaluation<\/b><\/p>\n<p><a href=\"https:\/\/www.fami2030.gov.pt\/wp-content\/uploads\/sites\/20\/2025\/06\/2025_Asylum_Report_Executive_Summary_PT.pdf\" target=\"_blank\" rel=\"noopener\">Asylum Report 2025 | Summary (EUAA, 2025)<\/a><\/p>\n<p><a href=\"https:\/\/www.fami2030.gov.pt\/wp-content\/uploads\/sites\/20\/2025\/06\/2025_Asylum_Report_EN_0.pdf\" target=\"_blank\" rel=\"noopener\">Asylum Report 2025 (EUAA, 2025)<\/a><\/p>\n<p><a href=\"https:\/\/wwwcdn.dges.gov.pt\/sites\/default\/files\/eurostudent_8_synopsis_of_indicators.pdf\"><span lang=\"EN-GB\">Eurostudent VIII, Social and Economic Conditions of Student Life in Europe, Synopsis of Indicators 2021\u20132024 (Eurostudent, 2024)<\/span><\/a><\/p>\n<p><a href=\"https:\/\/www.fami2030.gov.pt\/wp-content\/uploads\/sites\/20\/2024\/05\/2023_Asylum_Report_Executive_Summary_PT_0-1.pdf\">Asylum Report 2023 (EUAA, 2023)<\/a><\/p>\n<p><a href=\"https:\/\/www.fami2030.gov.pt\/wp-content\/uploads\/sites\/20\/2023\/06\/fra-2023-fundamental-rights-report-2023_en.pdf\" rel=\"attachment wp-att-13252\">Fundamental Rights Report 2023 (FRA, 2023)<\/a><\/p>\n<p><a href=\"https:\/\/www.fami2030.gov.pt\/wp-content\/uploads\/sites\/20\/2025\/01\/Auditoria_UE-_Sintese_2022_PT.pdf\">European Union Audit | Presentation of the European Court of Auditors&#8217; Annual Reports for 2022 (ECA, 2023)<\/a><\/p>\n<p><a href=\"https:\/\/euaa.europa.eu\/sites\/default\/files\/publications\/2022-07\/2022_Asylum_Report_Executive_Summary_PT.pdf\">Asylum Report 2022 (EUAA, 2022)<\/a><\/p>\n<p><a href=\"https:\/\/fra.europa.eu\/sites\/default\/files\/fra_uploads\/fra-2021-employers-sanctions-directive-report_en.pdf\">Protecting migrants in an irregular situation from labour exploitation 2021 (FRA, 2021)<\/a><\/p>\n<p><a href=\"https:\/\/fra.europa.eu\/sites\/default\/files\/fra_uploads\/fra-2020-relocating-unaccompanied-children_en.pdf\">Relocating unaccompanied children: applying good practices to future schemes 2020 (FRA, 2020)<\/a><\/p>\n<p>[\/et_pb_text][\/et_pb_column][\/et_pb_row][\/et_pb_section][et_pb_section fb_built=&#8221;1&#8243; admin_label=&#8221;Div &#8211; Internacional&#8221; module_id=&#8221;international&#8221; _builder_version=&#8221;4.27.4&#8243; _module_preset=&#8221;default&#8221; background_color=&#8221;#edf0f3&#8243; background_enable_color=&#8221;on&#8221; custom_margin=&#8221;||||false|false&#8221; custom_padding=&#8221;||60px||false|false&#8221; locked=&#8221;off&#8221; collapsed=&#8221;on&#8221; global_colors_info=&#8221;{}&#8221;][et_pb_row admin_label=&#8221;Row &#8211; Title&#8221; _builder_version=&#8221;4.27.4&#8243; _module_preset=&#8221;default&#8221; custom_margin=&#8221;||||false|false&#8221; custom_padding=&#8221;||0px|||&#8221; collapsed=&#8221;off&#8221; global_colors_info=&#8221;{}&#8221;][et_pb_column type=&#8221;4_4&#8243; _builder_version=&#8221;4.16&#8243; _module_preset=&#8221;default&#8221; global_colors_info=&#8221;{}&#8221;][et_pb_text admin_label=&#8221;Internacional&#8221; _builder_version=&#8221;4.27.4&#8243; _module_preset=&#8221;default&#8221; global_colors_info=&#8221;{}&#8221;]<\/p>\n<h3><strong>International<\/strong><\/h3>\n<p>[\/et_pb_text][\/et_pb_column][\/et_pb_row][et_pb_row column_structure=&#8221;1_2,1_2&#8243; admin_label=&#8221;Row &#8211; Docs&#8221; _builder_version=&#8221;4.27.4&#8243; _module_preset=&#8221;default&#8221; collapsed=&#8221;off&#8221; global_colors_info=&#8221;{}&#8221;][et_pb_column type=&#8221;1_2&#8243; _builder_version=&#8221;4.16&#8243; _module_preset=&#8221;default&#8221; global_colors_info=&#8221;{}&#8221;][et_pb_divider divider_weight=&#8221;4px&#8221; admin_label=&#8221;Divider Gradient&#8221; _builder_version=&#8221;4.20.0&#8243; _module_preset=&#8221;default&#8221; background_color_gradient_stops=&#8221;#2b87da 0%|#00a099 100%&#8221; saved_tabs=&#8221;all&#8221; global_colors_info=&#8221;{}&#8221;][\/et_pb_divider][et_pb_text admin_label=&#8221;Estrat\u00e9gia e Planeamento&#8221; _builder_version=&#8221;4.27.4&#8243; _module_preset=&#8221;default&#8221; custom_margin=&#8221;||||false|false&#8221; custom_padding=&#8221;||0px|||&#8221; global_colors_info=&#8221;{}&#8221;]<\/p>\n<p><strong>Strategy and Planning<\/strong><\/p>\n<p><a href=\"https:\/\/www.ilo.org\/global\/topics\/forced-labour\/publications\/WCMS_918034\/lang--en\/index.htm\">Profits and poverty: The economics of forced labour (ILO, 2024)<\/a><\/p>\n<p><a href=\"https:\/\/www.social-protection.org\/gimi\/ShowRessource.action?id=58415\">ILO Strategy on extending social protection to migrant workers, refugees and their families (ILO, 2024)<\/a><\/p>\n<p><a href=\"https:\/\/refugeesmigrants.un.org\/sites\/default\/files\/180713_agreed_outcome_global_compact_for_migration.pdf\">Global Compact for Safe, Orderly and Regular Migration 2018<\/a><\/p>\n<p><a href=\"https:\/\/www.un.org\/en\/development\/desa\/population\/migration\/generalassembly\/docs\/globalcompact\/A_RES_70_1_E.pdf\">2030 Agenda for Sustainable Development (UN, 2015)<\/a><\/p>\n<p><a href=\"https:\/\/www.unodc.org\/documents\/human-trafficking\/United_Nations_Global_Plan_of_Action_to_Combat_Trafficking_in_Persons.pdf\">Global Action Plan against Trafficking in Persons (UN, 2010)<\/a><\/p>\n<p><a href=\"https:\/\/www.un.org\/en\/development\/desa\/population\/migration\/generalassembly\/docs\/globalcompact\/A_RES_61_106.pdf\">Convention on the Rights of Persons with Disabilities (UN, 2006)<\/a><\/p>\n<p>[\/et_pb_text][et_pb_divider divider_weight=&#8221;4px&#8221; admin_label=&#8221;Divider Gradient&#8221; _builder_version=&#8221;4.20.0&#8243; _module_preset=&#8221;default&#8221; background_color_gradient_stops=&#8221;#2b87da 0%|#00a099 100%&#8221; saved_tabs=&#8221;all&#8221; global_colors_info=&#8221;{}&#8221;][\/et_pb_divider][et_pb_text admin_label=&#8221;Acompanhamento e Avalia\u00e7\u00e3o&#8221; _builder_version=&#8221;4.27.4&#8243; _module_preset=&#8221;default&#8221; custom_margin=&#8221;||||false|false&#8221; custom_padding=&#8221;||||false|false&#8221; global_colors_info=&#8221;{}&#8221;]<\/p>\n<p><strong>Monitoring and Evaluation<\/strong><\/p>\n<p><a href=\"https:\/\/www.fami2030.gov.pt\/wp-content\/uploads\/sites\/20\/2025\/01\/Inquerito_Competencias_Adultos-2023_OCDE-2024.pdf\">Adult Skills Survey 2023 | Overview (OECD, 2024)<\/a><\/p>\n<p><a href=\"https:\/\/www.fami2030.gov.pt\/wp-content\/uploads\/sites\/20\/2025\/01\/Dialogo_Social_2024_SumarioExecutivo_PT.pdf\">Social Dialogue Report 2024 | Executive Summary (ILO, 2024)<\/a><\/p>\n<p><a href=\"https:\/\/www.fami2030.gov.pt\/wp-content\/uploads\/sites\/20\/2025\/01\/02_ILO_Social_Dialogue_2024.pdf\">Social Dialogue Report 2024 | Flagship Report (ILO, 2024)<\/a><\/p>\n<p><a href=\"https:\/\/www.fami2030.gov.pt\/wp-content\/uploads\/sites\/20\/2024\/08\/wcms_921780.pdf\">Labor inspection: control and monitoring of the recruitment of migrant workers | Technical Note (ILO, 2023)<\/a><\/p>\n<p><a href=\"https:\/\/www.fami2030.gov.pt\/wp-content\/uploads\/sites\/20\/2024\/01\/Overview-booklet-Portuguese.pdf\" rel=\"attachment wp-att-14073\">World Development Report &#8211; Migrants, Refugees and Societies Overview (GBM, 2023)<\/a><\/p>\n<p><a href=\"https:\/\/www.fami2030.gov.pt\/wp-content\/uploads\/sites\/20\/2023\/07\/Indicators-of-Immigration-Integration-2023.pdf\" rel=\"attachment wp-att-13325\">Indicators of Immigration Integration (OECD, 2023)<\/a><\/p>\n<p>[\/et_pb_text][\/et_pb_column][et_pb_column type=&#8221;1_2&#8243; _builder_version=&#8221;4.16&#8243; _module_preset=&#8221;default&#8221; global_colors_info=&#8221;{}&#8221;][et_pb_divider divider_weight=&#8221;4px&#8221; admin_label=&#8221;Divider Gradient&#8221; _builder_version=&#8221;4.20.0&#8243; _module_preset=&#8221;default&#8221; background_color_gradient_stops=&#8221;#2b87da 0%|#00a099 100%&#8221; saved_tabs=&#8221;all&#8221; global_colors_info=&#8221;{}&#8221;][\/et_pb_divider][et_pb_text admin_label=&#8221;Recomenda\u00e7\u00f5es e boas pr\u00e1ticas&#8221; _builder_version=&#8221;4.27.4&#8243; _module_preset=&#8221;default&#8221; custom_margin=&#8221;||||false|false&#8221; custom_padding=&#8221;||0px||false|false&#8221; global_colors_info=&#8221;{}&#8221;]<\/p>\n<p><b>Recommendations and good practices<\/b><\/p>\n<p><a href=\"https:\/\/www.fami2030.gov.pt\/wp-content\/uploads\/sites\/20\/2023\/08\/384872eng.pdf\" rel=\"attachment wp-att-13408\">Addressing hate speech through education &#8211; A guide for policy-makers (UNESCO, 2023)<\/a><\/p>\n<p><a href=\"https:\/\/www.oecd-ilibrary.org\/docserver\/02199d7f-en.pdf?expires=1683970743&amp;id=id&amp;accname=guest&amp;checksum=617FAA6295FA54B81789C8DED53C55E3\">Language Training for Adult Migrants (OECD, 2021)<\/a><\/p>\n<p><a href=\"https:\/\/www.oecd-ilibrary.org\/docserver\/6e773bfe-en.pdf?expires=1683971155&amp;id=id&amp;accname=guest&amp;checksum=75C85256FE9044334F635F9AD8A51636\">Young People with Migrant Parents (OECD, 2021)<\/a><\/p>\n<p><a href=\"https:\/\/www.oecd.org\/els\/mig\/finding-their-way-the-integration-of-refugees-in-portugal.pdf\">Portugal: Finding their Way: the Integration of Refugees in Portugal (OECD, 2019)<\/a><\/p>\n<p>[\/et_pb_text][\/et_pb_column][\/et_pb_row][\/et_pb_section][et_pb_section fb_built=&#8221;1&#8243; admin_label=&#8221;Div &#8211; Recursos Eletr\u00f3nicos&#8221; module_id=&#8221;resources&#8221; _builder_version=&#8221;4.27.4&#8243; _module_preset=&#8221;default&#8221; background_color=&#8221;#FFFFFF&#8221; background_enable_color=&#8221;on&#8221; custom_margin=&#8221;||||false|false&#8221; custom_padding=&#8221;||60px||false|false&#8221; locked=&#8221;off&#8221; collapsed=&#8221;on&#8221; global_colors_info=&#8221;{}&#8221;][et_pb_row admin_label=&#8221;Row &#8211; Title&#8221; _builder_version=&#8221;4.21.0&#8243; _module_preset=&#8221;default&#8221; custom_padding=&#8221;||0px|||&#8221; collapsed=&#8221;off&#8221; global_colors_info=&#8221;{}&#8221;][et_pb_column type=&#8221;4_4&#8243; _builder_version=&#8221;4.16&#8243; _module_preset=&#8221;default&#8221; global_colors_info=&#8221;{}&#8221;][et_pb_text admin_label=&#8221;Recursos Eletr\u00f3nicos&#8221; _builder_version=&#8221;4.21.0&#8243; _module_preset=&#8221;default&#8221; global_colors_info=&#8221;{}&#8221;]<\/p>\n<h3><strong>Electronic Resources<\/strong><\/h3>\n<p>[\/et_pb_text][\/et_pb_column][\/et_pb_row][et_pb_row column_structure=&#8221;1_2,1_2&#8243; admin_label=&#8221;Row &#8211; Docs&#8221; _builder_version=&#8221;4.27.4&#8243; _module_preset=&#8221;default&#8221; custom_margin=&#8221;||||false|false&#8221; collapsed=&#8221;off&#8221; global_colors_info=&#8221;{}&#8221;][et_pb_column type=&#8221;1_2&#8243; _builder_version=&#8221;4.16&#8243; _module_preset=&#8221;default&#8221; global_colors_info=&#8221;{}&#8221;][et_pb_divider divider_weight=&#8221;4px&#8221; admin_label=&#8221;Divider Gradient&#8221; _builder_version=&#8221;4.20.0&#8243; _module_preset=&#8221;default&#8221; background_color_gradient_stops=&#8221;#2b87da 0%|#00a099 100%&#8221; saved_tabs=&#8221;all&#8221; global_colors_info=&#8221;{}&#8221;][\/et_pb_divider][et_pb_text admin_label=&#8221;Recursos&#8221; _builder_version=&#8221;4.27.4&#8243; _module_preset=&#8221;default&#8221; custom_margin=&#8221;||||false|false&#8221; custom_padding=&#8221;||||false|false&#8221; global_colors_info=&#8221;{}&#8221;]<\/p>\n<p><a href=\"https:\/\/www.youtube.com\/watch?v=e6rgkRMHcYI\">AMIF 2021-2027 (DG Migration and Home Affairs, 2021)<\/a><\/p>\n<p><a href=\"https:\/\/www.youtube.com\/watch?v=2O-e_hAQG9M&amp;t=11s\" target=\"_blank\" rel=\"noopener\">EASO to EUAA &#8211; What will change? (EUAA, 2022) <\/a><\/p>\n<p><a href=\"https:\/\/www.youtube.com\/watch?v=tCAaUc8v2DU&amp;t=16s\" target=\"_blank\" rel=\"noopener\">The EUAA is working towards fair &amp; equal treatment of all asylum seekers (EUAA, 2023))<\/a><\/p>\n<p><a href=\"https:\/\/www.youtube.com\/watch?v=Xuj-0RL0qLo&amp;t=21s\" target=\"_blank\" rel=\"noopener\">What is the difference between a refugee, an asylum seeker and a migrant? (EUAA, 2023) <\/a><\/p>\n<p><a href=\"https:\/\/www.youtube.com\/watch?v=q-4yKLNIZO0&amp;t=9s\" target=\"_blank\" rel=\"noopener\">Economic migration (DG Migration and Home Affairs, 2013)<\/a><\/p>\n<p><a href=\"https:\/\/www.youtube.com\/watch?v=-SWKFHCVz5M&amp;t=16s\" target=\"_blank\" rel=\"noopener\">Ukraine: human rights voices (FRA, 2022)<\/a><\/p>\n<p><a href=\"https:\/\/www.youtube.com\/watch?v=ronHhSNJVmM&amp;t=67s\" target=\"_blank\" rel=\"noopener\">Protecting migrants\u2019 human rights together (FRA, 2021)<\/a><\/p>\n<p><a href=\"https:\/\/www.youtube.com\/watch?v=cNknEIk1_ss&amp;t=18s\" target=\"_blank\" rel=\"noopener\">Rights holders perspectives of severe labour exploitation (FRA, 2019)<\/a><\/p>\n<p><a href=\"https:\/\/www.youtube.com\/watch?v=6vcsvbbuFHk&amp;t=7s\" target=\"_blank\" rel=\"noopener\">Five migration issues that need urgent action (FRA, 2018)<\/a><\/p>\n<p><a href=\"https:\/\/www.youtube.com\/watch?v=7Lx4TJPXd9U\" target=\"_blank\" rel=\"noopener\">Children\u2019s perspectives on migration and asylum (FRA, 2017)<\/a><\/p>\n<p><a href=\"https:\/\/www.youtube.com\/watch?v=fr7ZguMvg2o&amp;t=57s\" target=\"_blank\" rel=\"noopener\">Fundamental Rights Forum &#8211; Refugee protection (FRA, 2016)<\/a><\/p>\n<p><a href=\"https:\/\/www.youtube.com\/watch?v=pn5h7xF7Njo&amp;t=54s\" target=\"_blank\" rel=\"noopener\">Resettlement work by IOM and UNHCR (IOM, 2023))<\/a><\/p>\n<p>[\/et_pb_text][\/et_pb_column][et_pb_column type=&#8221;1_2&#8243; _builder_version=&#8221;4.16&#8243; _module_preset=&#8221;default&#8221; global_colors_info=&#8221;{}&#8221;][\/et_pb_column][\/et_pb_row][\/et_pb_section][et_pb_section fb_built=&#8221;1&#8243; admin_label=&#8221;Div &#8211; Institucional&#8221; module_id=&#8221;institutional&#8221; _builder_version=&#8221;4.27.4&#8243; _module_preset=&#8221;default&#8221; background_color=&#8221;#edf0f3&#8243; background_enable_color=&#8221;on&#8221; custom_margin=&#8221;||||false|false&#8221; custom_padding=&#8221;||||false|false&#8221; locked=&#8221;off&#8221; collapsed=&#8221;off&#8221; global_colors_info=&#8221;{}&#8221;][et_pb_row admin_label=&#8221;Row &#8211; Institutional&#8221; _builder_version=&#8221;4.27.4&#8243; _module_preset=&#8221;default&#8221; custom_padding=&#8221;||0px|||&#8221; collapsed=&#8221;off&#8221; global_colors_info=&#8221;{}&#8221;][et_pb_column type=&#8221;4_4&#8243; _builder_version=&#8221;4.16&#8243; _module_preset=&#8221;default&#8221; global_colors_info=&#8221;{}&#8221;][et_pb_text admin_label=&#8221;Institucional&#8221; _builder_version=&#8221;4.27.4&#8243; _module_preset=&#8221;default&#8221; global_colors_info=&#8221;{}&#8221;]<\/p>\n<h3><strong>Institutional<\/strong><\/h3>\n<p>[\/et_pb_text][\/et_pb_column][\/et_pb_row][et_pb_row column_structure=&#8221;1_2,1_2&#8243; admin_label=&#8221;Row &#8211; Docs&#8221; _builder_version=&#8221;4.27.4&#8243; _module_preset=&#8221;default&#8221; custom_margin=&#8221;||||false|false&#8221; collapsed=&#8221;off&#8221; global_colors_info=&#8221;{}&#8221;][et_pb_column type=&#8221;1_2&#8243; _builder_version=&#8221;4.16&#8243; _module_preset=&#8221;default&#8221; global_colors_info=&#8221;{}&#8221;][et_pb_divider divider_weight=&#8221;4px&#8221; admin_label=&#8221;Divider Gradient&#8221; _builder_version=&#8221;4.20.0&#8243; _module_preset=&#8221;default&#8221; background_color_gradient_stops=&#8221;#2b87da 0%|#00a099 100%&#8221; saved_tabs=&#8221;all&#8221; global_colors_info=&#8221;{}&#8221;][\/et_pb_divider][et_pb_text admin_label=&#8221;Recursos&#8221; _builder_version=&#8221;4.27.4&#8243; _module_preset=&#8221;default&#8221; custom_margin=&#8221;||||false|false&#8221; custom_padding=&#8221;||||false|false&#8221; hover_enabled=&#8221;0&#8243; global_colors_info=&#8221;{}&#8221; sticky_enabled=&#8221;0&#8243;]<\/p>\n<p><a href=\"https:\/\/www.fami2030.gov.pt\/wp-content\/uploads\/sites\/20\/2025\/12\/FAMI-2030_Carta_de_missao_e_valores_V.2.0_23.12.2024.pdf\" target=\"_blank\" rel=\"noopener\">Mission and Values Charter<\/a><\/p>\n<p><a href=\"https:\/\/www.fami2030.gov.pt\/wp-content\/uploads\/sites\/20\/2025\/12\/FAMI-2030_Codigo_de_Etica_e_de_conduta_V2.0_23.12.2024.pdf\" target=\"_blank\" rel=\"noopener\">Code of Ethics and Conduct<\/a><\/p>\n<p><a href=\"https:\/\/www.fami2030.gov.pt\/wp-content\/uploads\/sites\/20\/2025\/12\/Anexo-IV_FAMI-2030_Declaracao_de_politica_antifraude_V2.0_23.12.2024_signed_signed.pdf\" target=\"_blank\" rel=\"noopener\">Anti-Fraud Policy Statement<\/a><\/p>\n<p><a href=\"https:\/\/www.fami2030.gov.pt\/wp-content\/uploads\/sites\/20\/2023\/10\/FAMI-2030_Plano_Prevencao_Riscos_Gestao_Corrupcao_Infracoes_Conexas.pdf\" rel=\"attachment wp-att-13659\">Plan for the Prevention of Management Risks, including Corruption and Related Offenses<\/a><\/p>\n<p><a href=\"https:\/\/www.fami2030.gov.pt\/wp-content\/uploads\/sites\/20\/2025\/12\/FAMI2030_Estrategia_Antifraude_e_Anticorrupcao_V2.0_23.12.2024.pdf\" target=\"_blank\" rel=\"noopener\">Anti-Fraud and Anti-Corruption Strategy<\/a><\/p>\n<p><a href=\"https:\/\/fami2030.formext.maistransparente.com\/\">Complaints channel<\/a><\/p>\n<p><a href=\"https:\/\/www.fami2030.gov.pt\/wp-content\/uploads\/sites\/20\/2025\/05\/plano_formacao_2025.pdf\" target=\"_blank\" rel=\"attachment noopener wp-att-13662\">Training Plan<\/a><\/p>\n<p><a href=\"https:\/\/www.fami2030.gov.pt\/wp-content\/uploads\/sites\/20\/2024\/09\/Organograma_AGFAMI2030.pdf\">Organization chart of the AMIF 2030 Managing Authority<\/a><\/p>\n<p><a href=\"https:\/\/www.fami2030.gov.pt\/en\/recruitment\/\">Recruitment<\/a><\/p>\n<div class=\"col-xs-12 col-sm-6 col-md-4 tabletitle\">\u00a0<\/div>\n<p>[\/et_pb_text][\/et_pb_column][et_pb_column type=&#8221;1_2&#8243; _builder_version=&#8221;4.16&#8243; _module_preset=&#8221;default&#8221; global_colors_info=&#8221;{}&#8221;][\/et_pb_column][\/et_pb_row][\/et_pb_section][et_pb_section fb_built=&#8221;1&#8243; admin_label=&#8221;Div &#8211; Links \u00fateis&#8221; module_id=&#8221;projects&#8221; _builder_version=&#8221;4.27.4&#8243; _module_preset=&#8221;default&#8221; custom_margin=&#8221;||||false|false&#8221; custom_padding=&#8221;||||false|false&#8221; locked=&#8221;off&#8221; collapsed=&#8221;on&#8221; global_colors_info=&#8221;{}&#8221;][et_pb_row _builder_version=&#8221;4.19.2&#8243; _module_preset=&#8221;default&#8221; global_colors_info=&#8221;{}&#8221;][et_pb_column type=&#8221;4_4&#8243; _builder_version=&#8221;4.19.2&#8243; _module_preset=&#8221;default&#8221; global_colors_info=&#8221;{}&#8221;][et_pb_text admin_label=&#8221;T\u00edtulo&#8221; _builder_version=&#8221;4.27.4&#8243; _module_preset=&#8221;default&#8221; custom_margin=&#8221;||||false|false&#8221; global_colors_info=&#8221;{}&#8221;]<\/p>\n<h4><strong>Other pages that may be useful<\/strong><\/h4>\n<p>&nbsp;<\/p>\n<p><a href=\"https:\/\/centro.portugal2030.pt\/o-portugal-2030\/o-que-e-o-portugal-2030\/\">What is Portugal 2030<\/a><\/p>\n<p><a href=\"https:\/\/centro.portugal2030.pt\/o-portugal-2030\/programas\/\">Programmes<\/a><\/p>\n<p><a href=\"https:\/\/centro.portugal2030.pt\/ajuda-artigos\/\">Help<\/a><\/p>\n<p>[\/et_pb_text][\/et_pb_column][\/et_pb_row][\/et_pb_section]<\/p>\n","protected":false},"excerpt":{"rendered":"<p>Communication and VisibilityGuide to Communication Rules for Beneficiaries of the AMIF 2030 Programme Models Operation sheet Templates for posters, signs, billboards AMIF 2030 Logo Cofinancing Bar Financing Bar Abusive use of symbols, insignia and references to support from the European Union, Portugal 2030 and the respective programmes is liable to prosecution. (Article 15(3) of Decree-Law [&hellip;]<\/p>\n","protected":false},"author":1,"featured_media":0,"parent":0,"menu_order":0,"comment_status":"closed","ping_status":"closed","template":"","meta":{"_acf_changed":false,"_et_pb_use_builder":"on","_et_pb_old_content":"","_et_gb_content_width":"","_crosspost_to_3":false,"_crosspost_to_10":false,"_crosspost_to_13":false,"_crosspost_to_14":false,"_crosspost_to_15":false,"_crosspost_to_16":false,"_crosspost_to_17":false,"_crosspost_to_18":false,"_crosspost_to_19":false,"iawp_total_views":77,"footnotes":""},"class_list":["post-17782","page","type-page","status-publish","hentry"],"acf":[],"yoast_head":"<!-- This site is optimized with the Yoast SEO plugin v27.4 - https:\/\/yoast.com\/product\/yoast-seo-wordpress\/ -->\n<title>Documents and Resources - Programa FAMI \u2013 Fundo para o Asilo, a Migra\u00e7\u00e3o e a Integra\u00e7\u00e3o<\/title>\n<meta name=\"description\" content=\"FAMI 2030 documents and resources\" \/>\n<meta name=\"robots\" content=\"index, follow, max-snippet:-1, max-image-preview:large, max-video-preview:-1\" \/>\n<link rel=\"canonical\" href=\"https:\/\/www.fami2030.gov.pt\/en\/documents-and-resources\/\" \/>\n<meta property=\"og:locale\" content=\"en_US\" \/>\n<meta property=\"og:type\" content=\"article\" \/>\n<meta property=\"og:title\" content=\"Documents and Resources - Programa FAMI \u2013 Fundo para o Asilo, a Migra\u00e7\u00e3o e a Integra\u00e7\u00e3o\" \/>\n<meta property=\"og:description\" content=\"FAMI 2030 documents and resources\" \/>\n<meta property=\"og:url\" content=\"https:\/\/www.fami2030.gov.pt\/en\/documents-and-resources\/\" \/>\n<meta property=\"og:site_name\" content=\"Programa FAMI \u2013 Fundo para o Asilo, a Migra\u00e7\u00e3o e a Integra\u00e7\u00e3o\" \/>\n<meta property=\"article:modified_time\" content=\"2025-12-11T17:28:17+00:00\" \/>\n<meta property=\"og:image\" content=\"https:\/\/www.fami2030.gov.pt\/wp-content\/uploads\/sites\/20\/2023\/07\/FAMI_logo_h_c_s-1024x591.jpg\" \/>\n<meta name=\"twitter:card\" content=\"summary_large_image\" \/>\n<meta name=\"twitter:image\" content=\"https:\/\/www.fami2030.gov.pt\/wp-content\/uploads\/sites\/20\/2023\/07\/FAMI_logo_h_c_s-1024x591.jpg\" \/>\n<meta name=\"twitter:label1\" content=\"Est. reading time\" \/>\n\t<meta name=\"twitter:data1\" content=\"8 minutes\" \/>\n<script type=\"application\/ld+json\" class=\"yoast-schema-graph\">{\"@context\":\"https:\\\/\\\/schema.org\",\"@graph\":[{\"@type\":\"WebPage\",\"@id\":\"https:\\\/\\\/www.fami2030.gov.pt\\\/en\\\/documents-and-resources\\\/\",\"url\":\"https:\\\/\\\/www.fami2030.gov.pt\\\/en\\\/documents-and-resources\\\/\",\"name\":\"Documents and Resources - Programa FAMI \u2013 Fundo para o Asilo, a Migra\u00e7\u00e3o e a Integra\u00e7\u00e3o\",\"isPartOf\":{\"@id\":\"https:\\\/\\\/www.fami2030.gov.pt\\\/#website\"},\"datePublished\":\"2023-04-14T11:13:06+00:00\",\"dateModified\":\"2025-12-11T17:28:17+00:00\",\"description\":\"FAMI 2030 documents and resources\",\"breadcrumb\":{\"@id\":\"https:\\\/\\\/www.fami2030.gov.pt\\\/en\\\/documents-and-resources\\\/#breadcrumb\"},\"inLanguage\":\"en-US\",\"potentialAction\":[{\"@type\":\"ReadAction\",\"target\":[\"https:\\\/\\\/www.fami2030.gov.pt\\\/en\\\/documents-and-resources\\\/\"]}]},{\"@type\":\"BreadcrumbList\",\"@id\":\"https:\\\/\\\/www.fami2030.gov.pt\\\/en\\\/documents-and-resources\\\/#breadcrumb\",\"itemListElement\":[{\"@type\":\"ListItem\",\"position\":1,\"name\":\"In\u00edcio\",\"item\":\"https:\\\/\\\/www.fami2030.gov.pt\\\/en\\\/\"},{\"@type\":\"ListItem\",\"position\":2,\"name\":\"Documents and Resources\"}]},{\"@type\":\"WebSite\",\"@id\":\"https:\\\/\\\/www.fami2030.gov.pt\\\/#website\",\"url\":\"https:\\\/\\\/www.fami2030.gov.pt\\\/\",\"name\":\"Programa FAMI \u2013 Fundo para o Asilo, a Migra\u00e7\u00e3o e a Integra\u00e7\u00e3o\",\"description\":\"\",\"potentialAction\":[{\"@type\":\"SearchAction\",\"target\":{\"@type\":\"EntryPoint\",\"urlTemplate\":\"https:\\\/\\\/www.fami2030.gov.pt\\\/?s={search_term_string}\"},\"query-input\":{\"@type\":\"PropertyValueSpecification\",\"valueRequired\":true,\"valueName\":\"search_term_string\"}}],\"inLanguage\":\"en-US\"}]}<\/script>\n<!-- \/ Yoast SEO plugin. -->","yoast_head_json":{"title":"Documents and Resources - Programa FAMI \u2013 Fundo para o Asilo, a Migra\u00e7\u00e3o e a Integra\u00e7\u00e3o","description":"FAMI 2030 documents and resources","robots":{"index":"index","follow":"follow","max-snippet":"max-snippet:-1","max-image-preview":"max-image-preview:large","max-video-preview":"max-video-preview:-1"},"canonical":"https:\/\/www.fami2030.gov.pt\/en\/documents-and-resources\/","og_locale":"en_US","og_type":"article","og_title":"Documents and Resources - Programa FAMI \u2013 Fundo para o Asilo, a Migra\u00e7\u00e3o e a Integra\u00e7\u00e3o","og_description":"FAMI 2030 documents and resources","og_url":"https:\/\/www.fami2030.gov.pt\/en\/documents-and-resources\/","og_site_name":"Programa FAMI \u2013 Fundo para o Asilo, a Migra\u00e7\u00e3o e a Integra\u00e7\u00e3o","article_modified_time":"2025-12-11T17:28:17+00:00","og_image":[{"url":"https:\/\/www.fami2030.gov.pt\/wp-content\/uploads\/sites\/20\/2023\/07\/FAMI_logo_h_c_s-1024x591.jpg","type":"","width":"","height":""}],"twitter_card":"summary_large_image","twitter_image":"https:\/\/www.fami2030.gov.pt\/wp-content\/uploads\/sites\/20\/2023\/07\/FAMI_logo_h_c_s-1024x591.jpg","twitter_misc":{"Est. reading time":"8 minutes"},"schema":{"@context":"https:\/\/schema.org","@graph":[{"@type":"WebPage","@id":"https:\/\/www.fami2030.gov.pt\/en\/documents-and-resources\/","url":"https:\/\/www.fami2030.gov.pt\/en\/documents-and-resources\/","name":"Documents and Resources - Programa FAMI \u2013 Fundo para o Asilo, a Migra\u00e7\u00e3o e a Integra\u00e7\u00e3o","isPartOf":{"@id":"https:\/\/www.fami2030.gov.pt\/#website"},"datePublished":"2023-04-14T11:13:06+00:00","dateModified":"2025-12-11T17:28:17+00:00","description":"FAMI 2030 documents and resources","breadcrumb":{"@id":"https:\/\/www.fami2030.gov.pt\/en\/documents-and-resources\/#breadcrumb"},"inLanguage":"en-US","potentialAction":[{"@type":"ReadAction","target":["https:\/\/www.fami2030.gov.pt\/en\/documents-and-resources\/"]}]},{"@type":"BreadcrumbList","@id":"https:\/\/www.fami2030.gov.pt\/en\/documents-and-resources\/#breadcrumb","itemListElement":[{"@type":"ListItem","position":1,"name":"In\u00edcio","item":"https:\/\/www.fami2030.gov.pt\/en\/"},{"@type":"ListItem","position":2,"name":"Documents and Resources"}]},{"@type":"WebSite","@id":"https:\/\/www.fami2030.gov.pt\/#website","url":"https:\/\/www.fami2030.gov.pt\/","name":"Programa FAMI \u2013 Fundo para o Asilo, a Migra\u00e7\u00e3o e a Integra\u00e7\u00e3o","description":"","potentialAction":[{"@type":"SearchAction","target":{"@type":"EntryPoint","urlTemplate":"https:\/\/www.fami2030.gov.pt\/?s={search_term_string}"},"query-input":{"@type":"PropertyValueSpecification","valueRequired":true,"valueName":"search_term_string"}}],"inLanguage":"en-US"}]}},"_links":{"self":[{"href":"https:\/\/www.fami2030.gov.pt\/en\/wp-json\/wp\/v2\/pages\/17782","targetHints":{"allow":["GET"]}}],"collection":[{"href":"https:\/\/www.fami2030.gov.pt\/en\/wp-json\/wp\/v2\/pages"}],"about":[{"href":"https:\/\/www.fami2030.gov.pt\/en\/wp-json\/wp\/v2\/types\/page"}],"author":[{"embeddable":true,"href":"https:\/\/www.fami2030.gov.pt\/en\/wp-json\/wp\/v2\/users\/1"}],"replies":[{"embeddable":true,"href":"https:\/\/www.fami2030.gov.pt\/en\/wp-json\/wp\/v2\/comments?post=17782"}],"version-history":[{"count":8,"href":"https:\/\/www.fami2030.gov.pt\/en\/wp-json\/wp\/v2\/pages\/17782\/revisions"}],"predecessor-version":[{"id":18633,"href":"https:\/\/www.fami2030.gov.pt\/en\/wp-json\/wp\/v2\/pages\/17782\/revisions\/18633"}],"wp:attachment":[{"href":"https:\/\/www.fami2030.gov.pt\/en\/wp-json\/wp\/v2\/media?parent=17782"}],"curies":[{"name":"wp","href":"https:\/\/api.w.org\/{rel}","templated":true}]}}