{"id":17791,"date":"2023-05-29T12:25:13","date_gmt":"2023-05-29T12:25:13","guid":{"rendered":"https:\/\/www.fami2030.gov.pt\/other-call\/"},"modified":"2025-08-01T11:58:14","modified_gmt":"2025-08-01T11:58:14","slug":"other-calls","status":"publish","type":"page","link":"https:\/\/www.fami2030.gov.pt\/en\/other-calls\/","title":{"rendered":"Other calls"},"content":{"rendered":"<p>[et_pb_section fb_built=&#8221;1&#8243; module_class=&#8221;bg-pt2030&#8243; _builder_version=&#8221;4.20.2&#8243; _module_preset=&#8221;c4a2e7fd-d548-43d4-b772-081a4dc0f273&#8243; locked=&#8221;on&#8221; collapsed=&#8221;on&#8221; global_colors_info=&#8221;{}&#8221;][et_pb_row _builder_version=&#8221;4.20.2&#8243; _module_preset=&#8221;default&#8221; global_colors_info=&#8221;{}&#8221;][et_pb_column type=&#8221;4_4&#8243; _builder_version=&#8221;4.20.2&#8243; _module_preset=&#8221;default&#8221; global_colors_info=&#8221;{}&#8221;][et_pb_post_title meta=&#8221;off&#8221; featured_image=&#8221;off&#8221; _builder_version=&#8221;4.20.2&#8243; _module_preset=&#8221;default&#8221; global_colors_info=&#8221;{}&#8221;][\/et_pb_post_title][\/et_pb_column][\/et_pb_row][\/et_pb_section][et_pb_section fb_built=&#8221;1&#8243; _builder_version=&#8221;4.20.2&#8243; _module_preset=&#8221;c4a2e7fd-d548-43d4-b772-081a4dc0f273&#8243; global_colors_info=&#8221;{}&#8221;][et_pb_row column_structure=&#8221;1_2,1_2&#8243; admin_label=&#8221;Other call&#8221; _builder_version=&#8221;4.20.2&#8243; _module_preset=&#8221;default&#8221; collapsed=&#8221;off&#8221; global_colors_info=&#8221;{}&#8221;][et_pb_column type=&#8221;1_2&#8243; _builder_version=&#8221;4.20.2&#8243; _module_preset=&#8221;default&#8221; global_colors_info=&#8221;{}&#8221;][et_pb_text admin_label=&#8221;Asylum, Migration and Integration Fund (2021-2027)&#8221; module_id=&#8221;Fund&#8221; _builder_version=&#8221;4.27.4&#8243; _module_preset=&#8221;default&#8221; global_colors_info=&#8221;{}&#8221;]<\/p>\n<h3><strong>Asylum, Migration and Integration Fund (2021-2027)<\/strong><\/h3>\n<p>&nbsp;<\/p>\n<p><a href=\"https:\/\/ec.europa.eu\/info\/funding-tenders\/opportunities\/portal\/screen\/opportunities\/topic-details\/AMIF-2025-TF2-AG-INTE-01-WOMEN?isExactMatch=true&amp;status=31094501,31094502,31094503&amp;frameworkProgramme=43251447&amp;callIdentifier=AMIF-2025-TF2-AG-INTE&amp;order=DESC&amp;pageNumber=1&amp;pageSize=50&amp;sortBy=startDate\" target=\"_blank\" rel=\"noopener\">Support measures for migrant women\u2019s integration<\/a><br \/><i>AMIF-2025-TF2-AG-INTE-01-WOMEN<\/i><\/p>\n<p><a href=\"https:\/\/ec.europa.eu\/info\/funding-tenders\/opportunities\/portal\/screen\/opportunities\/topic-details\/AMIF-2025-TF2-AG-INTE-02-HEALTH?isExactMatch=true&amp;status=31094501,31094502,31094503&amp;frameworkProgramme=43251447&amp;callIdentifier=AMIF-2025-TF2-AG-INTE&amp;order=DESC&amp;pageNumber=1&amp;pageSize=50&amp;sortBy=startDate\" target=\"_blank\" rel=\"noopener\">Access to healthcare<\/a><br \/><i>AMIF-2025-TF2-AG-INTE-02-HEALTH<\/i><\/p>\n<p><a href=\"https:\/\/ec.europa.eu\/info\/funding-tenders\/opportunities\/portal\/screen\/opportunities\/topic-details\/AMIF-2025-TF2-AG-INTE-03-DIGITAL?isExactMatch=true&amp;status=31094501,31094502,31094503&amp;frameworkProgramme=43251447&amp;callIdentifier=AMIF-2025-TF2-AG-INTE&amp;order=DESC&amp;pageNumber=1&amp;pageSize=50&amp;sortBy=startDate\" target=\"_blank\" rel=\"noopener\">Improving digital skills among migrants<\/a><br \/><i>AMIF-2025-TF2-AG-INTE-03-DIGITAL<\/i><\/p>\n<p><a href=\"https:\/\/ec.europa.eu\/info\/funding-tenders\/opportunities\/portal\/screen\/opportunities\/topic-details\/AMIF-2025-TF2-AG-INTE-04-PATHWAYS?isExactMatch=true&amp;status=31094501,31094502,31094503&amp;frameworkProgramme=43251447&amp;callIdentifier=AMIF-2025-TF2-AG-INTE&amp;order=DESC&amp;pageNumber=1&amp;pageSize=50&amp;sortBy=startDate\" target=\"_blank\" rel=\"noopener\">Promoting complementary pathways linked to education<\/a><br \/><i>AMIF-2025-TF2-AG-INTE-04-PATHWAYS<\/i><\/p>\n<p><a href=\"https:\/\/ec.europa.eu\/info\/funding-tenders\/opportunities\/portal\/screen\/opportunities\/topic-details\/AMIF-2025-TF2-AG-INTE-05-CHILDREN?isExactMatch=true&amp;status=31094501,31094502,31094503&amp;frameworkProgramme=43251447&amp;callIdentifier=AMIF-2025-TF2-AG-INTE&amp;order=DESC&amp;pageNumber=1&amp;pageSize=50&amp;sortBy=startDate\" target=\"_blank\" rel=\"noopener\">Measures to support Member States in the field of protection of children in migration<\/a><br \/><i>AMIF-2025-TF2-AG-INTE-05-CHILDREN<\/i><\/p>\n<p><a href=\"https:\/\/ec.europa.eu\/info\/funding-tenders\/opportunities\/portal\/screen\/opportunities\/topic-details\/amif-2024-tf2-ag-thb-01?order=DESC&amp;pageNumber=1&amp;pageSize=50&amp;sortBy=startDate&amp;isExactMatch=true&amp;status=31094501,31094502&amp;frameworkProgramme=43251447\" target=\"_blank\" rel=\"noopener noreferrer\" data-auth=\"NotApplicable\" data-linkindex=\"14\">Assistance, support and integration of third country national victims of trafficking in human beings<\/a><br \/><i>AMIF-2024-TF2-AG-THB-01<\/i><\/p>\n<p><a href=\"https:\/\/ec.europa.eu\/info\/funding-tenders\/opportunities\/portal\/screen\/opportunities\/topic-details\/amif-2023-tf2-ag-call-01-sponsorship;callCode=null;freeTextSearchKeyword=;matchWholeText=true;typeCodes=0,1,2,8;statusCodes=31094501,31094502,31094503;programmePeriod=null;programCcm2Id=43251447;programDivisionCode=null;focusAreaCode=null;destinationGroup=null;missionGroup=null;geographicalZonesCode=null;programmeDivisionProspect=null;startDateLte=null;startDateGte=null;crossCuttingPriorityCode=null;cpvCode=null;performanceOfDelivery=null;sortQuery=sortStatus;orderBy=asc;onlyTenders=false;topicListKey=topicSearchTablePageState\" target=\"_blank\" rel=\"noopener\">Promoting community sponsorship schemes and integration of persons in need of protection<\/a><br \/><i>AMIF-2023-TF2-AG-CALL-01-SPONSORSHIP<\/i><\/p>\n<p><a href=\"https:\/\/ec.europa.eu\/info\/funding-tenders\/opportunities\/portal\/screen\/opportunities\/topic-details\/amif-2023-tf2-ag-call-02-local;callCode=null;freeTextSearchKeyword=;matchWholeText=true;typeCodes=0,1,2,8;statusCodes=31094501,31094502,31094503;programmePeriod=null;programCcm2Id=43251447;programDivisionCode=null;focusAreaCode=null;destinationGroup=null;missionGroup=null;geographicalZonesCode=null;programmeDivisionProspect=null;startDateLte=null;startDateGte=null;crossCuttingPriorityCode=null;cpvCode=null;performanceOfDelivery=null;sortQuery=sortStatus;orderBy=asc;onlyTenders=false;topicListKey=topicSearchTablePageState\" target=\"_blank\" rel=\"noopener\">Integration and inclusion at regional and local level<\/a><br \/><i>AMIF-2023-TF2-AG-CALL-02-LOCAL<\/i><\/p>\n<p><a href=\"https:\/\/ec.europa.eu\/info\/funding-tenders\/opportunities\/portal\/screen\/opportunities\/topic-details\/amif-2023-tf2-ag-call-05-pathways;callCode=null;freeTextSearchKeyword=;matchWholeText=true;typeCodes=0,1,2,8;statusCodes=31094501,31094502,31094503;programmePeriod=null;programCcm2Id=43251447;programDivisionCode=null;focusAreaCode=null;destinationGroup=null;missionGroup=null;geographicalZonesCode=null;programmeDivisionProspect=null;startDateLte=null;startDateGte=null;crossCuttingPriorityCode=null;cpvCode=null;performanceOfDelivery=null;sortQuery=sortStatus;orderBy=asc;onlyTenders=false;topicListKey=topicSearchTablePageState\" target=\"_blank\" rel=\"noopener\">Promoting complementary pathways linked to education and\/or work<\/a><br \/><i>AMIF-2023-TF2-AG-CALL-05-PATHWAYS<\/i><\/p>\n<p><a href=\"https:\/\/ec.europa.eu\/info\/funding-tenders\/opportunities\/portal\/screen\/opportunities\/topic-details\/amif-2023-tf2-ag-call-04-labour;callCode=null;freeTextSearchKeyword=;matchWholeText=true;typeCodes=0,1,2,8;statusCodes=31094501,31094502,31094503;programmePeriod=null;programCcm2Id=43251447;programDivisionCode=null;focusAreaCode=null;destinationGroup=null;missionGroup=null;geographicalZonesCode=null;programmeDivisionProspect=null;startDateLte=null;startDateGte=null;crossCuttingPriorityCode=null;cpvCode=null;performanceOfDelivery=null;sortQuery=sortStatus;orderBy=asc;onlyTenders=false;topicListKey=topicSearchTablePageState\" target=\"_blank\" rel=\"noopener\">Multi-stakeholder initiatives for migrant integration into the labour market<\/a><br \/><i>AMIF-2023-TF2-AG-CALL-04-LABOUR<\/i><\/p>\n<p><a href=\"https:\/\/ec.europa.eu\/info\/funding-tenders\/opportunities\/portal\/screen\/opportunities\/topic-details\/amif-2023-tf2-ag-call-06-children;callCode=null;freeTextSearchKeyword=;matchWholeText=true;typeCodes=0,1,2,8;statusCodes=31094501,31094502,31094503;programmePeriod=null;programCcm2Id=43251447;programDivisionCode=null;focusAreaCode=null;destinationGroup=null;missionGroup=null;geographicalZonesCode=null;programmeDivisionProspect=null;startDateLte=null;startDateGte=null;crossCuttingPriorityCode=null;cpvCode=null;performanceOfDelivery=null;sortQuery=sortStatus;orderBy=asc;onlyTenders=false;topicListKey=topicSearchTablePageState\" target=\"_blank\" rel=\"noopener\">Transnational actions to support Member States in the field of protection of children in migration<\/a><br \/><i>AMIF-2023-TF2-AG-CALL-06-CHILDREN<\/i><\/p>\n<p><a href=\"https:\/\/ec.europa.eu\/info\/funding-tenders\/opportunities\/portal\/screen\/opportunities\/topic-details\/amif-2023-tf2-ag-call-03-education;callCode=null;freeTextSearchKeyword=;matchWholeText=true;typeCodes=0,1,2,8;statusCodes=31094501,31094502,31094503;programmePeriod=null;programCcm2Id=43251447;programDivisionCode=null;focusAreaCode=null;destinationGroup=null;missionGroup=null;geographicalZonesCode=null;programmeDivisionProspect=null;startDateLte=null;startDateGte=null;crossCuttingPriorityCode=null;cpvCode=null;performanceOfDelivery=null;sortQuery=sortStatus;orderBy=asc;onlyTenders=false;topicListKey=topicSearchTablePageState\" target=\"_blank\" rel=\"noopener\">Support to integration in education of migrant children and young adults<\/a><br \/><i>AMIF-2023-TF2-AG-CALL-03-EDUCATION<\/i><\/p>\n<p>[\/et_pb_text][\/et_pb_column][et_pb_column type=&#8221;1_2&#8243; _builder_version=&#8221;4.20.2&#8243; _module_preset=&#8221;default&#8221; global_colors_info=&#8221;{}&#8221;][et_pb_text admin_label=&#8221;Citizens, Equality, Rights and Values Programme (CERV)&#8221; _builder_version=&#8221;4.25.1&#8243; _module_preset=&#8221;default&#8221; min_height=&#8221;224.3px&#8221; global_colors_info=&#8221;{}&#8221;]<\/p>\n<h3><strong>Citizens, Equality, Rights and Values Programme (2021-2027)<\/strong><\/h3>\n<p>\u200b<\/p>\n<p><a href=\"https:\/\/ec.europa.eu\/info\/funding-tenders\/opportunities\/portal\/screen\/opportunities\/topic-details\/cerv-2024-child?keywords=migration&amp;tenders=false&amp;programmePeriod=2021%20-%202027&amp;programmePart=\">Rights of the child and children\u2019s participation<\/a><br \/><i>CERV-2024-CHILD<\/i><\/p>\n<p><a href=\"https:\/\/ec.europa.eu\/info\/funding-tenders\/opportunities\/portal\/screen\/opportunities\/topic-details\/cerv-2023-equal;callCode=CERV-2023-EQUAL;freeTextSearchKeyword=;matchWholeText=true;typeCodes=1;statusCodes=31094501,31094502,31094503;programmePeriod=null;programCcm2Id=43251589;programDivisionCode=null;focusAreaCode=null;destinationGroup=null;missionGroup=null;geographicalZonesCode=null;programmeDivisionProspect=null;startDateLte=null;startDateGte=null;crossCuttingPriorityCode=null;cpvCode=null;performanceOfDelivery=null;sortQuery=sortStatus;orderBy=asc;onlyTenders=false;topicListKey=callTopicSearchTableState\" target=\"_blank\" rel=\"noopener\">Call for proposals to promote equality and to fight against racism, xenophobia and discrimination<\/a><br \/><i>CERV-2023-EQUAL<\/i><\/p>\n<p>[\/et_pb_text][et_pb_text admin_label=&#8221;Horizon Europe (2021-2027)&#8221; _builder_version=&#8221;4.25.1&#8243; _module_preset=&#8221;default&#8221; global_colors_info=&#8221;{}&#8221;]<\/p>\n<h3><strong>Horizon Europe (2021-2027)<\/strong><\/h3>\n<p><a href=\"https:\/\/ec.europa.eu\/info\/funding-tenders\/opportunities\/portal\/screen\/opportunities\/topic-details\/horizon-cl3-2024-fct-01-04?order=DESC&amp;pageNumber=1&amp;pageSize=50&amp;sortBy=startDate&amp;isExactMatch=true&amp;status=31094501,31094502\" target=\"_blank\" rel=\"noopener noreferrer\" data-auth=\"NotApplicable\" data-linkindex=\"15\">Radicalisation and gender<\/a><br \/><i>HORIZON-CL3-2024-FCT-01-04<\/i><\/p>\n<p><a href=\"https:\/\/ec.europa.eu\/info\/funding-tenders\/opportunities\/portal\/screen\/opportunities\/topic-details\/horizon-cl3-2024-fct-01-05;callCode=null;freeTextSearchKeyword=;matchWholeText=true;typeCodes=1,2,8;statusCodes=31094501;programmePeriod=null;programCcm2Id=43108390;programDivisionCode=43118971;focusAreaCode=null;destinationGroup=null;missionGroup=null;geographicalZonesCode=null;programmeDivisionProspect=null;startDateLte=null;startDateGte=null;crossCuttingPriorityCode=null;cpvCode=null;performanceOfDelivery=null;sortQuery=sortStatus;orderBy=asc;onlyTenders=false;topicListKey=topicSearchTablePageState\">Combating hate speech online and offline<\/a><br \/><i>HORIZON-CL3-2024-FCT-01<\/i><\/p>\n<p>[\/et_pb_text][et_pb_text admin_label=&#8221;Erasmus+Programme (2021-2027)&#8221; _builder_version=&#8221;4.25.1&#8243; _module_preset=&#8221;default&#8221; locked=&#8221;off&#8221; global_colors_info=&#8221;{}&#8221;]<\/p>\n<h3><strong>Erasmus+Programme (2021-2027)<\/strong><\/h3>\n<p><a href=\"https:\/\/ec.europa.eu\/info\/funding-tenders\/opportunities\/portal\/screen\/opportunities\/topic-details\/erasmus-sport-2024-cb?keywords=migrants&amp;programmePeriod=2021%20-%202027\">Capacity building in the field of sport<\/a><br \/><em>ERASMUS-SPORT-2024-CB<\/em><\/p>\n<p><a href=\"https:\/\/ec.europa.eu\/info\/funding-tenders\/opportunities\/portal\/screen\/opportunities\/topic-details\/erasmus-sport-2023-beinclusive-sport-awards-peace;callCode=null;freeTextSearchKeyword=;matchWholeText=true;typeCodes=0,1,2,8;statusCodes=31094502;programmePeriod=2021%20-%202027;programCcm2Id=43353764;programDivisionCode=null;focusAreaCode=null;destinationGroup=null;missionGroup=null;geographicalZonesCode=null;programmeDivisionProspect=null;startDateLte=null;startDateGte=null;crossCuttingPriorityCode=null;cpvCode=null;performanceOfDelivery=null;sortQuery=sortStatus;orderBy=asc;onlyTenders=false;topicListKey=topicSearchTablePageState\">#BeInclusive &#8211; Sport for Peace<\/a><br \/><em>ERASMUS-SPORT-2023-BE-INCLUSIVE-SPORT-AWARDS<\/em><\/p>\n<p>[\/et_pb_text][\/et_pb_column][\/et_pb_row][\/et_pb_section]<\/p>\n","protected":false},"excerpt":{"rendered":"<p>Asylum, Migration and Integration Fund (2021-2027) &nbsp; Support measures for migrant women\u2019s integrationAMIF-2025-TF2-AG-INTE-01-WOMEN Access to healthcareAMIF-2025-TF2-AG-INTE-02-HEALTH Improving digital skills among migrantsAMIF-2025-TF2-AG-INTE-03-DIGITAL Promoting complementary pathways linked to educationAMIF-2025-TF2-AG-INTE-04-PATHWAYS Measures to support Member States in the field of protection of children in migrationAMIF-2025-TF2-AG-INTE-05-CHILDREN Assistance, support and integration of third country national victims of trafficking in human beingsAMIF-2024-TF2-AG-THB-01 [&hellip;]<\/p>\n","protected":false},"author":1,"featured_media":0,"parent":0,"menu_order":0,"comment_status":"closed","ping_status":"closed","template":"","meta":{"_acf_changed":false,"_et_pb_use_builder":"on","_et_pb_old_content":"","_et_gb_content_width":"","_crosspost_to_3":false,"_crosspost_to_10":false,"_crosspost_to_13":false,"_crosspost_to_14":false,"_crosspost_to_15":false,"_crosspost_to_16":false,"_crosspost_to_17":false,"_crosspost_to_18":false,"_crosspost_to_19":false,"iawp_total_views":58,"footnotes":""},"class_list":["post-17791","page","type-page","status-publish","hentry"],"acf":[],"yoast_head":"<!-- This site is optimized with the Yoast SEO plugin v27.4 - https:\/\/yoast.com\/product\/yoast-seo-wordpress\/ -->\n<title>Other calls - Programa FAMI \u2013 Fundo para o Asilo, a Migra\u00e7\u00e3o e a Integra\u00e7\u00e3o<\/title>\n<meta name=\"robots\" content=\"index, follow, max-snippet:-1, max-image-preview:large, max-video-preview:-1\" \/>\n<link rel=\"canonical\" href=\"https:\/\/www.fami2030.gov.pt\/en\/other-calls\/\" \/>\n<meta property=\"og:locale\" content=\"en_US\" \/>\n<meta property=\"og:type\" content=\"article\" \/>\n<meta property=\"og:title\" content=\"Other calls - Programa FAMI \u2013 Fundo para o Asilo, a Migra\u00e7\u00e3o e a Integra\u00e7\u00e3o\" \/>\n<meta property=\"og:description\" content=\"Asylum, Migration and Integration Fund (2021-2027) &nbsp; Support measures for migrant women\u2019s integrationAMIF-2025-TF2-AG-INTE-01-WOMEN Access to healthcareAMIF-2025-TF2-AG-INTE-02-HEALTH Improving digital skills among migrantsAMIF-2025-TF2-AG-INTE-03-DIGITAL Promoting complementary pathways linked to educationAMIF-2025-TF2-AG-INTE-04-PATHWAYS Measures to support Member States in the field of protection of children in migrationAMIF-2025-TF2-AG-INTE-05-CHILDREN Assistance, support and integration of third country national victims of trafficking in human beingsAMIF-2024-TF2-AG-THB-01 [&hellip;]\" \/>\n<meta property=\"og:url\" content=\"https:\/\/www.fami2030.gov.pt\/en\/other-calls\/\" \/>\n<meta property=\"og:site_name\" content=\"Programa FAMI \u2013 Fundo para o Asilo, a Migra\u00e7\u00e3o e a Integra\u00e7\u00e3o\" \/>\n<meta property=\"article:modified_time\" content=\"2025-08-01T11:58:14+00:00\" \/>\n<meta name=\"twitter:card\" content=\"summary_large_image\" \/>\n<meta name=\"twitter:label1\" content=\"Est. reading time\" \/>\n\t<meta name=\"twitter:data1\" content=\"2 minutes\" \/>\n<script type=\"application\/ld+json\" class=\"yoast-schema-graph\">{\"@context\":\"https:\\\/\\\/schema.org\",\"@graph\":[{\"@type\":\"WebPage\",\"@id\":\"https:\\\/\\\/www.fami2030.gov.pt\\\/en\\\/other-calls\\\/\",\"url\":\"https:\\\/\\\/www.fami2030.gov.pt\\\/en\\\/other-calls\\\/\",\"name\":\"Other calls - Programa FAMI \u2013 Fundo para o Asilo, a Migra\u00e7\u00e3o e a Integra\u00e7\u00e3o\",\"isPartOf\":{\"@id\":\"https:\\\/\\\/www.fami2030.gov.pt\\\/#website\"},\"datePublished\":\"2023-05-29T12:25:13+00:00\",\"dateModified\":\"2025-08-01T11:58:14+00:00\",\"breadcrumb\":{\"@id\":\"https:\\\/\\\/www.fami2030.gov.pt\\\/en\\\/other-calls\\\/#breadcrumb\"},\"inLanguage\":\"en-US\",\"potentialAction\":[{\"@type\":\"ReadAction\",\"target\":[\"https:\\\/\\\/www.fami2030.gov.pt\\\/en\\\/other-calls\\\/\"]}]},{\"@type\":\"BreadcrumbList\",\"@id\":\"https:\\\/\\\/www.fami2030.gov.pt\\\/en\\\/other-calls\\\/#breadcrumb\",\"itemListElement\":[{\"@type\":\"ListItem\",\"position\":1,\"name\":\"In\u00edcio\",\"item\":\"https:\\\/\\\/www.fami2030.gov.pt\\\/en\\\/\"},{\"@type\":\"ListItem\",\"position\":2,\"name\":\"Other calls\"}]},{\"@type\":\"WebSite\",\"@id\":\"https:\\\/\\\/www.fami2030.gov.pt\\\/#website\",\"url\":\"https:\\\/\\\/www.fami2030.gov.pt\\\/\",\"name\":\"Programa FAMI \u2013 Fundo para o Asilo, a Migra\u00e7\u00e3o e a Integra\u00e7\u00e3o\",\"description\":\"\",\"potentialAction\":[{\"@type\":\"SearchAction\",\"target\":{\"@type\":\"EntryPoint\",\"urlTemplate\":\"https:\\\/\\\/www.fami2030.gov.pt\\\/?s={search_term_string}\"},\"query-input\":{\"@type\":\"PropertyValueSpecification\",\"valueRequired\":true,\"valueName\":\"search_term_string\"}}],\"inLanguage\":\"en-US\"}]}<\/script>\n<!-- \/ Yoast SEO plugin. -->","yoast_head_json":{"title":"Other calls - Programa FAMI \u2013 Fundo para o Asilo, a Migra\u00e7\u00e3o e a Integra\u00e7\u00e3o","robots":{"index":"index","follow":"follow","max-snippet":"max-snippet:-1","max-image-preview":"max-image-preview:large","max-video-preview":"max-video-preview:-1"},"canonical":"https:\/\/www.fami2030.gov.pt\/en\/other-calls\/","og_locale":"en_US","og_type":"article","og_title":"Other calls - Programa FAMI \u2013 Fundo para o Asilo, a Migra\u00e7\u00e3o e a Integra\u00e7\u00e3o","og_description":"Asylum, Migration and Integration Fund (2021-2027) &nbsp; Support measures for migrant women\u2019s integrationAMIF-2025-TF2-AG-INTE-01-WOMEN Access to healthcareAMIF-2025-TF2-AG-INTE-02-HEALTH Improving digital skills among migrantsAMIF-2025-TF2-AG-INTE-03-DIGITAL Promoting complementary pathways linked to educationAMIF-2025-TF2-AG-INTE-04-PATHWAYS Measures to support Member States in the field of protection of children in migrationAMIF-2025-TF2-AG-INTE-05-CHILDREN Assistance, support and integration of third country national victims of trafficking in human beingsAMIF-2024-TF2-AG-THB-01 [&hellip;]","og_url":"https:\/\/www.fami2030.gov.pt\/en\/other-calls\/","og_site_name":"Programa FAMI \u2013 Fundo para o Asilo, a Migra\u00e7\u00e3o e a Integra\u00e7\u00e3o","article_modified_time":"2025-08-01T11:58:14+00:00","twitter_card":"summary_large_image","twitter_misc":{"Est. reading time":"2 minutes"},"schema":{"@context":"https:\/\/schema.org","@graph":[{"@type":"WebPage","@id":"https:\/\/www.fami2030.gov.pt\/en\/other-calls\/","url":"https:\/\/www.fami2030.gov.pt\/en\/other-calls\/","name":"Other calls - Programa FAMI \u2013 Fundo para o Asilo, a Migra\u00e7\u00e3o e a Integra\u00e7\u00e3o","isPartOf":{"@id":"https:\/\/www.fami2030.gov.pt\/#website"},"datePublished":"2023-05-29T12:25:13+00:00","dateModified":"2025-08-01T11:58:14+00:00","breadcrumb":{"@id":"https:\/\/www.fami2030.gov.pt\/en\/other-calls\/#breadcrumb"},"inLanguage":"en-US","potentialAction":[{"@type":"ReadAction","target":["https:\/\/www.fami2030.gov.pt\/en\/other-calls\/"]}]},{"@type":"BreadcrumbList","@id":"https:\/\/www.fami2030.gov.pt\/en\/other-calls\/#breadcrumb","itemListElement":[{"@type":"ListItem","position":1,"name":"In\u00edcio","item":"https:\/\/www.fami2030.gov.pt\/en\/"},{"@type":"ListItem","position":2,"name":"Other calls"}]},{"@type":"WebSite","@id":"https:\/\/www.fami2030.gov.pt\/#website","url":"https:\/\/www.fami2030.gov.pt\/","name":"Programa FAMI \u2013 Fundo para o Asilo, a Migra\u00e7\u00e3o e a Integra\u00e7\u00e3o","description":"","potentialAction":[{"@type":"SearchAction","target":{"@type":"EntryPoint","urlTemplate":"https:\/\/www.fami2030.gov.pt\/?s={search_term_string}"},"query-input":{"@type":"PropertyValueSpecification","valueRequired":true,"valueName":"search_term_string"}}],"inLanguage":"en-US"}]}},"_links":{"self":[{"href":"https:\/\/www.fami2030.gov.pt\/en\/wp-json\/wp\/v2\/pages\/17791","targetHints":{"allow":["GET"]}}],"collection":[{"href":"https:\/\/www.fami2030.gov.pt\/en\/wp-json\/wp\/v2\/pages"}],"about":[{"href":"https:\/\/www.fami2030.gov.pt\/en\/wp-json\/wp\/v2\/types\/page"}],"author":[{"embeddable":true,"href":"https:\/\/www.fami2030.gov.pt\/en\/wp-json\/wp\/v2\/users\/1"}],"replies":[{"embeddable":true,"href":"https:\/\/www.fami2030.gov.pt\/en\/wp-json\/wp\/v2\/comments?post=17791"}],"version-history":[{"count":4,"href":"https:\/\/www.fami2030.gov.pt\/en\/wp-json\/wp\/v2\/pages\/17791\/revisions"}],"predecessor-version":[{"id":18112,"href":"https:\/\/www.fami2030.gov.pt\/en\/wp-json\/wp\/v2\/pages\/17791\/revisions\/18112"}],"wp:attachment":[{"href":"https:\/\/www.fami2030.gov.pt\/en\/wp-json\/wp\/v2\/media?parent=17791"}],"curies":[{"name":"wp","href":"https:\/\/api.w.org\/{rel}","templated":true}]}}