{"id":17826,"date":"2022-12-12T15:39:06","date_gmt":"2022-12-12T15:39:06","guid":{"rendered":"https:\/\/www.fami2030.gov.pt\/portugal-2030-in-3-minutes\/"},"modified":"2025-07-25T11:21:31","modified_gmt":"2025-07-25T11:21:31","slug":"portugal-2030-in-3-minutes","status":"publish","type":"page","link":"https:\/\/www.fami2030.gov.pt\/en\/portugal-2030-in-3-minutes\/","title":{"rendered":"Portugal 2030 in 3 minutes"},"content":{"rendered":"<p>[et_pb_section fb_built=&#8221;1&#8243; admin_label=&#8221;Header&#8221; module_class=&#8221;bg-pt2030&#8243; _builder_version=&#8221;4.22.2&#8243; _module_preset=&#8221;default&#8221; hover_enabled=&#8221;0&#8243; locked=&#8221;off&#8221; collapsed=&#8221;off&#8221; global_colors_info=&#8221;{}&#8221; background_enable_image=&#8221;off&#8221; sticky_enabled=&#8221;0&#8243;][et_pb_row column_structure=&#8221;3_5,2_5&#8243; _builder_version=&#8221;4.19.2&#8243; _module_preset=&#8221;default&#8221; collapsed=&#8221;off&#8221; global_colors_info=&#8221;{}&#8221;][et_pb_column type=&#8221;3_5&#8243; _builder_version=&#8221;4.19.2&#8243; _module_preset=&#8221;default&#8221; global_colors_info=&#8221;{}&#8221;][et_pb_post_title meta=&#8221;off&#8221; featured_image=&#8221;off&#8221; _builder_version=&#8221;4.19.4&#8243; _module_preset=&#8221;default&#8221; title_font=&#8221;|700|||||||&#8221; global_colors_info=&#8221;{}&#8221;][\/et_pb_post_title][et_pb_text _builder_version=&#8221;4.19.5&#8243; _module_preset=&#8221;default&#8221; locked=&#8221;off&#8221; global_colors_info=&#8221;{}&#8221;]<\/p>\n<h3><strong>Discover Portugal 2030<\/strong><\/h3>\n<p>&nbsp;<\/p>\n<p><a href=\"#etapas\">What it is<\/a><\/p>\n<p><a href=\"#etapas\">How it applies<\/a><\/p>\n<p><a href=\"#etapas\">AMIF beneficiaries<\/a><\/p>\n<p><a href=\"#apoios\">Strategic objectives<\/a><\/p>\n<p><a href=\"#governacao\">Governance Model<\/a><\/p>\n<p>[\/et_pb_text][\/et_pb_column][et_pb_column type=&#8221;2_5&#8243; _builder_version=&#8221;4.19.2&#8243; _module_preset=&#8221;default&#8221; global_colors_info=&#8221;{}&#8221;][et_pb_video src=&#8221;https:\/\/youtu.be\/tdV5UcnR0vU&#8221; _builder_version=&#8221;4.19.2&#8243; _module_preset=&#8221;default&#8221; global_colors_info=&#8221;{}&#8221;][\/et_pb_video][\/et_pb_column][\/et_pb_row][\/et_pb_section][et_pb_section fb_built=&#8221;1&#8243; admin_label=&#8221;Etapas&#8221; module_id=&#8221;stages&#8221; _builder_version=&#8221;4.19.4&#8243; _module_preset=&#8221;default&#8221; background_color=&#8221;#edf0f3&#8243; background_enable_color=&#8221;on&#8221; locked=&#8221;off&#8221; collapsed=&#8221;on&#8221; global_colors_info=&#8221;{}&#8221;][et_pb_row column_structure=&#8221;1_3,1_3,1_3&#8243; use_custom_gutter=&#8221;on&#8221; gutter_width=&#8221;2&#8243; make_equal=&#8221;on&#8221; _builder_version=&#8221;4.19.4&#8243; _module_preset=&#8221;default&#8221; locked=&#8221;off&#8221; collapsed=&#8221;off&#8221; global_colors_info=&#8221;{}&#8221;][et_pb_column type=&#8221;1_3&#8243; _builder_version=&#8221;4.19.4&#8243; _module_preset=&#8221;default&#8221; global_colors_info=&#8221;{}&#8221;][et_pb_cta title=&#8221;What it is&#8221; button_text=&#8221;Click Here&#8221; _builder_version=&#8221;4.19.4&#8243; _module_preset=&#8221;1ad54657-0f2e-498e-94d9-8ed8526c0096&#8243; global_colors_info=&#8221;{}&#8221;]<\/p>\n<p>Portugal 2030 implements the Partnership Agreement between Portugal and the European Commission to apply <strong>\u20ac23 billion of European funds to projects that stimulate and develop the Portuguese economy<\/strong> between 2021 and 2027.<\/p>\n<p>[\/et_pb_cta][\/et_pb_column][et_pb_column type=&#8221;1_3&#8243; _builder_version=&#8221;4.19.4&#8243; _module_preset=&#8221;default&#8221; global_colors_info=&#8221;{}&#8221;][et_pb_cta title=&#8221;How it applies&#8221; button_text=&#8221;Click Here&#8221; _builder_version=&#8221;4.19.4&#8243; _module_preset=&#8221;1ad54657-0f2e-498e-94d9-8ed8526c0096&#8243; global_colors_info=&#8221;{}&#8221;]<\/p>\n<p>The total amount available to finance projects will be distributed through <strong>programmes<\/strong> organised by <strong>theme<\/strong> and <strong>region<\/strong>.<\/p>\n<p>It is within the scope of each programme that support will be created and the conditions to be met by those wishing to apply will be defined.<\/p>\n<p>[\/et_pb_cta][\/et_pb_column][et_pb_column type=&#8221;1_3&#8243; _builder_version=&#8221;4.19.4&#8243; _module_preset=&#8221;default&#8221; global_colors_info=&#8221;{}&#8221;][et_pb_cta title=&#8221;AMIF beneficiaries&#8221; button_text=&#8221;Click Here&#8221; _builder_version=&#8221;4.19.4&#8243; _module_preset=&#8221;1ad54657-0f2e-498e-94d9-8ed8526c0096&#8243; global_colors_info=&#8221;{}&#8221;]<\/p>\n<ul>\n<li>Individuals<\/li>\n<li>Companies<\/li>\n<li>Local authorities and other public bodies<\/li>\n<li>Cooperatives, associations, private social solidarity institutions, and other private entities.<\/li>\n<\/ul>\n<p>The beneficiaries of the support will be defined in the call for applications for each application.<\/p>\n<p>[\/et_pb_cta][\/et_pb_column][\/et_pb_row][\/et_pb_section][et_pb_section fb_built=&#8221;1&#8243; admin_label=&#8221;As \u00e1reas a apoiar&#8221; module_id=&#8221;supports&#8221; _builder_version=&#8221;4.19.4&#8243; _module_preset=&#8221;default&#8221; locked=&#8221;off&#8221; collapsed=&#8221;on&#8221; global_colors_info=&#8221;{}&#8221;][et_pb_row _builder_version=&#8221;4.19.2&#8243; _module_preset=&#8221;default&#8221; locked=&#8221;off&#8221; collapsed=&#8221;on&#8221; global_colors_info=&#8221;{}&#8221;][et_pb_column type=&#8221;4_4&#8243; _builder_version=&#8221;4.19.2&#8243; _module_preset=&#8221;default&#8221; global_colors_info=&#8221;{}&#8221;][et_pb_divider divider_weight=&#8221;4px&#8221; admin_label=&#8221;Divider Gradient&#8221; _builder_version=&#8221;4.20.0&#8243; _module_preset=&#8221;default&#8221; background_color_gradient_stops=&#8221;#2b87da 0%|#00a099 100%&#8221; global_module=&#8221;12015&#8243; saved_tabs=&#8221;all&#8221; global_colors_info=&#8221;{}&#8221;][\/et_pb_divider][et_pb_text admin_label=&#8221;T\u00edtulo&#8221; _builder_version=&#8221;4.19.4&#8243; _module_preset=&#8221;default&#8221; global_colors_info=&#8221;{}&#8221;]<\/p>\n<h2 style=\"text-align: left\"><strong>Strategic objectives<\/strong><\/h2>\n<p>&nbsp;<\/p>\n<p>Portugal 2030 will support projects that help to achieve:<\/p>\n<p>[\/et_pb_text][\/et_pb_column][\/et_pb_row][et_pb_row column_structure=&#8221;1_2,1_2&#8243; _builder_version=&#8221;4.19.2&#8243; _module_preset=&#8221;default&#8221; background_enable_color=&#8221;off&#8221; locked=&#8221;off&#8221; collapsed=&#8221;off&#8221; global_colors_info=&#8221;{}&#8221;][et_pb_column type=&#8221;1_2&#8243; _builder_version=&#8221;4.19.2&#8243; _module_preset=&#8221;default&#8221; background_enable_color=&#8221;off&#8221; global_colors_info=&#8221;{}&#8221;][et_pb_blurb title=&#8221;Portugal + Smarter&#8221; use_icon=&#8221;on&#8221; font_icon=&#8221;&#xe007;||divi||400&#8243; icon_placement=&#8221;left&#8221; admin_label=&#8221;Portugal + Verde&#8221; _builder_version=&#8221;4.19.4&#8243; _module_preset=&#8221;default&#8221; global_colors_info=&#8221;{}&#8221;]<\/p>\n<p>Investing in research and innovation, digitisation, competitiveness and internationalisation of companies, skills for smart specialisation, industrial transition and entrepreneurship.<\/p>\n<p>[\/et_pb_blurb][et_pb_blurb title=&#8221;Portugal + Connected&#8221; use_icon=&#8221;on&#8221; font_icon=&#8221;&#xf6ff;||fa||900&#8243; icon_placement=&#8221;left&#8221; admin_label=&#8221;Portugal + Conectado&#8221; _builder_version=&#8221;4.19.4&#8243; _module_preset=&#8221;default&#8221; global_colors_info=&#8221;{}&#8221;]<\/p>\n<p>With strategic transport networks, based on a strong commitment to railways, enhancing the mobility of people and goods, as well as the qualification of territories, ensuring their attractiveness, competitiveness and integration into national and international markets.<\/p>\n<p>[\/et_pb_blurb][et_pb_blurb title=&#8221;Portugal + Next&#8221; use_icon=&#8221;on&#8221; font_icon=&#8221;&#xf57e;||fa||900&#8243; icon_placement=&#8221;left&#8221; admin_label=&#8221;Portugal + Pr\u00f3ximo&#8221; _builder_version=&#8221;4.19.4&#8243; _module_preset=&#8221;default&#8221; global_colors_info=&#8221;{}&#8221;]<\/p>\n<p>Close to citizens, supporting local development strategies that promote social and territorial cohesion, and supporting sustainable urban development based on the concept of interconnected networks, focused on people&#8217;s needs.<\/p>\n<p>[\/et_pb_blurb][\/et_pb_column][et_pb_column type=&#8221;1_2&#8243; _builder_version=&#8221;4.19.2&#8243; _module_preset=&#8221;default&#8221; background_enable_color=&#8221;off&#8221; global_colors_info=&#8221;{}&#8221;][et_pb_blurb title=&#8221;Portugal + Green&#8221; use_icon=&#8221;on&#8221; font_icon=&#8221;&#xf4d8;||fa||900&#8243; icon_placement=&#8221;left&#8221; admin_label=&#8221;Portugal + Verde&#8221; _builder_version=&#8221;4.19.4&#8243; _module_preset=&#8221;default&#8221; global_colors_info=&#8221;{}&#8221;]<\/p>\n<p>Focused on the green transition, keeping pace with the climate emergency and incorporating decarbonisation, energy efficiency and renewable energy targets, while supporting innovation, the circular economy and sustainable mobility.<\/p>\n<p>[\/et_pb_blurb][et_pb_blurb title=&#8221;Portugal + Social&#8221; use_icon=&#8221;on&#8221; font_icon=&#8221;&#xf0c0;||fa||900&#8243; icon_placement=&#8221;left&#8221; admin_label=&#8221;Portugal + Social&#8221; _builder_version=&#8221;4.19.4&#8243; _module_preset=&#8221;default&#8221; global_colors_info=&#8221;{}&#8221;]<\/p>\n<p>Supporting the improvement of the population&#8217;s qualifications, equal access to healthcare, promoting quality employment and social inclusion, following the priorities established in the European Pillar of Social Rights.<\/p>\n<p>[\/et_pb_blurb][et_pb_blurb title=&#8221;Portugal + Fair transition&#8221; use_icon=&#8221;on&#8221; font_icon=&#8221;&#x2b;||divi||400&#8243; icon_placement=&#8221;left&#8221; admin_label=&#8221;Portugal + Transi\u00e7\u00e3o justa&#8221; _builder_version=&#8221;4.19.4&#8243; _module_preset=&#8221;default&#8221; global_colors_info=&#8221;{}&#8221;]<\/p>\n<p>To ensure that the transition to a sustainable and carbon-neutral economy is fair.<\/p>\n<p>[\/et_pb_blurb][\/et_pb_column][\/et_pb_row][\/et_pb_section][et_pb_section fb_built=&#8221;1&#8243; admin_label=&#8221;Fundos&#8221; module_id=&#8221;funds&#8221; module_class=&#8221;bg-gray&#8221; _builder_version=&#8221;4.20.4&#8243; _module_preset=&#8221;default&#8221; background_color=&#8221;#253759&#8243; background_enable_color=&#8221;on&#8221; global_module=&#8221;11896&#8243; locked=&#8221;off&#8221; collapsed=&#8221;off&#8221; global_colors_info=&#8221;%91%93&#8243;][et_pb_row make_equal=&#8221;on&#8221; _builder_version=&#8221;4.19.5&#8243; _module_preset=&#8221;default&#8221; collapsed=&#8221;off&#8221; global_colors_info=&#8221;{}&#8221;][et_pb_column type=&#8221;4_4&#8243; module_class=&#8221;v-align-center&#8221; _builder_version=&#8221;4.19.4&#8243; _module_preset=&#8221;default&#8221; global_colors_info=&#8221;{}&#8221;][grdi_donut_chart title=&#8221;Financial Programming&#8221; description=&#8221;Distribui\u00e7\u00e3o por Objetivos Espec\u00edficos e Assist\u00eancia T\u00e9cnica&#8221; card_title_align=&#8221;center&#8221; card_color=&#8221;RGBA(255,255,255,0)&#8221; chart_height=&#8221;550&#8243; chart_bg_color=&#8221;RGBA(255,255,255,0)&#8221; total_title=&#8221;Total M\u20ac&#8221; label_fontsize=&#8221;16px&#8221; labelvalue_fontsize=&#8221;24px&#8221; label_color=&#8221;#FFFFFF&#8221; animation=&#8221;true&#8221; chart_title_fontsize=&#8221;0px&#8221; chart_title_color=&#8221;RGBA(255,255,255,0)&#8221; data_label=&#8221;true&#8221; datalabel_percentage=&#8221;false&#8221; datalabel_label_postfix=&#8221;  M\u20ac&#8221; datalabel_decimal_point=&#8221;1&#8243; legend_position=&#8221;left&#8221; lenend_color=&#8221;#FFFFFF&#8221; element_count=&#8221;5&#8243; category=&#8221;  Asilo, Migra\u00e7\u00e3o legal e integra\u00e7\u00e3o, Voltar, Solidariedade, Assist\u00eancia t\u00e9cnica&#8221; data_element_name=&#8221;20.5,22.0,12.0,13.6,4.1&#8243; fill_color1=&#8221;#dddddd&#8221; fill_color2=&#8221;#3da099&#8243; fill_color3=&#8221;#ebb212&#8243; fill_color4=&#8221;#cd652c&#8221; fill_color5=&#8221;#dd3954&#8243; data_element_name_last_edited=&#8221;off|desktop&#8221; disabled_on=&#8221;on|on|off&#8221; admin_label=&#8221;Donut Chart &#8211; Desktop&#8221; _builder_version=&#8221;4.22.2&#8243; _module_preset=&#8221;default&#8221; _unique_id=&#8221;8b66790a-1dcd-4000-ba9f-0decc2d09d1c&#8221; module_text_color=&#8221;#FFFFFF&#8221; global_colors_info=&#8221;{}&#8221;][\/grdi_donut_chart][grdi_donut_chart title=&#8221;Financial Programming&#8221; description=&#8221;Distribui\u00e7\u00e3o por Objetivos Espec\u00edficos e Assist\u00eancia T\u00e9cnica&#8221; card_title_align=&#8221;center&#8221; card_color=&#8221;RGBA(255,255,255,0)&#8221; chart_height=&#8221;550&#8243; chart_bg_color=&#8221;RGBA(255,255,255,0)&#8221; total_title=&#8221;Total M\u20ac&#8221; label_fontsize=&#8221;16px&#8221; labelvalue_fontsize=&#8221;24px&#8221; label_color=&#8221;#FFFFFF&#8221; animation=&#8221;true&#8221; chart_title_fontsize=&#8221;0px&#8221; chart_title_color=&#8221;RGBA(255,255,255,0)&#8221; data_label=&#8221;true&#8221; datalabel_percentage=&#8221;false&#8221; datalabel_label_postfix=&#8221;  M\u20ac&#8221; datalabel_decimal_point=&#8221;1&#8243; lenend_color=&#8221;#FFFFFF&#8221; element_count=&#8221;5&#8243; category=&#8221;  Asilo, Migra\u00e7\u00e3o legal e integra\u00e7\u00e3o, Voltar, Solidariedade, Assist\u00eancia t\u00e9cnica&#8221; data_element_name=&#8221;20.5,22.0,12.0,13.6,4.1&#8243; fill_color1=&#8221;#dddddd&#8221; fill_color2=&#8221;#3da099&#8243; fill_color3=&#8221;#ebb212&#8243; fill_color4=&#8221;#cd652c&#8221; fill_color5=&#8221;#dd3954&#8243; data_element_name_last_edited=&#8221;off|desktop&#8221; disabled_on=&#8221;off|off|on&#8221; admin_label=&#8221;Donut Chart &#8211; Desktop&#8221; _builder_version=&#8221;4.22.2&#8243; _module_preset=&#8221;default&#8221; _unique_id=&#8221;8b66790a-1dcd-4000-ba9f-0decc2d09d1c&#8221; module_text_color=&#8221;#FFFFFF&#8221; global_colors_info=&#8221;{}&#8221;][\/grdi_donut_chart][\/et_pb_column][\/et_pb_row][\/et_pb_section][et_pb_section fb_built=&#8221;1&#8243; disabled_on=&#8221;off|off|off&#8221; admin_label=&#8221;Modelo de Governa\u00e7\u00e3o&#8221; module_id=&#8221;governance&#8221; _builder_version=&#8221;4.19.5&#8243; _module_preset=&#8221;default&#8221; background_color=&#8221;#edf0f3&#8243; background_enable_color=&#8221;on&#8221; locked=&#8221;off&#8221; collapsed=&#8221;on&#8221; global_colors_info=&#8221;{}&#8221;][et_pb_row _builder_version=&#8221;4.19.4&#8243; _module_preset=&#8221;default&#8221; locked=&#8221;off&#8221; collapsed=&#8221;off&#8221; global_colors_info=&#8221;{}&#8221;][et_pb_column type=&#8221;4_4&#8243; _builder_version=&#8221;4.19.2&#8243; _module_preset=&#8221;default&#8221; global_colors_info=&#8221;{}&#8221;][et_pb_divider divider_weight=&#8221;4px&#8221; admin_label=&#8221;Divider Gradient&#8221; _builder_version=&#8221;4.20.0&#8243; _module_preset=&#8221;default&#8221; background_color_gradient_stops=&#8221;#2b87da 0%|#00a099 100%&#8221; global_module=&#8221;12015&#8243; saved_tabs=&#8221;all&#8221; global_colors_info=&#8221;{}&#8221;][\/et_pb_divider][et_pb_text admin_label=&#8221;T\u00edtulo&#8221; _builder_version=&#8221;4.19.4&#8243; _module_preset=&#8221;default&#8221; global_colors_info=&#8221;{}&#8221;]<\/p>\n<h2><strong>Governance Model<\/strong><\/h2>\n<p>[\/et_pb_text][et_pb_divider show_divider=&#8221;off&#8221; _builder_version=&#8221;4.19.4&#8243; _module_preset=&#8221;default&#8221; use_background_color_gradient=&#8221;off&#8221; global_colors_info=&#8221;{}&#8221;][\/et_pb_divider][\/et_pb_column][\/et_pb_row][et_pb_row _builder_version=&#8221;4.19.4&#8243; _module_preset=&#8221;default&#8221; collapsed=&#8221;off&#8221; global_colors_info=&#8221;{}&#8221;][et_pb_column type=&#8221;4_4&#8243; _builder_version=&#8221;4.19.4&#8243; _module_preset=&#8221;default&#8221; global_colors_info=&#8221;{}&#8221;][et_pb_text module_class=&#8221;p-1 br-6 bg-white&#8221; _builder_version=&#8221;4.19.5&#8243; _module_preset=&#8221;default&#8221; header_3_text_color=&#8221;#09508E&#8221; text_orientation=&#8221;center&#8221; height=&#8221;100%&#8221; custom_margin=&#8221;auto||auto||true|false&#8221; link_option_url=&#8221;https:\/\/www.adcoesao.pt\/&#8221; link_option_url_new_window=&#8221;on&#8221; global_colors_info=&#8221;{}&#8221;]<\/p>\n<h3><strong>Ag\u00eancia para o Desenvolvimento e Coes\u00e3o<\/strong><\/h3>\n<p>Technical coordination<\/p>\n<p>[\/et_pb_text][et_pb_divider show_divider=&#8221;off&#8221; _builder_version=&#8221;4.19.4&#8243; _module_preset=&#8221;default&#8221; use_background_color_gradient=&#8221;off&#8221; global_colors_info=&#8221;{}&#8221;][\/et_pb_divider][\/et_pb_column][\/et_pb_row][et_pb_row column_structure=&#8221;1_4,1_4,1_4,1_4&#8243; make_equal=&#8221;on&#8221; _builder_version=&#8221;4.19.4&#8243; _module_preset=&#8221;default&#8221; collapsed=&#8221;off&#8221; global_colors_info=&#8221;{}&#8221;][et_pb_column type=&#8221;1_4&#8243; _builder_version=&#8221;4.19.4&#8243; _module_preset=&#8221;default&#8221; global_colors_info=&#8221;{}&#8221;][et_pb_blurb title=&#8221;Thematic Programmes&#8221; url=&#8221;\/o-portugal-2030\/programas\/#tematicos&#8221; icon_placement=&#8221;left&#8221; admin_label=&#8221;Programas Tem\u00e1ticos&#8221; module_class=&#8221;d-flex align-items-center&#8221; _builder_version=&#8221;4.21.0&#8243; _module_preset=&#8221;default&#8221; header_level=&#8221;h2&#8243; header_text_color=&#8221;#09508E&#8221; background_color=&#8221;#FFFFFF&#8221; text_orientation=&#8221;center&#8221; height=&#8221;100%&#8221; custom_padding=&#8221;1em|1em|1em|1em|true|true&#8221; link_option_url=&#8221;\/o-portugal-2030\/programas\/#tematicos&#8221; border_radii=&#8221;on|6px|6px|6px|6px&#8221; border_color_all=&#8221;#dadada&#8221; global_colors_info=&#8221;{}&#8221;][\/et_pb_blurb][\/et_pb_column][et_pb_column type=&#8221;1_4&#8243; _builder_version=&#8221;4.19.4&#8243; _module_preset=&#8221;default&#8221; global_colors_info=&#8221;{}&#8221;][et_pb_blurb title=&#8221;Regional Programmes&#8221; url=&#8221;\/o-portugal-2030\/programas\/#regionais&#8221; icon_placement=&#8221;left&#8221; admin_label=&#8221;Programas Regionais&#8221; module_class=&#8221;d-flex align-items-center&#8221; _builder_version=&#8221;4.21.0&#8243; _module_preset=&#8221;default&#8221; header_level=&#8221;h2&#8243; header_text_color=&#8221;#09508E&#8221; background_color=&#8221;#FFFFFF&#8221; text_orientation=&#8221;center&#8221; height=&#8221;100%&#8221; custom_padding=&#8221;1em|1em|1em|1em|true|true&#8221; link_option_url=&#8221;\/o-portugal-2030\/programas\/#regionais&#8221; border_radii=&#8221;on|6px|6px|6px|6px&#8221; border_color_all=&#8221;#dadada&#8221; global_colors_info=&#8221;{}&#8221;][\/et_pb_blurb][\/et_pb_column][et_pb_column type=&#8221;1_4&#8243; _builder_version=&#8221;4.19.4&#8243; _module_preset=&#8221;default&#8221; global_colors_info=&#8221;{}&#8221;][et_pb_blurb title=&#8221;Technical Assistance Programme&#8221; url=&#8221;\/o-portugal-2030\/programas\/#outros&#8221; icon_placement=&#8221;left&#8221; admin_label=&#8221;Programa de AT&#8221; module_class=&#8221;d-flex align-items-center&#8221; _builder_version=&#8221;4.21.0&#8243; _module_preset=&#8221;default&#8221; header_level=&#8221;h2&#8243; header_text_color=&#8221;#09508E&#8221; background_color=&#8221;#FFFFFF&#8221; text_orientation=&#8221;center&#8221; height=&#8221;100%&#8221; custom_padding=&#8221;1em|1em|1em|1em|true|true&#8221; link_option_url=&#8221;\/o-portugal-2030\/programas\/#outros&#8221; border_radii=&#8221;on|6px|6px|6px|6px&#8221; border_color_all=&#8221;#dadada&#8221; global_colors_info=&#8221;{}&#8221;][\/et_pb_blurb][\/et_pb_column][et_pb_column type=&#8221;1_4&#8243; _builder_version=&#8221;4.19.4&#8243; _module_preset=&#8221;default&#8221; global_colors_info=&#8221;{}&#8221;][et_pb_blurb title=&#8221;European Territorial Cooperation&#8221; url=&#8221;\/o-portugal-2030\/programas\/#cte&#8221; icon_placement=&#8221;left&#8221; admin_label=&#8221;Coopera\u00e7\u00e3o TE&#8221; module_class=&#8221;d-flex align-items-center&#8221; _builder_version=&#8221;4.21.0&#8243; _module_preset=&#8221;default&#8221; header_level=&#8221;h2&#8243; header_text_color=&#8221;#09508E&#8221; background_color=&#8221;#FFFFFF&#8221; text_orientation=&#8221;center&#8221; height=&#8221;100%&#8221; custom_padding=&#8221;1em|1em|1em|1em|true|true&#8221; link_option_url=&#8221;\/o-portugal-2030\/programas\/#cte&#8221; border_radii=&#8221;on|6px|6px|6px|6px&#8221; border_color_all=&#8221;#dadada&#8221; global_colors_info=&#8221;{}&#8221;][\/et_pb_blurb][\/et_pb_column][\/et_pb_row][et_pb_row _builder_version=&#8221;4.19.4&#8243; _module_preset=&#8221;default&#8221; collapsed=&#8221;off&#8221; global_colors_info=&#8221;{}&#8221;][et_pb_column type=&#8221;4_4&#8243; _builder_version=&#8221;4.19.4&#8243; _module_preset=&#8221;default&#8221; global_colors_info=&#8221;{}&#8221;][et_pb_divider show_divider=&#8221;off&#8221; _builder_version=&#8221;4.19.4&#8243; _module_preset=&#8221;default&#8221; use_background_color_gradient=&#8221;off&#8221; global_colors_info=&#8221;{}&#8221;][\/et_pb_divider][et_pb_text module_class=&#8221;p-1 br-6 bg-white&#8221; _builder_version=&#8221;4.21.0&#8243; _module_preset=&#8221;default&#8221; header_3_text_color=&#8221;#09508E&#8221; text_orientation=&#8221;center&#8221; link_option_url=&#8221;https:\/\/www.igf.gov.pt\/&#8221; link_option_url_new_window=&#8221;on&#8221; global_colors_info=&#8221;{}&#8221;]<\/p>\n<h3><strong>General Inspectorate of Finance<\/strong><\/h3>\n<p>Audit entity<\/p>\n<p>[\/et_pb_text][\/et_pb_column][\/et_pb_row][\/et_pb_section][et_pb_section fb_built=&#8221;1&#8243; admin_label=&#8221;Links \u00fateis&#8221; module_id=&#8221;projects&#8221; _builder_version=&#8221;4.19.2&#8243; _module_preset=&#8221;default&#8221; locked=&#8221;off&#8221; collapsed=&#8221;on&#8221; global_colors_info=&#8221;{}&#8221;][et_pb_row _builder_version=&#8221;4.19.2&#8243; _module_preset=&#8221;default&#8221; global_colors_info=&#8221;{}&#8221;][et_pb_column type=&#8221;4_4&#8243; _builder_version=&#8221;4.19.2&#8243; _module_preset=&#8221;default&#8221; global_colors_info=&#8221;{}&#8221;][et_pb_text admin_label=&#8221;T\u00edtulo&#8221; _builder_version=&#8221;4.21.0&#8243; _module_preset=&#8221;default&#8221; global_colors_info=&#8221;{}&#8221;]<\/p>\n<h4><strong>Other pages that may be useful<\/strong><\/h4>\n<p>&nbsp;<\/p>\n<p><a href=\"https:\/\/www.fami2030.gov.pt\/o-portugal-2030\/o-que-e-o-portugal-2030\/\">What is Portugal 2030<\/a><\/p>\n<p><a href=\"https:\/\/www.fami2030.gov.pt\/programas\/\">Programmes<\/a><\/p>\n<p><a href=\"https:\/\/www.fami2030.gov.pt\/ajuda-artigos\/\">Help<\/a>[\/et_pb_text][\/et_pb_column][\/et_pb_row][\/et_pb_section]<\/p>\n","protected":false},"excerpt":{"rendered":"<p>Discover Portugal 2030 &nbsp; What it is How it applies AMIF beneficiaries Strategic objectives Governance ModelPortugal 2030 implements the Partnership Agreement between Portugal and the European Commission to apply \u20ac23 billion of European funds to projects that stimulate and develop the Portuguese economy between 2021 and 2027.The total amount available to finance projects will be [&hellip;]<\/p>\n","protected":false},"author":1,"featured_media":0,"parent":0,"menu_order":1,"comment_status":"closed","ping_status":"closed","template":"","meta":{"_acf_changed":false,"_et_pb_use_builder":"on","_et_pb_old_content":"","_et_gb_content_width":"","_crosspost_to_3":false,"_crosspost_to_10":false,"_crosspost_to_13":false,"_crosspost_to_14":false,"_crosspost_to_15":false,"_crosspost_to_16":false,"_crosspost_to_17":false,"_crosspost_to_18":false,"_crosspost_to_19":false,"iawp_total_views":12,"footnotes":""},"class_list":["post-17826","page","type-page","status-publish","hentry"],"acf":[],"yoast_head":"<!-- This site is optimized with the Yoast SEO plugin v27.4 - https:\/\/yoast.com\/product\/yoast-seo-wordpress\/ -->\n<title>Portugal 2030 in 3 minutes - Programa FAMI \u2013 Fundo para o Asilo, a Migra\u00e7\u00e3o e a Integra\u00e7\u00e3o<\/title>\n<meta name=\"robots\" content=\"index, follow, max-snippet:-1, max-image-preview:large, max-video-preview:-1\" \/>\n<link rel=\"canonical\" href=\"https:\/\/www.fami2030.gov.pt\/en\/portugal-2030-in-3-minutes\/\" \/>\n<meta property=\"og:locale\" content=\"en_US\" \/>\n<meta property=\"og:type\" content=\"article\" \/>\n<meta property=\"og:title\" content=\"Portugal 2030 in 3 minutes - Programa FAMI \u2013 Fundo para o Asilo, a Migra\u00e7\u00e3o e a Integra\u00e7\u00e3o\" \/>\n<meta property=\"og:description\" content=\"Discover Portugal 2030 &nbsp; What it is How it applies AMIF beneficiaries Strategic objectives Governance ModelPortugal 2030 implements the Partnership Agreement between Portugal and the European Commission to apply \u20ac23 billion of European funds to projects that stimulate and develop the Portuguese economy between 2021 and 2027.The total amount available to finance projects will be [&hellip;]\" \/>\n<meta property=\"og:url\" content=\"https:\/\/www.fami2030.gov.pt\/en\/portugal-2030-in-3-minutes\/\" \/>\n<meta property=\"og:site_name\" content=\"Programa FAMI \u2013 Fundo para o Asilo, a Migra\u00e7\u00e3o e a Integra\u00e7\u00e3o\" \/>\n<meta property=\"article:modified_time\" content=\"2025-07-25T11:21:31+00:00\" \/>\n<meta name=\"twitter:card\" content=\"summary_large_image\" \/>\n<meta name=\"twitter:label1\" content=\"Est. reading time\" \/>\n\t<meta name=\"twitter:data1\" content=\"5 minutes\" \/>\n<script type=\"application\/ld+json\" class=\"yoast-schema-graph\">{\"@context\":\"https:\\\/\\\/schema.org\",\"@graph\":[{\"@type\":\"WebPage\",\"@id\":\"https:\\\/\\\/www.fami2030.gov.pt\\\/en\\\/portugal-2030-in-3-minutes\\\/\",\"url\":\"https:\\\/\\\/www.fami2030.gov.pt\\\/en\\\/portugal-2030-in-3-minutes\\\/\",\"name\":\"Portugal 2030 in 3 minutes - Programa FAMI \u2013 Fundo para o Asilo, a Migra\u00e7\u00e3o e a Integra\u00e7\u00e3o\",\"isPartOf\":{\"@id\":\"https:\\\/\\\/www.fami2030.gov.pt\\\/#website\"},\"datePublished\":\"2022-12-12T15:39:06+00:00\",\"dateModified\":\"2025-07-25T11:21:31+00:00\",\"breadcrumb\":{\"@id\":\"https:\\\/\\\/www.fami2030.gov.pt\\\/en\\\/portugal-2030-in-3-minutes\\\/#breadcrumb\"},\"inLanguage\":\"en-US\",\"potentialAction\":[{\"@type\":\"ReadAction\",\"target\":[\"https:\\\/\\\/www.fami2030.gov.pt\\\/en\\\/portugal-2030-in-3-minutes\\\/\"]}]},{\"@type\":\"BreadcrumbList\",\"@id\":\"https:\\\/\\\/www.fami2030.gov.pt\\\/en\\\/portugal-2030-in-3-minutes\\\/#breadcrumb\",\"itemListElement\":[{\"@type\":\"ListItem\",\"position\":1,\"name\":\"In\u00edcio\",\"item\":\"https:\\\/\\\/www.fami2030.gov.pt\\\/en\\\/\"},{\"@type\":\"ListItem\",\"position\":2,\"name\":\"Portugal 2030 in 3 minutes\"}]},{\"@type\":\"WebSite\",\"@id\":\"https:\\\/\\\/www.fami2030.gov.pt\\\/#website\",\"url\":\"https:\\\/\\\/www.fami2030.gov.pt\\\/\",\"name\":\"Programa FAMI \u2013 Fundo para o Asilo, a Migra\u00e7\u00e3o e a Integra\u00e7\u00e3o\",\"description\":\"\",\"potentialAction\":[{\"@type\":\"SearchAction\",\"target\":{\"@type\":\"EntryPoint\",\"urlTemplate\":\"https:\\\/\\\/www.fami2030.gov.pt\\\/?s={search_term_string}\"},\"query-input\":{\"@type\":\"PropertyValueSpecification\",\"valueRequired\":true,\"valueName\":\"search_term_string\"}}],\"inLanguage\":\"en-US\"}]}<\/script>\n<!-- \/ Yoast SEO plugin. -->","yoast_head_json":{"title":"Portugal 2030 in 3 minutes - Programa FAMI \u2013 Fundo para o Asilo, a Migra\u00e7\u00e3o e a Integra\u00e7\u00e3o","robots":{"index":"index","follow":"follow","max-snippet":"max-snippet:-1","max-image-preview":"max-image-preview:large","max-video-preview":"max-video-preview:-1"},"canonical":"https:\/\/www.fami2030.gov.pt\/en\/portugal-2030-in-3-minutes\/","og_locale":"en_US","og_type":"article","og_title":"Portugal 2030 in 3 minutes - Programa FAMI \u2013 Fundo para o Asilo, a Migra\u00e7\u00e3o e a Integra\u00e7\u00e3o","og_description":"Discover Portugal 2030 &nbsp; What it is How it applies AMIF beneficiaries Strategic objectives Governance ModelPortugal 2030 implements the Partnership Agreement between Portugal and the European Commission to apply \u20ac23 billion of European funds to projects that stimulate and develop the Portuguese economy between 2021 and 2027.The total amount available to finance projects will be [&hellip;]","og_url":"https:\/\/www.fami2030.gov.pt\/en\/portugal-2030-in-3-minutes\/","og_site_name":"Programa FAMI \u2013 Fundo para o Asilo, a Migra\u00e7\u00e3o e a Integra\u00e7\u00e3o","article_modified_time":"2025-07-25T11:21:31+00:00","twitter_card":"summary_large_image","twitter_misc":{"Est. reading time":"5 minutes"},"schema":{"@context":"https:\/\/schema.org","@graph":[{"@type":"WebPage","@id":"https:\/\/www.fami2030.gov.pt\/en\/portugal-2030-in-3-minutes\/","url":"https:\/\/www.fami2030.gov.pt\/en\/portugal-2030-in-3-minutes\/","name":"Portugal 2030 in 3 minutes - Programa FAMI \u2013 Fundo para o Asilo, a Migra\u00e7\u00e3o e a Integra\u00e7\u00e3o","isPartOf":{"@id":"https:\/\/www.fami2030.gov.pt\/#website"},"datePublished":"2022-12-12T15:39:06+00:00","dateModified":"2025-07-25T11:21:31+00:00","breadcrumb":{"@id":"https:\/\/www.fami2030.gov.pt\/en\/portugal-2030-in-3-minutes\/#breadcrumb"},"inLanguage":"en-US","potentialAction":[{"@type":"ReadAction","target":["https:\/\/www.fami2030.gov.pt\/en\/portugal-2030-in-3-minutes\/"]}]},{"@type":"BreadcrumbList","@id":"https:\/\/www.fami2030.gov.pt\/en\/portugal-2030-in-3-minutes\/#breadcrumb","itemListElement":[{"@type":"ListItem","position":1,"name":"In\u00edcio","item":"https:\/\/www.fami2030.gov.pt\/en\/"},{"@type":"ListItem","position":2,"name":"Portugal 2030 in 3 minutes"}]},{"@type":"WebSite","@id":"https:\/\/www.fami2030.gov.pt\/#website","url":"https:\/\/www.fami2030.gov.pt\/","name":"Programa FAMI \u2013 Fundo para o Asilo, a Migra\u00e7\u00e3o e a Integra\u00e7\u00e3o","description":"","potentialAction":[{"@type":"SearchAction","target":{"@type":"EntryPoint","urlTemplate":"https:\/\/www.fami2030.gov.pt\/?s={search_term_string}"},"query-input":{"@type":"PropertyValueSpecification","valueRequired":true,"valueName":"search_term_string"}}],"inLanguage":"en-US"}]}},"_links":{"self":[{"href":"https:\/\/www.fami2030.gov.pt\/en\/wp-json\/wp\/v2\/pages\/17826","targetHints":{"allow":["GET"]}}],"collection":[{"href":"https:\/\/www.fami2030.gov.pt\/en\/wp-json\/wp\/v2\/pages"}],"about":[{"href":"https:\/\/www.fami2030.gov.pt\/en\/wp-json\/wp\/v2\/types\/page"}],"author":[{"embeddable":true,"href":"https:\/\/www.fami2030.gov.pt\/en\/wp-json\/wp\/v2\/users\/1"}],"replies":[{"embeddable":true,"href":"https:\/\/www.fami2030.gov.pt\/en\/wp-json\/wp\/v2\/comments?post=17826"}],"version-history":[{"count":2,"href":"https:\/\/www.fami2030.gov.pt\/en\/wp-json\/wp\/v2\/pages\/17826\/revisions"}],"predecessor-version":[{"id":17828,"href":"https:\/\/www.fami2030.gov.pt\/en\/wp-json\/wp\/v2\/pages\/17826\/revisions\/17828"}],"wp:attachment":[{"href":"https:\/\/www.fami2030.gov.pt\/en\/wp-json\/wp\/v2\/media?parent=17826"}],"curies":[{"name":"wp","href":"https:\/\/api.w.org\/{rel}","templated":true}]}}