{"id":17978,"date":"2023-01-26T09:57:36","date_gmt":"2023-01-26T09:57:36","guid":{"rendered":"https:\/\/www.fami2030.gov.pt\/useful-links\/"},"modified":"2025-07-28T16:25:08","modified_gmt":"2025-07-28T16:25:08","slug":"useful-links","status":"publish","type":"page","link":"https:\/\/www.fami2030.gov.pt\/en\/useful-links\/","title":{"rendered":"Useful links"},"content":{"rendered":"<p>[et_pb_section fb_built=&#8221;1&#8243; admin_label=&#8221;Header&#8221; module_class=&#8221;about-page&#8221; _builder_version=&#8221;4.19.4&#8243; _module_preset=&#8221;default&#8221; locked=&#8221;off&#8221; collapsed=&#8221;off&#8221; global_colors_info=&#8221;{}&#8221;][et_pb_row _builder_version=&#8221;4.19.4&#8243; _module_preset=&#8221;default&#8221; collapsed=&#8221;off&#8221; global_colors_info=&#8221;{}&#8221;][et_pb_column type=&#8221;4_4&#8243; _builder_version=&#8221;4.19.2&#8243; _module_preset=&#8221;default&#8221; global_colors_info=&#8221;{}&#8221;][et_pb_post_title meta=&#8221;off&#8221; featured_image=&#8221;off&#8221; _builder_version=&#8221;4.19.4&#8243; _module_preset=&#8221;default&#8221; global_colors_info=&#8221;{}&#8221;][\/et_pb_post_title][\/et_pb_column][\/et_pb_row][et_pb_row column_structure=&#8221;2_3,1_3&#8243; use_custom_gutter=&#8221;on&#8221; gutter_width=&#8221;2&#8243; make_equal=&#8221;on&#8221; _builder_version=&#8221;4.19.4&#8243; _module_preset=&#8221;default&#8221; locked=&#8221;off&#8221; collapsed=&#8221;off&#8221; global_colors_info=&#8221;{}&#8221;][et_pb_column type=&#8221;2_3&#8243; _builder_version=&#8221;4.19.4&#8243; _module_preset=&#8221;default&#8221; global_colors_info=&#8221;{}&#8221;][et_pb_text admin_label=&#8221;Org\u00e3os de soberania&#8221; module_class=&#8221;bg-gray p-2 br-6&#8243; _builder_version=&#8221;4.21.0&#8243; _module_preset=&#8221;default&#8221; global_colors_info=&#8221;{}&#8221;]<\/p>\n<h3><strong>Organs of Sovereignty of the State<\/strong><\/h3>\n<p>&nbsp;<\/p>\n<ul>\n<li><a href=\"https:\/\/www.portugal.gov.pt\/pt\/gc21\" target=\"_blank\" rel=\"noopener\">Government of Portugal<\/a><\/li>\n<li><a href=\"https:\/\/www.parlamento.pt\/\" target=\"_blank\" rel=\"noopener\">Assembly of the Republic<\/a><\/li>\n<li><a href=\"http:\/\/www.presidencia.pt\/\" target=\"_blank\" rel=\"noopener\">Presidency of the Republic<\/a><\/li>\n<li><a class=\"broken_link\" href=\"http:\/\/www.azores.gov.pt\/Portal\/pt\/principal\/homepage.htm\" target=\"_blank\" rel=\"noopener\">Presidency of the Government of the Autonomous Region of the Azores<\/a><\/li>\n<li><a href=\"https:\/\/www.madeira.gov.pt\/\">Presidency of the Government of the Autonomous Region of Madeira<\/a><\/li>\n<\/ul>\n<p>[\/et_pb_text][et_pb_text admin_label=&#8221;Uni\u00e3o Europeia&#8221; module_class=&#8221;bg-gray p-2 br-6&#8243; _builder_version=&#8221;4.21.0&#8243; _module_preset=&#8221;default&#8221; global_colors_info=&#8221;{}&#8221;]<\/p>\n<h3 class=\"h4\"><strong>European Union<\/strong><\/h3>\n<p>&nbsp;<\/p>\n<ul>\n<li><a href=\"https:\/\/europa.eu\/european-union\/index_pt\" target=\"_blank\" rel=\"noopener\">European Union<\/a><\/li>\n<li><a href=\"https:\/\/ec.europa.eu\/commission\/index_pt\" target=\"_blank\" rel=\"noopener\">European Commission<\/a><\/li>\n<li><a href=\"https:\/\/ec.europa.eu\/regional_policy\/pt\/\" target=\"_blank\" rel=\"noopener\">Directorate-General for Regional Policy <\/a><\/li>\n<li><a href=\"https:\/\/ec.europa.eu\/social\/home.jsp?langId=pt\" target=\"_blank\" rel=\"noopener\">Directorate-General for Employment, Social Affairs and Inclusion<\/a><\/li>\n<li><a href=\"http:\/\/www.europarl.europa.eu\/portal\/en\" target=\"_blank\" rel=\"noopener\">European Parliament<\/a><\/li>\n<li><a href=\"https:\/\/www.consilium.europa.eu\/pt\/european-council\/\" target=\"_blank\" rel=\"noopener\">European Council<\/a><\/li>\n<li><a href=\"https:\/\/www.eca.europa.eu\/pt\/Pages\/ecadefault.aspx\" target=\"_blank\" rel=\"noopener\">European Court of Auditors<\/a><\/li>\n<li><a href=\"https:\/\/cor.europa.eu\/pt\/\" target=\"_blank\" rel=\"noopener\">Committee of the Regions<\/a><\/li>\n<li><a href=\"https:\/\/www.eesc.europa.eu\/pt\" target=\"_blank\" rel=\"noopener\">European Economic and Social Committee<\/a><\/li>\n<li><a href=\"https:\/\/eur-lex.europa.eu\/homepage.html?locale=pt\" target=\"_blank\" rel=\"noopener\">Official Journal of the European Union<\/a><\/li>\n<li><a href=\"https:\/\/ec.europa.eu\/eures\/public\/pt\/homepage\" target=\"_blank\" rel=\"noopener\">European Job Mobility Portal<\/a><\/li>\n<li><a href=\"https:\/\/ec.europa.eu\/eurostat\/\" target=\"_blank\" rel=\"noopener\">Eurostat Portal<\/a><\/li>\n<li><a href=\"https:\/\/home-affairs.ec.europa.eu\/index_en\">Directorate-General for Migration and Home Affairs<\/a><\/li>\n<li><a href=\"http:\/\/fra.europa.eu\/pt\">European Union Agency for Fundamental Rights<\/a><\/li>\n<li><a href=\"https:\/\/frontex.europa.eu\/\">European Border and Coast Guard Agency<\/a><\/li>\n<li><a href=\"https:\/\/euaa.europa.eu\/\">European Union Agency for Asylum<\/a><\/li>\n<li><a href=\"https:\/\/home-affairs.ec.europa.eu\/networks\/european-migration-network-emn\/about-emn_en\">European Migration Network<\/a><\/li>\n<\/ul>\n<p>[\/et_pb_text][et_pb_text admin_label=&#8221;Uni\u00e3o Europeia em PT&#8221; module_class=&#8221;bg-gray p-2 br-6&#8243; _builder_version=&#8221;4.21.0&#8243; _module_preset=&#8221;default&#8221; global_colors_info=&#8221;{}&#8221;]<\/p>\n<h3 class=\"h4\"><strong>European Union in Portugal<\/strong><\/h3>\n<p>&nbsp;<\/p>\n<ul>\n<li><a href=\"https:\/\/ec.europa.eu\/portugal\/home_pt\" target=\"_blank\" rel=\"noopener\">Representation of the European Commission in Portugal<\/a><\/li>\n<li><a href=\"http:\/\/www.europarl.europa.eu\/portugal\/pt\/\" target=\"_blank\" rel=\"noopener\">European Parliament Office in Portugal<\/a><\/li>\n<li><a href=\"http:\/\/www.eurocid.pt\/pls\/wsd\/wsdwhom0.inicio\" target=\"_blank\" rel=\"noopener\">Centro de Informa\u00e7\u00e3o Europeia Jacques Delors<\/a><\/li>\n<\/ul>\n<p>[\/et_pb_text][et_pb_text admin_label=&#8221;Uni\u00e3o Europeia em PT&#8221; module_class=&#8221;bg-gray p-2 br-6&#8243; _builder_version=&#8221;4.21.0&#8243; _module_preset=&#8221;default&#8221; global_colors_info=&#8221;{}&#8221;]<\/p>\n<h3 class=\"h4\">Other Relevant Entities<\/h3>\n<p>&nbsp;<\/p>\n<ul>\n<li><a href=\"https:\/\/www.unhcr.org\/\">United Nations High Commissioner for Refugees<\/a><\/li>\n<li><a href=\"https:\/\/www.iom.int\/\">International Organization for Migration<\/a><\/li>\n<li><a href=\"https:\/\/www.ilo.org\/global\/lang--en\/index.htm\">International Labour Organization<\/a><\/li>\n<li><a href=\"https:\/\/www.unicef.org\/\">United Nations Agency for the Protection and Promotion of Children&#8217;s Rights<\/a><\/li>\n<\/ul>\n<p>[\/et_pb_text][\/et_pb_column][et_pb_column type=&#8221;1_3&#8243; _builder_version=&#8221;4.19.4&#8243; _module_preset=&#8221;default&#8221; global_colors_info=&#8221;{}&#8221;][\/et_pb_column][\/et_pb_row][\/et_pb_section]<\/p>\n","protected":false},"excerpt":{"rendered":"<p>Organs of Sovereignty of the State &nbsp; Government of Portugal Assembly of the Republic Presidency of the Republic Presidency of the Government of the Autonomous Region of the Azores Presidency of the Government of the Autonomous Region of Madeira European Union &nbsp; European Union European Commission Directorate-General for Regional Policy Directorate-General for Employment, Social Affairs [&hellip;]<\/p>\n","protected":false},"author":1,"featured_media":0,"parent":0,"menu_order":0,"comment_status":"closed","ping_status":"closed","template":"","meta":{"_acf_changed":false,"_et_pb_use_builder":"on","_et_pb_old_content":"","_et_gb_content_width":"","_crosspost_to_3":false,"_crosspost_to_10":false,"_crosspost_to_13":false,"_crosspost_to_14":false,"_crosspost_to_15":false,"_crosspost_to_16":false,"_crosspost_to_17":false,"_crosspost_to_18":false,"_crosspost_to_19":false,"iawp_total_views":19,"footnotes":""},"class_list":["post-17978","page","type-page","status-publish","hentry"],"acf":[],"yoast_head":"<!-- This site is optimized with the Yoast SEO plugin v27.4 - https:\/\/yoast.com\/product\/yoast-seo-wordpress\/ -->\n<title>Useful links - Programa FAMI \u2013 Fundo para o Asilo, a Migra\u00e7\u00e3o e a Integra\u00e7\u00e3o<\/title>\n<meta name=\"description\" content=\"Links to websites of national and European organizations involved in Portugal 2030 activities\" \/>\n<meta name=\"robots\" content=\"index, follow, max-snippet:-1, max-image-preview:large, max-video-preview:-1\" \/>\n<link rel=\"canonical\" href=\"https:\/\/www.fami2030.gov.pt\/ligacoes-uteis\/\" \/>\n<meta property=\"og:locale\" content=\"en_US\" \/>\n<meta property=\"og:type\" content=\"article\" \/>\n<meta property=\"og:title\" content=\"Useful links - Programa FAMI \u2013 Fundo para o Asilo, a Migra\u00e7\u00e3o e a Integra\u00e7\u00e3o\" \/>\n<meta property=\"og:description\" content=\"Links to websites of national and European organizations involved in Portugal 2030 activities\" \/>\n<meta property=\"og:url\" content=\"https:\/\/www.fami2030.gov.pt\/ligacoes-uteis\/\" \/>\n<meta property=\"og:site_name\" content=\"Programa FAMI \u2013 Fundo para o Asilo, a Migra\u00e7\u00e3o e a Integra\u00e7\u00e3o\" \/>\n<meta property=\"article:modified_time\" content=\"2025-07-28T16:25:08+00:00\" \/>\n<meta name=\"twitter:card\" content=\"summary_large_image\" \/>\n<meta name=\"twitter:label1\" content=\"Est. reading time\" \/>\n\t<meta name=\"twitter:data1\" content=\"2 minutes\" \/>\n<script type=\"application\/ld+json\" class=\"yoast-schema-graph\">{\"@context\":\"https:\\\/\\\/schema.org\",\"@graph\":[{\"@type\":\"WebPage\",\"@id\":\"https:\\\/\\\/www.fami2030.gov.pt\\\/ligacoes-uteis\\\/\",\"url\":\"https:\\\/\\\/www.fami2030.gov.pt\\\/ligacoes-uteis\\\/\",\"name\":\"Useful links - Programa FAMI \u2013 Fundo para o Asilo, a Migra\u00e7\u00e3o e a Integra\u00e7\u00e3o\",\"isPartOf\":{\"@id\":\"https:\\\/\\\/www.fami2030.gov.pt\\\/#website\"},\"datePublished\":\"2023-01-26T09:57:36+00:00\",\"dateModified\":\"2025-07-28T16:25:08+00:00\",\"description\":\"Links to websites of national and European organizations involved in Portugal 2030 activities\",\"breadcrumb\":{\"@id\":\"https:\\\/\\\/www.fami2030.gov.pt\\\/ligacoes-uteis\\\/#breadcrumb\"},\"inLanguage\":\"en-US\",\"potentialAction\":[{\"@type\":\"ReadAction\",\"target\":[\"https:\\\/\\\/www.fami2030.gov.pt\\\/ligacoes-uteis\\\/\"]}]},{\"@type\":\"BreadcrumbList\",\"@id\":\"https:\\\/\\\/www.fami2030.gov.pt\\\/ligacoes-uteis\\\/#breadcrumb\",\"itemListElement\":[{\"@type\":\"ListItem\",\"position\":1,\"name\":\"In\u00edcio\",\"item\":\"https:\\\/\\\/www.fami2030.gov.pt\\\/en\\\/\"},{\"@type\":\"ListItem\",\"position\":2,\"name\":\"Useful links\"}]},{\"@type\":\"WebSite\",\"@id\":\"https:\\\/\\\/www.fami2030.gov.pt\\\/#website\",\"url\":\"https:\\\/\\\/www.fami2030.gov.pt\\\/\",\"name\":\"Programa FAMI \u2013 Fundo para o Asilo, a Migra\u00e7\u00e3o e a Integra\u00e7\u00e3o\",\"description\":\"\",\"potentialAction\":[{\"@type\":\"SearchAction\",\"target\":{\"@type\":\"EntryPoint\",\"urlTemplate\":\"https:\\\/\\\/www.fami2030.gov.pt\\\/?s={search_term_string}\"},\"query-input\":{\"@type\":\"PropertyValueSpecification\",\"valueRequired\":true,\"valueName\":\"search_term_string\"}}],\"inLanguage\":\"en-US\"}]}<\/script>\n<!-- \/ Yoast SEO plugin. -->","yoast_head_json":{"title":"Useful links - Programa FAMI \u2013 Fundo para o Asilo, a Migra\u00e7\u00e3o e a Integra\u00e7\u00e3o","description":"Links to websites of national and European organizations involved in Portugal 2030 activities","robots":{"index":"index","follow":"follow","max-snippet":"max-snippet:-1","max-image-preview":"max-image-preview:large","max-video-preview":"max-video-preview:-1"},"canonical":"https:\/\/www.fami2030.gov.pt\/ligacoes-uteis\/","og_locale":"en_US","og_type":"article","og_title":"Useful links - Programa FAMI \u2013 Fundo para o Asilo, a Migra\u00e7\u00e3o e a Integra\u00e7\u00e3o","og_description":"Links to websites of national and European organizations involved in Portugal 2030 activities","og_url":"https:\/\/www.fami2030.gov.pt\/ligacoes-uteis\/","og_site_name":"Programa FAMI \u2013 Fundo para o Asilo, a Migra\u00e7\u00e3o e a Integra\u00e7\u00e3o","article_modified_time":"2025-07-28T16:25:08+00:00","twitter_card":"summary_large_image","twitter_misc":{"Est. reading time":"2 minutes"},"schema":{"@context":"https:\/\/schema.org","@graph":[{"@type":"WebPage","@id":"https:\/\/www.fami2030.gov.pt\/ligacoes-uteis\/","url":"https:\/\/www.fami2030.gov.pt\/ligacoes-uteis\/","name":"Useful links - Programa FAMI \u2013 Fundo para o Asilo, a Migra\u00e7\u00e3o e a Integra\u00e7\u00e3o","isPartOf":{"@id":"https:\/\/www.fami2030.gov.pt\/#website"},"datePublished":"2023-01-26T09:57:36+00:00","dateModified":"2025-07-28T16:25:08+00:00","description":"Links to websites of national and European organizations involved in Portugal 2030 activities","breadcrumb":{"@id":"https:\/\/www.fami2030.gov.pt\/ligacoes-uteis\/#breadcrumb"},"inLanguage":"en-US","potentialAction":[{"@type":"ReadAction","target":["https:\/\/www.fami2030.gov.pt\/ligacoes-uteis\/"]}]},{"@type":"BreadcrumbList","@id":"https:\/\/www.fami2030.gov.pt\/ligacoes-uteis\/#breadcrumb","itemListElement":[{"@type":"ListItem","position":1,"name":"In\u00edcio","item":"https:\/\/www.fami2030.gov.pt\/en\/"},{"@type":"ListItem","position":2,"name":"Useful links"}]},{"@type":"WebSite","@id":"https:\/\/www.fami2030.gov.pt\/#website","url":"https:\/\/www.fami2030.gov.pt\/","name":"Programa FAMI \u2013 Fundo para o Asilo, a Migra\u00e7\u00e3o e a Integra\u00e7\u00e3o","description":"","potentialAction":[{"@type":"SearchAction","target":{"@type":"EntryPoint","urlTemplate":"https:\/\/www.fami2030.gov.pt\/?s={search_term_string}"},"query-input":{"@type":"PropertyValueSpecification","valueRequired":true,"valueName":"search_term_string"}}],"inLanguage":"en-US"}]}},"_links":{"self":[{"href":"https:\/\/www.fami2030.gov.pt\/en\/wp-json\/wp\/v2\/pages\/17978","targetHints":{"allow":["GET"]}}],"collection":[{"href":"https:\/\/www.fami2030.gov.pt\/en\/wp-json\/wp\/v2\/pages"}],"about":[{"href":"https:\/\/www.fami2030.gov.pt\/en\/wp-json\/wp\/v2\/types\/page"}],"author":[{"embeddable":true,"href":"https:\/\/www.fami2030.gov.pt\/en\/wp-json\/wp\/v2\/users\/1"}],"replies":[{"embeddable":true,"href":"https:\/\/www.fami2030.gov.pt\/en\/wp-json\/wp\/v2\/comments?post=17978"}],"version-history":[{"count":2,"href":"https:\/\/www.fami2030.gov.pt\/en\/wp-json\/wp\/v2\/pages\/17978\/revisions"}],"predecessor-version":[{"id":17980,"href":"https:\/\/www.fami2030.gov.pt\/en\/wp-json\/wp\/v2\/pages\/17978\/revisions\/17980"}],"wp:attachment":[{"href":"https:\/\/www.fami2030.gov.pt\/en\/wp-json\/wp\/v2\/media?parent=17978"}],"curies":[{"name":"wp","href":"https:\/\/api.w.org\/{rel}","templated":true}]}}