{"id":17991,"date":"2024-08-05T11:42:38","date_gmt":"2024-08-05T10:42:38","guid":{"rendered":"https:\/\/www.fami2030.gov.pt\/recruitment\/"},"modified":"2025-07-28T17:01:07","modified_gmt":"2025-07-28T17:01:07","slug":"recruitment","status":"publish","type":"page","link":"https:\/\/www.fami2030.gov.pt\/en\/recruitment\/","title":{"rendered":"Recruitment"},"content":{"rendered":"<p>[et_pb_section fb_built=&#8221;1&#8243; admin_label=&#8221;Section titulo&#8221; _builder_version=&#8221;4.27.0&#8243; _module_preset=&#8221;default&#8221; collapsed=&#8221;on&#8221; global_colors_info=&#8221;{}&#8221;][et_pb_row _builder_version=&#8221;4.27.0&#8243; _module_preset=&#8221;default&#8221; global_colors_info=&#8221;{}&#8221;][et_pb_column type=&#8221;4_4&#8243; _builder_version=&#8221;4.27.0&#8243; _module_preset=&#8221;default&#8221; global_colors_info=&#8221;{}&#8221;][et_pb_post_title meta=&#8221;off&#8221; featured_image=&#8221;off&#8221; admin_label=&#8221;Titlo&#8221; _builder_version=&#8221;4.27.0&#8243; _module_preset=&#8221;default&#8221; global_colors_info=&#8221;{}&#8221;][\/et_pb_post_title][\/et_pb_column][\/et_pb_row][\/et_pb_section][et_pb_section fb_built=&#8221;1&#8243; admin_label=&#8221;Section recrutamento mobilidade&#8221; _builder_version=&#8221;4.27.0&#8243; _module_preset=&#8221;default&#8221; background_color=&#8221;#edf0f3&#8243; background_enable_color=&#8221;on&#8221; collapsed=&#8221;on&#8221; global_colors_info=&#8221;{}&#8221;][et_pb_row _builder_version=&#8221;4.27.0&#8243; _module_preset=&#8221;default&#8221; custom_margin=&#8221;||||false|false&#8221; global_colors_info=&#8221;{}&#8221;][et_pb_column type=&#8221;4_4&#8243; _builder_version=&#8221;4.27.0&#8243; _module_preset=&#8221;default&#8221; global_colors_info=&#8221;{}&#8221;][et_pb_divider divider_weight=&#8221;4px&#8221; admin_label=&#8221;Divider Gradient&#8221; _builder_version=&#8221;4.20.0&#8243; _module_preset=&#8221;default&#8221; background_color_gradient_stops=&#8221;#2b87da 0%|#00a099 100%&#8221; global_module=&#8221;12015&#8243; saved_tabs=&#8221;all&#8221; global_colors_info=&#8221;{}&#8221;][\/et_pb_divider][et_pb_text _builder_version=&#8221;4.27.0&#8243; _module_preset=&#8221;default&#8221; custom_margin=&#8221;||-100px||false|false&#8221; custom_padding=&#8221;||||false|false&#8221; global_colors_info=&#8221;{}&#8221;]<\/p>\n<h2><strong>Recruitment by mobility<\/strong><\/h2>\n<p>&nbsp;<\/p>\n<p>&nbsp;<\/p>\n<p>&nbsp;<br \/>\n[\/et_pb_text][\/et_pb_column][\/et_pb_row][et_pb_row _builder_version=&#8221;4.27.0&#8243; _module_preset=&#8221;default&#8221; custom_margin=&#8221;||||false|false&#8221; global_colors_info=&#8221;{}&#8221;][et_pb_column type=&#8221;4_4&#8243; _builder_version=&#8221;4.27.0&#8243; _module_preset=&#8221;default&#8221; global_colors_info=&#8221;{}&#8221;][et_pb_toggle title=&#8221;Recruitment of eight (8) senior technicians by mobility in the category for the performance of duties at the Management Authority of the FAMI 2030 Program | CLOSED &#8221; _builder_version=&#8221;4.27.0&#8243; _module_preset=&#8221;default&#8221; title_font=&#8221;|600|||||||&#8221; title_text_align=&#8221;left&#8221; closed_title_font=&#8221;|600|||||||&#8221; global_colors_info=&#8221;{}&#8221;]<\/p>\n<p>The Management Authority of the FAMI 2030 Program, through the General Secretariat of the Presidency of the Council of Ministers, intends to recruit eight (8) senior technicians through internal mobility. Candidates must hold a legal public employment relationship, under a public functions employment contract of indefinite duration, and possess an academic degree of bachelor\u2019s level in one of the following fields: Management, Human Resources Management, Public Administration and Management, Accounting, Economics, Law, Sociology, Social Policy\/Social Work, or International Relations. Applications must be submitted by October 25, 2023, in accordance with the provisions set forth in the <a href=\"https:\/\/www.fami2030.gov.pt\/wp-content\/uploads\/sites\/20\/2023\/10\/FAMI-AVISO-BEP-Recrutamento-de-trabalhadores-por-mobilidade.pdf\"><strong>NOTICE<\/strong><\/a>.  <strong> <\/strong>and exclusively via email at: <a href=\"mailto:mobilidades@sg.pcm.gov.pt\">mobilidades@sg.pcm.gov.pt<\/a>. For more information and\/or to apply, please visit<a href=\"https:\/\/www.bep.gov.pt\/pages\/oferta\/Oferta_Detalhes.aspx?CodOferta=114346\"> BEP \u2013 Public Employment Exchange<\/a>. <\/p>\n<p>[\/et_pb_toggle][\/et_pb_column][\/et_pb_row][\/et_pb_section][et_pb_section fb_built=&#8221;1&#8243; admin_label=&#8221;Section procedimento concursal&#8221; _builder_version=&#8221;4.27.0&#8243; _module_preset=&#8221;default&#8221; collapsed=&#8221;off&#8221; global_colors_info=&#8221;{}&#8221;][et_pb_row _builder_version=&#8221;4.27.0&#8243; _module_preset=&#8221;default&#8221; custom_margin=&#8221;||||false|false&#8221; collapsed=&#8221;off&#8221; global_colors_info=&#8221;{}&#8221;][et_pb_column type=&#8221;4_4&#8243; _builder_version=&#8221;4.27.0&#8243; _module_preset=&#8221;default&#8221; global_colors_info=&#8221;{}&#8221;][et_pb_divider divider_weight=&#8221;4px&#8221; admin_label=&#8221;Divider Gradient&#8221; _builder_version=&#8221;4.20.0&#8243; _module_preset=&#8221;default&#8221; background_color_gradient_stops=&#8221;#2b87da 0%|#00a099 100%&#8221; global_module=&#8221;12015&#8243; saved_tabs=&#8221;all&#8221; global_colors_info=&#8221;{}&#8221;][\/et_pb_divider][et_pb_text _builder_version=&#8221;4.27.0&#8243; _module_preset=&#8221;default&#8221; custom_margin=&#8221;||-100px||false|false&#8221; custom_padding=&#8221;||||false|false&#8221; global_colors_info=&#8221;{}&#8221;]<\/p>\n<h2><strong>Competitive selection procedures<\/strong><\/h2>\n<p>&nbsp;<\/p>\n<p>&nbsp;<\/p>\n<p>&nbsp;<br \/>\n[\/et_pb_text][\/et_pb_column][\/et_pb_row][et_pb_row _builder_version=&#8221;4.27.0&#8243; _module_preset=&#8221;default&#8221; collapsed=&#8221;off&#8221; global_colors_info=&#8221;{}&#8221;][et_pb_column type=&#8221;4_4&#8243; _builder_version=&#8221;4.27.0&#8243; _module_preset=&#8221;default&#8221; global_colors_info=&#8221;{}&#8221;][et_pb_text _builder_version=&#8221;4.27.0&#8243; _module_preset=&#8221;default&#8221; custom_margin=&#8221;||-120px||false|false&#8221; custom_padding=&#8221;||||false|false&#8221; global_colors_info=&#8221;{}&#8221;]<\/p>\n<h5><strong>Specific map of AD&amp;C \u2013 FAMI 2030<\/strong><\/h5>\n<p>&nbsp;<\/p>\n<p>&nbsp;<\/p>\n<p>&nbsp;<br \/>\n[\/et_pb_text][\/et_pb_column][\/et_pb_row][et_pb_row _builder_version=&#8221;4.27.0&#8243; _module_preset=&#8221;default&#8221; custom_margin=&#8221;||||false|false&#8221; global_colors_info=&#8221;{}&#8221;][et_pb_column type=&#8221;4_4&#8243; _builder_version=&#8221;4.27.0&#8243; _module_preset=&#8221;default&#8221; global_colors_info=&#8221;{}&#8221;][et_pb_toggle title=&#8221;Common Competitive Procedure for the Recruitment of Two (2) Positions in the Senior Technician Career of the Specific Staff Chart of the Agency for Development and Cohesion, I.P., to Perform Duties in FAMI 2030, under the Employment Contract in Public Functions for an Indefinite Period | CLOSED.&#8221; _builder_version=&#8221;4.27.4&#8243; _module_preset=&#8221;default&#8221; title_font=&#8221;|600|||||||&#8221; closed_title_font=&#8221;|600|||||||&#8221; global_colors_info=&#8221;{}&#8221;]<\/p>\n<p>Candidates must hold a legally established public employment relationship of indefinite duration, in accordance with paragraph 3 of Article 30 of the LTFP, and possess an academic degree at the bachelor\u2019s level in one of the following fields: Accounting, Business Communication, Law, Economics, Statistics, Management, Human Resources Management, Public Management and Administration, Computer Science, Regional and Urban Planning, Social Policy\/Social Work, Marketing and Advertising, International Relations, or Sociology.<\/p>\n<p>Applications must be submitted by November 14, 2024, in accordance with the provisions set forth in the Notice, using the offer code No. OE202410\/0776, exclusively via email at: <a href=\"mailto:rh@fami2030.gov.pt\">rh@fami2030.gov.pt<\/a>.<\/p>\n<p>Candidates who submitted applications within the application deadline previously established in Notice No. 17668\/2024\/2 may, if they so wish, submit supplementary documentation that updates or adds information deemed relevant for the evaluation of their applications.<\/p>\n<p>For more information, please consult the following documents:<\/p>\n<p>&nbsp;<\/p>\n<p>Forms<\/p>\n<p><a href=\"https:\/\/www.fami2030.gov.pt\/wp-content\/uploads\/sites\/20\/2024\/08\/ADC_FAMI2030_Form_procedimento_concursal-1.docx\" rel=\"attachment wp-att-15164\">Application form<\/a><\/p>\n<p><a href=\"https:\/\/www.fami2030.gov.pt\/wp-content\/uploads\/sites\/20\/2024\/08\/ADC_FAMI2030_Form_Audiencia_Previa.docx\" rel=\"attachment wp-att-15137\">Interested parties\u2019 hearing form<\/a><\/p>\n<p>&nbsp;<\/p>\n<p>Republication<\/p>\n<p><a href=\"https:\/\/www.fami2030.gov.pt\/wp-content\/uploads\/sites\/20\/2024\/10\/Aviso_23488_2024_2.pdf\">Notice n.\u00ba 23488\/2024\/2 &#8211; Di\u00e1rio da Rep\u00fablica n.\u00ba 206, de 23 de outubro de 2024<\/a><\/p>\n<p><a href=\"https:\/\/www.fami2030.gov.pt\/wp-content\/uploads\/sites\/20\/2024\/10\/OE202410_0776.pdf\">Offer Code: OE202410\/0776<\/a><\/p>\n<p>&nbsp;<\/p>\n<p><a href=\"https:\/\/www.fami2030.gov.pt\/wp-content\/uploads\/sites\/20\/2024\/08\/Aviso-17668.2024.2_FAMI.pdf\" rel=\"attachment wp-att-15139\">Notice (extrato) n.\u00ba 17668\/2024\/2 \u2013 Di\u00e1rio da Rep\u00fablica n.\u00ba 159, de 19 de agosto de 2024<\/a><\/p>\n<p>Offer Code: <a href=\"https:\/\/www.fami2030.gov.pt\/wp-content\/uploads\/sites\/20\/2024\/08\/OE202408_0755.pdf\" rel=\"attachment wp-att-15141\">OE202408\/0755<\/a><\/p>\n<p>&nbsp;<\/p>\n<p>Minutes<\/p>\n<p><a href=\"https:\/\/www.fami2030.gov.pt\/wp-content\/uploads\/sites\/20\/2024\/08\/FAMI-2030_Procedimento-Concursal-2024_Ata1_30072024.pdf\" rel=\"attachment wp-att-15140\">Minutes No. 1<\/a><\/p>\n<p><a href=\"https:\/\/www.fami2030.gov.pt\/wp-content\/uploads\/sites\/20\/2024\/10\/FAMI-2030_Procedimento-Concursal-2024_Ata2_07102024_signed_signed.pdf\">Minutes No. 2<\/a><\/p>\n<p><a href=\"https:\/\/www.fami2030.gov.pt\/wp-content\/uploads\/sites\/20\/2024\/12\/FAMI-2030_Procedimento-Concursal-2024_Ata3_05122024_Anexo-2_Lista-Provisoria-de-candidatos-admitidos-e-excluidos_signed_signed.pdf\" rel=\"attachment wp-att-16375\">Provisional List \u2013 Admitted and Excluded Candidates<\/a><\/p>\n<p><a href=\"https:\/\/www.fami2030.gov.pt\/wp-content\/uploads\/sites\/20\/2025\/02\/Lista-Provisoria-de-Ordenacao-Final.pdf\" rel=\"attachment wp-att-16601\">Provisional Final Ranking List<\/a><\/p>\n<p><a href=\"https:\/\/www.fami2030.gov.pt\/wp-content\/uploads\/sites\/20\/2025\/02\/Homologacao.pdf\">Final Definitive Ranking List<\/a><\/p>\n<p>[\/et_pb_toggle][\/et_pb_column][\/et_pb_row][\/et_pb_section][et_pb_section fb_built=&#8221;1&#8243; disabled_on=&#8221;on|on|on&#8221; admin_label=&#8221;Section candidatura espontanea&#8221; _builder_version=&#8221;4.27.0&#8243; _module_preset=&#8221;default&#8221; background_color=&#8221;#edf0f3&#8243; background_enable_color=&#8221;on&#8221; disabled=&#8221;on&#8221; collapsed=&#8221;on&#8221; global_colors_info=&#8221;{}&#8221;][et_pb_row _builder_version=&#8221;4.27.0&#8243; _module_preset=&#8221;default&#8221; custom_margin=&#8221;||||false|false&#8221; global_colors_info=&#8221;{}&#8221;][et_pb_column type=&#8221;4_4&#8243; _builder_version=&#8221;4.27.0&#8243; _module_preset=&#8221;default&#8221; global_colors_info=&#8221;{}&#8221;][et_pb_divider divider_weight=&#8221;4px&#8221; admin_label=&#8221;Divider Gradient&#8221; _builder_version=&#8221;4.20.0&#8243; _module_preset=&#8221;default&#8221; background_color_gradient_stops=&#8221;#2b87da 0%|#00a099 100%&#8221; global_module=&#8221;12015&#8243; saved_tabs=&#8221;all&#8221; global_colors_info=&#8221;{}&#8221;][\/et_pb_divider][et_pb_text _builder_version=&#8221;4.27.0&#8243; _module_preset=&#8221;default&#8221; custom_margin=&#8221;||-100px||false|false&#8221; custom_padding=&#8221;||||false|false&#8221; global_colors_info=&#8221;{}&#8221;]<\/p>\n<h2><strong>Unsolicited applications<\/strong><\/h2>\n<p>&nbsp;<\/p>\n<p>&nbsp;<\/p>\n<p>&nbsp;<br \/>\n[\/et_pb_text][\/et_pb_column][\/et_pb_row][et_pb_row _builder_version=&#8221;4.27.0&#8243; _module_preset=&#8221;default&#8221; custom_margin=&#8221;||||false|false&#8221; global_colors_info=&#8221;{}&#8221;][et_pb_column type=&#8221;4_4&#8243; _builder_version=&#8221;4.27.0&#8243; _module_preset=&#8221;default&#8221; global_colors_info=&#8221;{}&#8221;][et_pb_toggle title=&#8221;Please submit your application&#8221; _builder_version=&#8221;4.27.0&#8243; _module_preset=&#8221;default&#8221; title_font=&#8221;|600|||||||&#8221; closed_title_font=&#8221;|600|||||||&#8221; global_colors_info=&#8221;{}&#8221;]<\/p>\n<p>Would you like to be part of the FAMI2030 team?<\/p>\n<p>Please send your curriculum vitae to: <a href=\"mailto:rh@fami2030.gov.pt\">fami.rh@fami2030.gov.pt<\/a><\/p>\n<p>This is aimed at staff members with an existing public sector employment relationship.<\/p>\n<p>[\/et_pb_toggle][\/et_pb_column][\/et_pb_row][\/et_pb_section][et_pb_section fb_built=&#8221;1&#8243; admin_label=&#8221;Section contato&#8221; _builder_version=&#8221;4.27.0&#8243; _module_preset=&#8221;default&#8221; collapsed=&#8221;off&#8221; global_colors_info=&#8221;{}&#8221;][et_pb_row _builder_version=&#8221;4.27.0&#8243; _module_preset=&#8221;default&#8221; custom_margin=&#8221;||||false|false&#8221; hover_transition_duration=&#8221;0ms&#8221; collapsed=&#8221;off&#8221; global_colors_info=&#8221;{}&#8221;][et_pb_column type=&#8221;4_4&#8243; _builder_version=&#8221;4.27.0&#8243; _module_preset=&#8221;default&#8221; global_colors_info=&#8221;{}&#8221;][et_pb_divider divider_weight=&#8221;4px&#8221; admin_label=&#8221;Divider Gradient&#8221; _builder_version=&#8221;4.20.0&#8243; _module_preset=&#8221;default&#8221; background_color_gradient_stops=&#8221;#2b87da 0%|#00a099 100%&#8221; global_module=&#8221;12015&#8243; saved_tabs=&#8221;all&#8221; global_colors_info=&#8221;{}&#8221;][\/et_pb_divider][et_pb_cta title=&#8221;Any questions regarding recruitment?&#8221; button_url=&#8221;mailto:RH@fami2030.gov.pt&#8221; button_text=&#8221;Contact&#8221; _builder_version=&#8221;4.27.4&#8243; _module_preset=&#8221;default&#8221; header_level=&#8221;h4&#8243; header_text_align=&#8221;center&#8221; header_line_height=&#8221;2.2em&#8221; body_font=&#8221;||||||||&#8221; body_text_align=&#8221;center&#8221; button_alignment=&#8221;center&#8221; hover_enabled=&#8221;0&#8243; global_colors_info=&#8221;{}&#8221; sticky_enabled=&#8221;0&#8243;]<\/p>\n<p>For any recruitment inquiries, please contact us via email at <a href=\"mailto:RH@fami2030.gov.pt\">rh@fami2030.gov.pt<\/a> or through the link provided below.<\/p>\n<p>[\/et_pb_cta][\/et_pb_column][\/et_pb_row][\/et_pb_section]<\/p>\n","protected":false},"excerpt":{"rendered":"<p>Recruitment by mobility &nbsp; &nbsp; &nbsp; The Management Authority of the FAMI 2030 Program, through the General Secretariat of the Presidency of the Council of Ministers, intends to recruit eight (8) senior technicians through internal mobility. Candidates must hold a legal public employment relationship, under a public functions employment contract of indefinite duration, and possess [&hellip;]<\/p>\n","protected":false},"author":65,"featured_media":0,"parent":0,"menu_order":0,"comment_status":"closed","ping_status":"closed","template":"","meta":{"_acf_changed":false,"_et_pb_use_builder":"on","_et_pb_old_content":"","_et_gb_content_width":"","_crosspost_to_3":false,"_crosspost_to_10":false,"_crosspost_to_13":false,"_crosspost_to_14":false,"_crosspost_to_15":false,"_crosspost_to_16":false,"_crosspost_to_17":false,"_crosspost_to_18":false,"_crosspost_to_19":false,"iawp_total_views":28,"footnotes":""},"class_list":["post-17991","page","type-page","status-publish","hentry"],"acf":[],"yoast_head":"<!-- This site is optimized with the Yoast SEO plugin v27.4 - https:\/\/yoast.com\/product\/yoast-seo-wordpress\/ -->\n<title>Recruitment - Programa FAMI \u2013 Fundo para o Asilo, a Migra\u00e7\u00e3o e a Integra\u00e7\u00e3o<\/title>\n<meta name=\"robots\" content=\"index, follow, max-snippet:-1, max-image-preview:large, max-video-preview:-1\" \/>\n<link rel=\"canonical\" href=\"https:\/\/www.fami2030.gov.pt\/en\/recruitment\/\" \/>\n<meta property=\"og:locale\" content=\"en_US\" \/>\n<meta property=\"og:type\" content=\"article\" \/>\n<meta property=\"og:title\" content=\"Recruitment - Programa FAMI \u2013 Fundo para o Asilo, a Migra\u00e7\u00e3o e a Integra\u00e7\u00e3o\" \/>\n<meta property=\"og:description\" content=\"Recruitment by mobility &nbsp; &nbsp; &nbsp; The Management Authority of the FAMI 2030 Program, through the General Secretariat of the Presidency of the Council of Ministers, intends to recruit eight (8) senior technicians through internal mobility. Candidates must hold a legal public employment relationship, under a public functions employment contract of indefinite duration, and possess [&hellip;]\" \/>\n<meta property=\"og:url\" content=\"https:\/\/www.fami2030.gov.pt\/en\/recruitment\/\" \/>\n<meta property=\"og:site_name\" content=\"Programa FAMI \u2013 Fundo para o Asilo, a Migra\u00e7\u00e3o e a Integra\u00e7\u00e3o\" \/>\n<meta property=\"article:modified_time\" content=\"2025-07-28T17:01:07+00:00\" \/>\n<meta name=\"twitter:card\" content=\"summary_large_image\" \/>\n<meta name=\"twitter:label1\" content=\"Est. reading time\" \/>\n\t<meta name=\"twitter:data1\" content=\"6 minutes\" \/>\n<script type=\"application\/ld+json\" class=\"yoast-schema-graph\">{\"@context\":\"https:\\\/\\\/schema.org\",\"@graph\":[{\"@type\":\"WebPage\",\"@id\":\"https:\\\/\\\/www.fami2030.gov.pt\\\/en\\\/recruitment\\\/\",\"url\":\"https:\\\/\\\/www.fami2030.gov.pt\\\/en\\\/recruitment\\\/\",\"name\":\"Recruitment - Programa FAMI \u2013 Fundo para o Asilo, a Migra\u00e7\u00e3o e a Integra\u00e7\u00e3o\",\"isPartOf\":{\"@id\":\"https:\\\/\\\/www.fami2030.gov.pt\\\/#website\"},\"datePublished\":\"2024-08-05T10:42:38+00:00\",\"dateModified\":\"2025-07-28T17:01:07+00:00\",\"breadcrumb\":{\"@id\":\"https:\\\/\\\/www.fami2030.gov.pt\\\/en\\\/recruitment\\\/#breadcrumb\"},\"inLanguage\":\"en-US\",\"potentialAction\":[{\"@type\":\"ReadAction\",\"target\":[\"https:\\\/\\\/www.fami2030.gov.pt\\\/en\\\/recruitment\\\/\"]}]},{\"@type\":\"BreadcrumbList\",\"@id\":\"https:\\\/\\\/www.fami2030.gov.pt\\\/en\\\/recruitment\\\/#breadcrumb\",\"itemListElement\":[{\"@type\":\"ListItem\",\"position\":1,\"name\":\"In\u00edcio\",\"item\":\"https:\\\/\\\/www.fami2030.gov.pt\\\/en\\\/\"},{\"@type\":\"ListItem\",\"position\":2,\"name\":\"Recruitment\"}]},{\"@type\":\"WebSite\",\"@id\":\"https:\\\/\\\/www.fami2030.gov.pt\\\/#website\",\"url\":\"https:\\\/\\\/www.fami2030.gov.pt\\\/\",\"name\":\"Programa FAMI \u2013 Fundo para o Asilo, a Migra\u00e7\u00e3o e a Integra\u00e7\u00e3o\",\"description\":\"\",\"potentialAction\":[{\"@type\":\"SearchAction\",\"target\":{\"@type\":\"EntryPoint\",\"urlTemplate\":\"https:\\\/\\\/www.fami2030.gov.pt\\\/?s={search_term_string}\"},\"query-input\":{\"@type\":\"PropertyValueSpecification\",\"valueRequired\":true,\"valueName\":\"search_term_string\"}}],\"inLanguage\":\"en-US\"}]}<\/script>\n<!-- \/ Yoast SEO plugin. -->","yoast_head_json":{"title":"Recruitment - Programa FAMI \u2013 Fundo para o Asilo, a Migra\u00e7\u00e3o e a Integra\u00e7\u00e3o","robots":{"index":"index","follow":"follow","max-snippet":"max-snippet:-1","max-image-preview":"max-image-preview:large","max-video-preview":"max-video-preview:-1"},"canonical":"https:\/\/www.fami2030.gov.pt\/en\/recruitment\/","og_locale":"en_US","og_type":"article","og_title":"Recruitment - Programa FAMI \u2013 Fundo para o Asilo, a Migra\u00e7\u00e3o e a Integra\u00e7\u00e3o","og_description":"Recruitment by mobility &nbsp; &nbsp; &nbsp; The Management Authority of the FAMI 2030 Program, through the General Secretariat of the Presidency of the Council of Ministers, intends to recruit eight (8) senior technicians through internal mobility. Candidates must hold a legal public employment relationship, under a public functions employment contract of indefinite duration, and possess [&hellip;]","og_url":"https:\/\/www.fami2030.gov.pt\/en\/recruitment\/","og_site_name":"Programa FAMI \u2013 Fundo para o Asilo, a Migra\u00e7\u00e3o e a Integra\u00e7\u00e3o","article_modified_time":"2025-07-28T17:01:07+00:00","twitter_card":"summary_large_image","twitter_misc":{"Est. reading time":"6 minutes"},"schema":{"@context":"https:\/\/schema.org","@graph":[{"@type":"WebPage","@id":"https:\/\/www.fami2030.gov.pt\/en\/recruitment\/","url":"https:\/\/www.fami2030.gov.pt\/en\/recruitment\/","name":"Recruitment - Programa FAMI \u2013 Fundo para o Asilo, a Migra\u00e7\u00e3o e a Integra\u00e7\u00e3o","isPartOf":{"@id":"https:\/\/www.fami2030.gov.pt\/#website"},"datePublished":"2024-08-05T10:42:38+00:00","dateModified":"2025-07-28T17:01:07+00:00","breadcrumb":{"@id":"https:\/\/www.fami2030.gov.pt\/en\/recruitment\/#breadcrumb"},"inLanguage":"en-US","potentialAction":[{"@type":"ReadAction","target":["https:\/\/www.fami2030.gov.pt\/en\/recruitment\/"]}]},{"@type":"BreadcrumbList","@id":"https:\/\/www.fami2030.gov.pt\/en\/recruitment\/#breadcrumb","itemListElement":[{"@type":"ListItem","position":1,"name":"In\u00edcio","item":"https:\/\/www.fami2030.gov.pt\/en\/"},{"@type":"ListItem","position":2,"name":"Recruitment"}]},{"@type":"WebSite","@id":"https:\/\/www.fami2030.gov.pt\/#website","url":"https:\/\/www.fami2030.gov.pt\/","name":"Programa FAMI \u2013 Fundo para o Asilo, a Migra\u00e7\u00e3o e a Integra\u00e7\u00e3o","description":"","potentialAction":[{"@type":"SearchAction","target":{"@type":"EntryPoint","urlTemplate":"https:\/\/www.fami2030.gov.pt\/?s={search_term_string}"},"query-input":{"@type":"PropertyValueSpecification","valueRequired":true,"valueName":"search_term_string"}}],"inLanguage":"en-US"}]}},"_links":{"self":[{"href":"https:\/\/www.fami2030.gov.pt\/en\/wp-json\/wp\/v2\/pages\/17991","targetHints":{"allow":["GET"]}}],"collection":[{"href":"https:\/\/www.fami2030.gov.pt\/en\/wp-json\/wp\/v2\/pages"}],"about":[{"href":"https:\/\/www.fami2030.gov.pt\/en\/wp-json\/wp\/v2\/types\/page"}],"author":[{"embeddable":true,"href":"https:\/\/www.fami2030.gov.pt\/en\/wp-json\/wp\/v2\/users\/65"}],"replies":[{"embeddable":true,"href":"https:\/\/www.fami2030.gov.pt\/en\/wp-json\/wp\/v2\/comments?post=17991"}],"version-history":[{"count":2,"href":"https:\/\/www.fami2030.gov.pt\/en\/wp-json\/wp\/v2\/pages\/17991\/revisions"}],"predecessor-version":[{"id":17993,"href":"https:\/\/www.fami2030.gov.pt\/en\/wp-json\/wp\/v2\/pages\/17991\/revisions\/17993"}],"wp:attachment":[{"href":"https:\/\/www.fami2030.gov.pt\/en\/wp-json\/wp\/v2\/media?parent=17991"}],"curies":[{"name":"wp","href":"https:\/\/api.w.org\/{rel}","templated":true}]}}